{"id":4218,"date":"2018-02-15T12:44:43","date_gmt":"2018-02-15T11:44:43","guid":{"rendered":"https:\/\/www.vivez-nature.com\/lyon\/?page_id=4218"},"modified":"2026-03-10T15:33:02","modified_gmt":"2026-03-10T14:33:02","slug":"contact","status":"publish","type":"page","link":"http:\/\/www.salon-zenetbio.com\/lyon\/infos-pratiques\/contact\/","title":{"rendered":"Contact"},"content":{"rendered":"<h2>Une \u00e9quipe \u00e0 votre \u00e9coute pour r\u00e9pondre \u00e0 vos demandes<\/h2>\n<p>Spas Organisation est le plus grand organisateur en France de Salons grand public et professionnel d\u00e9di\u00e9s au Bien-\u00eatre, au Bio, \u00e0 la Sant\u00e9 au naturel et au D\u00e9veloppement Durable.<\/p>\n<p>Notre Savoir-Faire historique : Se faire rencontrer fournisseurs et acheteurs du \u00ab Vivre Autrement \u00bb par l\u2019organisation d\u2019\u00e9v\u00e8nements de proximit\u00e9 gr\u00e2ce \u00e0 une strat\u00e9gie de lieu et une offre sp\u00e9cifique, depuis plus de 30 ans<\/p>\n<p>Pour nous joindre au t\u00e9l\u00e9phone, un seul num\u00e9ro : +33 (1) 45 56 09 09<\/p>\n<hr \/>\n<h3><strong>CONTACT VISITEUR<\/strong><\/h3>\n<p><a href=\"mailto:visiteur@salon-zenetbio.com\">visiteur@salon-zenetbio.com<\/a><\/p>\n<p>&nbsp;<\/p>\n<h3><strong>CONTACTS EXPOSANTS \/ CONF\u00c9RENCES<\/strong><\/h3>\n<p><a href=\"mailto:exposant@salon-zenetbio.com\"><em>exposant@salon-zenetbio.com<\/em><\/a><\/p>\n<p><strong>Chef de projets salons<\/strong><br \/>\nBenjamin COSTIOU<br \/>\n<em>01.77.37.63.38<\/em><br \/>\n<em><a href=\"mailto:bcostiou@spas-expo.com\" target=\"_blank\" rel=\"noopener\">bcostiou@spas-expo.com<\/a><\/em><\/p>\n<p><strong>Attach\u00e9 commercial<br \/>\n<\/strong><span class=\"tinyMceForeColor\">S\u00e9verin RIBEIRO<\/span><br \/>\n<em>01.77.37.63.44<\/em><br \/>\n<em><a href=\"mailto:sribeiro@spas-expo.com\" target=\"_blank\" rel=\"noopener\">sribeiro@spas-expo.com<\/a><\/em><\/p>\n<p><strong>Attach\u00e9 commercial<br \/>\n<\/strong><span class=\"tinyMceForeColor\">Antoine ROULIN<\/span><br \/>\n<em>01.77.37.66.04<\/em><br \/>\n<em><a href=\"mailto:aroulin@spas-expo.com\" target=\"_blank\" rel=\"noopener\">aroulin@spas-expo.com<\/a><\/em><\/p>\n<h2>CONTACT COMMUNICATION<\/h2>\n<p><strong>Responsable communication<\/strong><br \/>\nH\u00e9lo\u00efse SALGUES<br \/>\n01.77.37.63.55<br \/>\n<a href=\"mailto:hsalgues@spas-expo.com\">hsalgues@spas-expo.com<\/a><\/p>\n<h3><strong>CONTACT PRESSE<\/strong><\/h3>\n<p><strong>Neeliara Communication &amp; Relation M\u00e9dia<br \/>\n<\/strong>1 rue St\u00e9phenson 44000 Nantes<br \/>\n<em>Violaine MARIN :\u00a0<\/em><em><a href=\"mailto:violainemarin.neeliara@gmail.com\">violainemarin.neeliara@gmail.com<\/a>\u00a0\u2013 06 22 82 27 44<\/em><\/p>\n","protected":false},"excerpt":{"rendered":"<p>Une \u00e9quipe \u00e0 votre \u00e9coute pour r\u00e9pondre \u00e0 vos demandes Spas Organisation est le plus grand organisateur en France de Salons grand public et professionnel d\u00e9di\u00e9s au Bien-\u00eatre, au Bio, \u00e0 la Sant\u00e9 au naturel et au D\u00e9veloppement Durable. Notre Savoir-Faire historique : Se faire rencontrer fournisseurs et acheteurs du \u00ab Vivre Autrement \u00bb par&hellip; <\/p>\n","protected":false},"author":1,"featured_media":0,"parent":2094,"menu_order":4,"comment_status":"closed","ping_status":"closed","template":"","meta":{"_monsterinsights_skip_tracking":false,"_monsterinsights_sitenote_active":false,"_monsterinsights_sitenote_note":"","_monsterinsights_sitenote_category":0,"footnotes":""},"class_list":["post-4218","page","type-page","status-publish","hentry"],"yoast_head":"<!-- This site is optimized with the Yoast SEO plugin v27.3 - https:\/\/yoast.com\/product\/yoast-seo-wordpress\/ -->\n<title>Contact - Salon Zen&amp;Bio Lyon<\/title>\n<meta name=\"robots\" content=\"index, follow, max-snippet:-1, max-image-preview:large, max-video-preview:-1\" \/>\n<link rel=\"canonical\" href=\"https:\/\/www.salon-zenetbio.com\/lyon\/infos-pratiques\/contact\/\" \/>\n<meta property=\"og:locale\" content=\"fr_FR\" \/>\n<meta property=\"og:type\" content=\"article\" \/>\n<meta property=\"og:title\" content=\"Contact - Salon Zen&amp;Bio Lyon\" \/>\n<meta property=\"og:description\" content=\"Une \u00e9quipe \u00e0 votre \u00e9coute pour r\u00e9pondre \u00e0 vos demandes Spas Organisation est le plus grand organisateur en France de Salons grand public et professionnel d\u00e9di\u00e9s au Bien-\u00eatre, au Bio, \u00e0 la Sant\u00e9 au naturel et au D\u00e9veloppement Durable. Notre Savoir-Faire historique : Se faire rencontrer fournisseurs et acheteurs du \u00ab Vivre Autrement \u00bb par&hellip;\" \/>\n<meta property=\"og:url\" content=\"https:\/\/www.salon-zenetbio.com\/lyon\/infos-pratiques\/contact\/\" \/>\n<meta property=\"og:site_name\" content=\"Salon Zen&amp;Bio Lyon\" \/>\n<meta property=\"article:modified_time\" content=\"2026-03-10T14:33:02+00:00\" \/>\n<meta name=\"twitter:card\" content=\"summary_large_image\" \/>\n<meta name=\"twitter:label1\" content=\"Dur\u00e9e de lecture estim\u00e9e\" \/>\n\t<meta name=\"twitter:data1\" content=\"1 minute\" \/>\n<script type=\"application\/ld+json\" class=\"yoast-schema-graph\">{\"@context\":\"https:\\\/\\\/schema.org\",\"@graph\":[{\"@type\":\"WebPage\",\"@id\":\"https:\\\/\\\/www.salon-zenetbio.com\\\/lyon\\\/infos-pratiques\\\/contact\\\/\",\"url\":\"https:\\\/\\\/www.salon-zenetbio.com\\\/lyon\\\/infos-pratiques\\\/contact\\\/\",\"name\":\"Contact - Salon Zen&amp;Bio Lyon\",\"isPartOf\":{\"@id\":\"http:\\\/\\\/www.salon-zenetbio.com\\\/lyon\\\/#website\"},\"datePublished\":\"2018-02-15T11:44:43+00:00\",\"dateModified\":\"2026-03-10T14:33:02+00:00\",\"breadcrumb\":{\"@id\":\"https:\\\/\\\/www.salon-zenetbio.com\\\/lyon\\\/infos-pratiques\\\/contact\\\/#breadcrumb\"},\"inLanguage\":\"fr-FR\",\"potentialAction\":[{\"@type\":\"ReadAction\",\"target\":[\"https:\\\/\\\/www.salon-zenetbio.com\\\/lyon\\\/infos-pratiques\\\/contact\\\/\"]}]},{\"@type\":\"BreadcrumbList\",\"@id\":\"https:\\\/\\\/www.salon-zenetbio.com\\\/lyon\\\/infos-pratiques\\\/contact\\\/#breadcrumb\",\"itemListElement\":[{\"@type\":\"ListItem\",\"position\":1,\"name\":\"Accueil\",\"item\":\"http:\\\/\\\/www.salon-zenetbio.com\\\/lyon\\\/\"},{\"@type\":\"ListItem\",\"position\":2,\"name\":\"Infos pratiques\",\"item\":\"https:\\\/\\\/www.salon-zenetbio.com\\\/lyon\\\/infos-pratiques\\\/\"},{\"@type\":\"ListItem\",\"position\":3,\"name\":\"Contact\"}]},{\"@type\":\"WebSite\",\"@id\":\"http:\\\/\\\/www.salon-zenetbio.com\\\/lyon\\\/#website\",\"url\":\"http:\\\/\\\/www.salon-zenetbio.com\\\/lyon\\\/\",\"name\":\"Salon Zen&amp;Bio Lyon\",\"description\":\"salon Zen&amp;Bio Lyon : votre salon \u00e9colo, bio, bien-\u00eatre et habitat sain\",\"publisher\":{\"@id\":\"http:\\\/\\\/www.salon-zenetbio.com\\\/lyon\\\/#organization\"},\"potentialAction\":[{\"@type\":\"SearchAction\",\"target\":{\"@type\":\"EntryPoint\",\"urlTemplate\":\"http:\\\/\\\/www.salon-zenetbio.com\\\/lyon\\\/?s={search_term_string}\"},\"query-input\":{\"@type\":\"PropertyValueSpecification\",\"valueRequired\":true,\"valueName\":\"search_term_string\"}}],\"inLanguage\":\"fr-FR\"},{\"@type\":\"Organization\",\"@id\":\"http:\\\/\\\/www.salon-zenetbio.com\\\/lyon\\\/#organization\",\"name\":\"Salon Zen&amp;Bio Lyon\",\"url\":\"http:\\\/\\\/www.salon-zenetbio.com\\\/lyon\\\/\",\"logo\":{\"@type\":\"ImageObject\",\"inLanguage\":\"fr-FR\",\"@id\":\"http:\\\/\\\/www.salon-zenetbio.com\\\/lyon\\\/#\\\/schema\\\/logo\\\/image\\\/\",\"url\":\"http:\\\/\\\/www.salon-zenetbio.com\\\/lyon\\\/wp-content\\\/uploads\\\/sites\\\/12\\\/2026\\\/03\\\/cropped-Logo-ZEN-et-BIO-lyon-2026-1.png\",\"contentUrl\":\"http:\\\/\\\/www.salon-zenetbio.com\\\/lyon\\\/wp-content\\\/uploads\\\/sites\\\/12\\\/2026\\\/03\\\/cropped-Logo-ZEN-et-BIO-lyon-2026-1.png\",\"width\":921,\"height\":255,\"caption\":\"Salon Zen&amp;Bio Lyon\"},\"image\":{\"@id\":\"http:\\\/\\\/www.salon-zenetbio.com\\\/lyon\\\/#\\\/schema\\\/logo\\\/image\\\/\"}}]}<\/script>\n<!-- \/ Yoast SEO plugin. -->","yoast_head_json":{"title":"Contact - Salon Zen&amp;Bio Lyon","robots":{"index":"index","follow":"follow","max-snippet":"max-snippet:-1","max-image-preview":"max-image-preview:large","max-video-preview":"max-video-preview:-1"},"canonical":"https:\/\/www.salon-zenetbio.com\/lyon\/infos-pratiques\/contact\/","og_locale":"fr_FR","og_type":"article","og_title":"Contact - Salon Zen&amp;Bio Lyon","og_description":"Une \u00e9quipe \u00e0 votre \u00e9coute pour r\u00e9pondre \u00e0 vos demandes Spas Organisation est le plus grand organisateur en France de Salons grand public et professionnel d\u00e9di\u00e9s au Bien-\u00eatre, au Bio, \u00e0 la Sant\u00e9 au naturel et au D\u00e9veloppement Durable. Notre Savoir-Faire historique : Se faire rencontrer fournisseurs et acheteurs du \u00ab Vivre Autrement \u00bb par&hellip;","og_url":"https:\/\/www.salon-zenetbio.com\/lyon\/infos-pratiques\/contact\/","og_site_name":"Salon Zen&amp;Bio Lyon","article_modified_time":"2026-03-10T14:33:02+00:00","twitter_card":"summary_large_image","twitter_misc":{"Dur\u00e9e de lecture estim\u00e9e":"1 minute"},"schema":{"@context":"https:\/\/schema.org","@graph":[{"@type":"WebPage","@id":"https:\/\/www.salon-zenetbio.com\/lyon\/infos-pratiques\/contact\/","url":"https:\/\/www.salon-zenetbio.com\/lyon\/infos-pratiques\/contact\/","name":"Contact - Salon Zen&amp;Bio Lyon","isPartOf":{"@id":"http:\/\/www.salon-zenetbio.com\/lyon\/#website"},"datePublished":"2018-02-15T11:44:43+00:00","dateModified":"2026-03-10T14:33:02+00:00","breadcrumb":{"@id":"https:\/\/www.salon-zenetbio.com\/lyon\/infos-pratiques\/contact\/#breadcrumb"},"inLanguage":"fr-FR","potentialAction":[{"@type":"ReadAction","target":["https:\/\/www.salon-zenetbio.com\/lyon\/infos-pratiques\/contact\/"]}]},{"@type":"BreadcrumbList","@id":"https:\/\/www.salon-zenetbio.com\/lyon\/infos-pratiques\/contact\/#breadcrumb","itemListElement":[{"@type":"ListItem","position":1,"name":"Accueil","item":"http:\/\/www.salon-zenetbio.com\/lyon\/"},{"@type":"ListItem","position":2,"name":"Infos pratiques","item":"https:\/\/www.salon-zenetbio.com\/lyon\/infos-pratiques\/"},{"@type":"ListItem","position":3,"name":"Contact"}]},{"@type":"WebSite","@id":"http:\/\/www.salon-zenetbio.com\/lyon\/#website","url":"http:\/\/www.salon-zenetbio.com\/lyon\/","name":"Salon Zen&amp;Bio Lyon","description":"salon Zen&amp;Bio Lyon : votre salon \u00e9colo, bio, bien-\u00eatre et habitat sain","publisher":{"@id":"http:\/\/www.salon-zenetbio.com\/lyon\/#organization"},"potentialAction":[{"@type":"SearchAction","target":{"@type":"EntryPoint","urlTemplate":"http:\/\/www.salon-zenetbio.com\/lyon\/?s={search_term_string}"},"query-input":{"@type":"PropertyValueSpecification","valueRequired":true,"valueName":"search_term_string"}}],"inLanguage":"fr-FR"},{"@type":"Organization","@id":"http:\/\/www.salon-zenetbio.com\/lyon\/#organization","name":"Salon Zen&amp;Bio Lyon","url":"http:\/\/www.salon-zenetbio.com\/lyon\/","logo":{"@type":"ImageObject","inLanguage":"fr-FR","@id":"http:\/\/www.salon-zenetbio.com\/lyon\/#\/schema\/logo\/image\/","url":"http:\/\/www.salon-zenetbio.com\/lyon\/wp-content\/uploads\/sites\/12\/2026\/03\/cropped-Logo-ZEN-et-BIO-lyon-2026-1.png","contentUrl":"http:\/\/www.salon-zenetbio.com\/lyon\/wp-content\/uploads\/sites\/12\/2026\/03\/cropped-Logo-ZEN-et-BIO-lyon-2026-1.png","width":921,"height":255,"caption":"Salon Zen&amp;Bio Lyon"},"image":{"@id":"http:\/\/www.salon-zenetbio.com\/lyon\/#\/schema\/logo\/image\/"}}]}},"_links":{"self":[{"href":"http:\/\/www.salon-zenetbio.com\/lyon\/wp-json\/wp\/v2\/pages\/4218","targetHints":{"allow":["GET"]}}],"collection":[{"href":"http:\/\/www.salon-zenetbio.com\/lyon\/wp-json\/wp\/v2\/pages"}],"about":[{"href":"http:\/\/www.salon-zenetbio.com\/lyon\/wp-json\/wp\/v2\/types\/page"}],"author":[{"embeddable":true,"href":"http:\/\/www.salon-zenetbio.com\/lyon\/wp-json\/wp\/v2\/users\/1"}],"replies":[{"embeddable":true,"href":"http:\/\/www.salon-zenetbio.com\/lyon\/wp-json\/wp\/v2\/comments?post=4218"}],"version-history":[{"count":14,"href":"http:\/\/www.salon-zenetbio.com\/lyon\/wp-json\/wp\/v2\/pages\/4218\/revisions"}],"predecessor-version":[{"id":12967,"href":"http:\/\/www.salon-zenetbio.com\/lyon\/wp-json\/wp\/v2\/pages\/4218\/revisions\/12967"}],"up":[{"embeddable":true,"href":"http:\/\/www.salon-zenetbio.com\/lyon\/wp-json\/wp\/v2\/pages\/2094"}],"wp:attachment":[{"href":"http:\/\/www.salon-zenetbio.com\/lyon\/wp-json\/wp\/v2\/media?parent=4218"}],"curies":[{"name":"wp","href":"https:\/\/api.w.org\/{rel}","templated":true}]}}