{"id":6038,"date":"2018-03-26T16:18:46","date_gmt":"2018-03-26T14:18:46","guid":{"rendered":"http:\/\/www.salon-zenetbio.com\/nantes\/?page_id=6038"},"modified":"2018-07-31T12:25:25","modified_gmt":"2018-07-31T10:25:25","slug":"nantes-conferences-experts-2017","status":"publish","type":"page","link":"http:\/\/www.salon-zenetbio.com\/nantes\/conferences-experts\/nantes-conferences-experts-2017\/","title":{"rendered":"Nantes &#8211; Conf\u00e9rences experts 2017"},"content":{"rendered":"<p>&nbsp;<\/p>\n<p><strong>Vendredi 6 octobre 2017<\/strong><\/p>\n<h2><strong>12:00 Transformer son alimentation en conscience \u2013 Lilou Mac\u00e9 <\/strong><\/h2>\n<p>Changez de routine alimentaire et activez vos sens et le plaisir de manger sans culpabilit\u00e9 pour retrouver votre coh\u00e9rence alimentaire et\u00a0<strong>exp\u00e9rimenter au quotidien plus de libert\u00e9, d\u2019\u00e9nergie et de s\u00e9r\u00e9nit\u00e9<\/strong>. Cette approche douce et ludique, adapt\u00e9e <strong>pour tout type de mode alimentaire\u00a0<\/strong>vous permettra de cr\u00e9er votre m\u00e9thode et de retrouver une coh\u00e9rence alimentaire, en lien direct avec la terre et les \u00e9l\u00e9ments de la nature. En changeant votre regard sur votre alimentation vous r\u00e9inventez votre fa\u00e7on de manger, vos choix, votre mani\u00e8re de consommer et de vivre votre quotidien. Vous devenez des acteurs conscients et inspirants.<\/p>\n<p>&nbsp;<\/p>\n<p><strong><em><img fetchpriority=\"high\" decoding=\"async\" class=\" wp-image-4006 alignleft\" src=\"http:\/\/www.salon-zenetbio.com\/nantes\/wp-content\/uploads\/sites\/7\/2017\/06\/Lilou-Mac\u00e9.png\" alt=\"\" width=\"190\" height=\"286\" srcset=\"http:\/\/www.salon-zenetbio.com\/nantes\/wp-content\/uploads\/sites\/7\/2017\/06\/Lilou-Mac\u00e9.png 225w, http:\/\/www.salon-zenetbio.com\/nantes\/wp-content\/uploads\/sites\/7\/2017\/06\/Lilou-Mac\u00e9-199x300.png 199w, http:\/\/www.salon-zenetbio.com\/nantes\/wp-content\/uploads\/sites\/7\/2017\/06\/Lilou-Mac\u00e9-150x226.png 150w\" sizes=\"(max-width: 190px) 100vw, 190px\" \/>Lilou Mac\u00e9,<\/em><\/strong><em> auteure et vid\u00e9o blogueuse influente est \u00e0 l\u2019origine de nombreux reportages et blogs vid\u00e9o, livres, sites Internet et t\u00e9moignages relatifs \u00e0 l&rsquo;\u00e9veil des consciences et au d\u00e9veloppement personnel. Ses Web Tv (<\/em><a href=\"http:\/\/www.lateledelilou.com\"><em>www.lateledelilou.com<\/em><\/a><em> en fran\u00e7ais et <\/em><a href=\"http:\/\/www.liloumace.com\"><em>www.liloumace.com<\/em><\/a><em> en anglais) sont devenues une r\u00e9f\u00e9rence internationale du net.<\/em><\/p>\n<p>Depuis 10 ans, investie avec coeur et passion dans sa mission de vie, elle parcours la plan\u00e8te et interviewe des centaines d&rsquo;auteurs, entrepreneurs, scientifiques, artistes.<\/p>\n<p>&nbsp;<\/p>\n<p>&nbsp;<\/p>\n<h2><strong>16:30 Dynamiser votre sant\u00e9 gr\u00e2ce \u00e0 l\u2019alimentation Pal\u00e9o \u2013 Wilfried Launay &amp; Blandine Basl\u00e9<\/strong><\/h2>\n<p>Pourquoi \u00eates-vous malade ? Pourquoi faut-il faire exactement l\u2019inverse de ce que pr\u00e9conise le Programme National Nutrition Sant\u00e9 pour rester en bonne sant\u00e9 ? Gr\u00e2ce aux derni\u00e8res avanc\u00e9es scientifiques sur l&rsquo;Alimentation Pal\u00e9o, d\u00e9couvrez comment votre alimentation peut accro\u00eetre votre vitalit\u00e9 et votre r\u00e9sistance aux maladies de civilisation tout en continuant \u00e0 vous faire plaisir et sans vous d\u00e9-sociabiliser !<\/p>\n<p>&nbsp;<\/p>\n<p><strong><em><img decoding=\"async\" class=\" wp-image-4019 alignleft\" src=\"http:\/\/www.salon-zenetbio.com\/nantes\/wp-content\/uploads\/sites\/7\/2017\/06\/Capture-d\u2019\u00e9cran-2017-07-06-\u00e0-12.10.33.png\" alt=\"\" width=\"285\" height=\"162\" srcset=\"http:\/\/www.salon-zenetbio.com\/nantes\/wp-content\/uploads\/sites\/7\/2017\/06\/Capture-d\u2019\u00e9cran-2017-07-06-\u00e0-12.10.33.png 276w, http:\/\/www.salon-zenetbio.com\/nantes\/wp-content\/uploads\/sites\/7\/2017\/06\/Capture-d\u2019\u00e9cran-2017-07-06-\u00e0-12.10.33-150x85.png 150w\" sizes=\"(max-width: 285px) 100vw, 285px\" \/>Blandine et Wilfried<\/em><\/strong><em> sont deux Nantais passionn\u00e9s par la nutrition, le sport et la sant\u00e9. Ils sont auteurs et conf\u00e9renciers sp\u00e9cialistes du Mod\u00e8le Pal\u00e9o depuis plusieurs ann\u00e9es. Ils sont cr\u00e9ateurs du site <a href=\"http:\/\/www.bmoove.com\">BMoove.com<\/a> et de la plus grande communaut\u00e9 Pal\u00e9o francophone PALEO FRANCE o\u00f9 ils partagent leurs connaissances et leurs exp\u00e9riences du mode de vie Pal\u00e9o. Wilfried dirige aujourd&rsquo;hui plusieurs programmes de coaching autour du Mod\u00e8le Pal\u00e9o et, en 2016, Blandine a publi\u00e9 le livre \u00a0\u00bb\u00a0Pal\u00e9o ! Les 125 recettes faciles et gourmandes de Blandine\u00a0\u00a0\u00bb aux \u00e9ditions Rustica.<\/em><\/p>\n<p>&nbsp;<\/p>\n<p><strong>Samedi 7 octobre 2017<\/strong><\/p>\n<h2><strong>12:00 <\/strong><strong>Naturopathie, pr\u00e9vention sant\u00e9 \u2013 Laurence Monce et Christophe Cannaud<\/strong><strong>\u00a0<\/strong><\/h2>\n<p><em>Cette conf\u00e9rence est organis\u00e9e par les \u00e9ditions Le Dunod &#8211; <\/em><a href=\"http:\/\/www.dunod.com\"><em>www.dunod.com<\/em><\/a><\/p>\n<p><img decoding=\"async\" class=\"alignnone size-full wp-image-4014\" src=\"http:\/\/www.salon-zenetbio.com\/nantes\/wp-content\/uploads\/sites\/7\/2017\/06\/Dunod.png\" alt=\"\" width=\"113\" height=\"113\" srcset=\"http:\/\/www.salon-zenetbio.com\/nantes\/wp-content\/uploads\/sites\/7\/2017\/06\/Dunod.png 113w, http:\/\/www.salon-zenetbio.com\/nantes\/wp-content\/uploads\/sites\/7\/2017\/06\/Dunod-45x45.png 45w\" sizes=\"(max-width: 113px) 100vw, 113px\" \/><\/p>\n<p>Sur la route de la vie, il vaut mieux pr\u00e9venir que gu\u00e9rir. Durant cette conf\u00e9rence, Laurence Monce et Christophe Cannaud racontent la naturopathie, v\u00e9ritable solution pr\u00e9ventive pour une bonne sant\u00e9 et une hygi\u00e8ne alimentaire physique et psycho-\u00e9motionnelle. De nombreuses cl\u00e9s seront apport\u00e9es pour devenir autonome et respectueux de la plan\u00e8te avec cette m\u00e9decine naturelle globale et holistique. Un moment de partage intense o\u00f9 vous aurez l\u2019opportunit\u00e9 de voir qu\u2019il est possible de vivre en harmonie avec soi-m\u00eame et l\u2019environnement afin d\u2019optimiser votre sant\u00e9 par des m\u00e9thodes naturelles.<\/p>\n<p>&nbsp;<\/p>\n<p><em><img loading=\"lazy\" decoding=\"async\" class=\" wp-image-4005 alignleft\" src=\"http:\/\/www.salon-zenetbio.com\/nantes\/wp-content\/uploads\/sites\/7\/2017\/06\/Laurence-Monce.png\" alt=\"\" width=\"178\" height=\"224\" srcset=\"http:\/\/www.salon-zenetbio.com\/nantes\/wp-content\/uploads\/sites\/7\/2017\/06\/Laurence-Monce.png 207w, http:\/\/www.salon-zenetbio.com\/nantes\/wp-content\/uploads\/sites\/7\/2017\/06\/Laurence-Monce-150x189.png 150w\" sizes=\"(max-width: 178px) 100vw, 178px\" \/>Master coach, naturopathe, sylvoth\u00e9rapeute, auteure et conf\u00e9renci\u00e8re, <\/em><strong><em>Laurence Monce <\/em><\/strong><em>est pr\u00e9sidente de l\u2019association AqualibrAttitude depuis 2001. Elle anime des ateliers, conf\u00e9rences et formations sur divers sujets comme la parentalit\u00e9, la sant\u00e9 par les m\u00e9thodes naturelles et la sylvoth\u00e9rapie, la sant\u00e9 par les arbres. Elle est membre actif de Naturopathes sans fronti\u00e8res et J\u2019agis pour la plan\u00e8te de Nicolats Hulot. Auteur du livre \u00a0\u00bb Parents d\u2019ado, mode d\u2019emploi \u00a0\u00ab\u00a0\u2013 Inter\u00e9ditions 2015 et \u00a0\u00bb D\u00e9couvrir la naturopathie \u00a0\u00bb \u2013 Inter\u00e9ditions 2017 \u2013 site internet\u00a0: <\/em><a href=\"http:\/\/www.aqualibreattitude.com\"><em>www.aqualibreattitude.com<\/em><\/a><\/p>\n<p>&nbsp;<\/p>\n<p><em><img loading=\"lazy\" decoding=\"async\" class=\" wp-image-4007 alignleft\" src=\"http:\/\/www.salon-zenetbio.com\/nantes\/wp-content\/uploads\/sites\/7\/2017\/06\/Christophe-Cannaud.png\" alt=\"\" width=\"175\" height=\"226\" srcset=\"http:\/\/www.salon-zenetbio.com\/nantes\/wp-content\/uploads\/sites\/7\/2017\/06\/Christophe-Cannaud.png 211w, http:\/\/www.salon-zenetbio.com\/nantes\/wp-content\/uploads\/sites\/7\/2017\/06\/Christophe-Cannaud-150x193.png 150w\" sizes=\"(max-width: 175px) 100vw, 175px\" \/>Naturopathe, Professeur de Tai-Chi et Yoga, Directeur du centre de formation Coll\u00e8ge de Naturopathie R\u00e9nov\u00e9e Andr\u00e9 LAFON, <strong>Christophe Cannaud<\/strong> est Pr\u00e9sident et co-fondateur de l\u2019association humanitaire Naturopathes Sans Fronti\u00e8res en Tha\u00eflande. Il anime des formations et des conf\u00e9rences sur l\u2019iridologie, la naturopathie et d\u2019autres nouveaux sujets relatifs \u00e0 la sant\u00e9 et au bien-vivre. Auteur du livre \u00a0\u00bb D\u00e9couvrir la naturopathie \u00a0\u00bb \u2013 Inter\u00e9ditions 2017 \u2013 site internet\u00a0: <\/em><a href=\"http:\/\/www.naturopathie.com\"><em>http:\/\/www.naturopathie.com<\/em><\/a><\/p>\n<p>&nbsp;<\/p>\n<p>&nbsp;<\/p>\n<h2><strong>16:30 <\/strong><strong>La m\u00e9decine chinoise au quotidien &#8211; <\/strong> <strong>Maud Ernoult<\/strong><\/h2>\n<p><em>Cette conf\u00e9rence est organis\u00e9e par les \u00e9ditions Souffle d\u2019Or &#8211; <\/em><a href=\"http:\/\/www.souffledor.fr\"><em>www.souffledor.fr<\/em><\/a><\/p>\n<p><em>\u00a0<img loading=\"lazy\" decoding=\"async\" class=\"alignnone wp-image-4008\" src=\"http:\/\/www.salon-zenetbio.com\/nantes\/wp-content\/uploads\/sites\/7\/2017\/06\/Souffle-dor.png\" alt=\"\" width=\"267\" height=\"60\" srcset=\"http:\/\/www.salon-zenetbio.com\/nantes\/wp-content\/uploads\/sites\/7\/2017\/06\/Souffle-dor.png 490w, http:\/\/www.salon-zenetbio.com\/nantes\/wp-content\/uploads\/sites\/7\/2017\/06\/Souffle-dor-300x67.png 300w, http:\/\/www.salon-zenetbio.com\/nantes\/wp-content\/uploads\/sites\/7\/2017\/06\/Souffle-dor-150x34.png 150w\" sizes=\"(max-width: 267px) 100vw, 267px\" \/><\/em><\/p>\n<p>La m\u00e9decine chinoise est une science riche, complexe, n\u00e9e il y a plus de 3000 ans. Maud Ernoult, praticienne aguerrie, vous en livre les cl\u00e9s. Pour aller plus loin, elle propose un parall\u00e8le novateur entre m\u00e9decine chinoise et m\u00e9decine occidentale.<\/p>\n<p>Pratique et technique, cette conf\u00e9rence est un vade-mecum de la m\u00e9decine chinoise : techniques, respiration, alimentation, shiatsu, symbolique des parties du corps, m\u00e9ridiens, d\u00e9roulement des s\u00e9ances, tableaux synth\u00e9tiques, fiches de travail\u2026 Tous les principes de la m\u00e9decine chinoise y sont d\u00e9taill\u00e9s et expliqu\u00e9s.<br \/>\nLes th\u00e9rapeutes, aussi bien que les novices, pourront l\u2019exploiter facilement pour une compr\u00e9hension du corps et des grands syst\u00e8mes, et mettre du sens sur les pathologies et les d\u00e9s\u00e9quilibres.<br \/>\nPour une sant\u00e9 durable, pens\u00e9e dans sa globalit\u00e9, et un plus juste \u00e9quilibre de vie.<\/p>\n<p>&nbsp;<\/p>\n<p><strong><em><img loading=\"lazy\" decoding=\"async\" class=\" wp-image-4009 alignleft\" src=\"http:\/\/www.salon-zenetbio.com\/nantes\/wp-content\/uploads\/sites\/7\/2017\/06\/Maud-Ernoult.png\" alt=\"\" width=\"185\" height=\"185\" srcset=\"http:\/\/www.salon-zenetbio.com\/nantes\/wp-content\/uploads\/sites\/7\/2017\/06\/Maud-Ernoult.png 261w, http:\/\/www.salon-zenetbio.com\/nantes\/wp-content\/uploads\/sites\/7\/2017\/06\/Maud-Ernoult-150x150.png 150w, http:\/\/www.salon-zenetbio.com\/nantes\/wp-content\/uploads\/sites\/7\/2017\/06\/Maud-Ernoult-45x45.png 45w\" sizes=\"(max-width: 185px) 100vw, 185px\" \/>Maud Ernoult<\/em><\/strong><em> est th\u00e9rapeute en M\u00e9decine chinoise et formateur de soins holistiques. Elle pratique des soins \u00e0 domicile dans la r\u00e9gion de La Baule, Saint Nazaire, Pornic et au cabinet.<br \/>\nApr\u00e8s avoir travaill\u00e9 en milieu hospitalier, elle s\u2019est consacr\u00e9e principalement aux techniques corporelles, avec un enseignement de la m\u00e9decine chinoise et plus particuli\u00e8rement du shiatsu. Les soins aux huiles qu\u2019elle propose ainsi que la r\u00e9flexologie plantaire viennent accompagner le shiatsu dans une forme de th\u00e9rapie holistique (le corps et l\u2019esprit sont li\u00e9s) qui recherche plus les causes des d\u00e9sordres que de se contenter de travailler sur les sympt\u00f4mes.<\/em><\/p>\n<p>&nbsp;<\/p>\n<p><strong>Dimanche 8 octobre 2017<\/strong><\/p>\n<h2><strong>12:00 La force des fragiles \u2013 Muriel Mazet <\/strong><\/h2>\n<p><em>Cette conf\u00e9rence est organis\u00e9e par les \u00e9ditions Eyrolles &#8211; <\/em><a href=\"http:\/\/www.eyrolles.com\"><em>www.eyrolles.com<\/em><\/a><\/p>\n<p><em><img loading=\"lazy\" decoding=\"async\" class=\"alignnone wp-image-4010\" src=\"http:\/\/www.salon-zenetbio.com\/nantes\/wp-content\/uploads\/sites\/7\/2017\/06\/Eyrolles.png\" alt=\"\" width=\"261\" height=\"75\" srcset=\"http:\/\/www.salon-zenetbio.com\/nantes\/wp-content\/uploads\/sites\/7\/2017\/06\/Eyrolles.png 320w, http:\/\/www.salon-zenetbio.com\/nantes\/wp-content\/uploads\/sites\/7\/2017\/06\/Eyrolles-300x86.png 300w, http:\/\/www.salon-zenetbio.com\/nantes\/wp-content\/uploads\/sites\/7\/2017\/06\/Eyrolles-150x43.png 150w\" sizes=\"(max-width: 261px) 100vw, 261px\" \/>\u00a0<\/em><\/p>\n<p>\u00ab\u00a0De nos jours la fragilit\u00e9 n&rsquo;a pas bonne presse. Pourtant nous sommes tous fragiles et cette condition premi\u00e8re qui est la n\u00f4tre ne cessera de faire partie de nous.<\/p>\n<p>Cependant, bien diff\u00e9rente de la faiblesse \u00e0 laquelle elle est souvent assimil\u00e9e, notre part de vuln\u00e9rabilit\u00e9 ne pourrait-elle pas r\u00e9v\u00e9ler mille tr\u00e9sors ? Ne repr\u00e9senterait elle pas finalement une\u00a0 riche opportunit\u00e9 d&rsquo;acc\u00e9der \u00e0 certaines valeurs? La tol\u00e9rance envers soi et envers les autres en fait partie. Tout comme gr\u00e2ce \u00e0 elle\u00a0 nous pourrons avoir davantage\u00a0 acc\u00e8s \u00e0 notre part de cr\u00e9ativit\u00e9, d&rsquo;humanit\u00e9 et d&rsquo;humilit\u00e9.<\/p>\n<p>\u00c0 travers nos\u00a0 \u00e9changes et nos partages nous essaierons ensemble de percevoir les diverses voies qui nous sont offertes\u00a0 pour parvenir \u00e0 nous r\u00e9concilier \u00e0 cette part de nous-m\u00eame. Ceci afin de faire de notre fragilit\u00e9 une alli\u00e9e et\u00a0 non une ennemie \u00e0 fuir comme un handicap.\u00a0\u00bb<\/p>\n<p><strong>\u00a0<\/strong><\/p>\n<p><strong><em><img loading=\"lazy\" decoding=\"async\" class=\" wp-image-4012 alignleft\" src=\"http:\/\/www.salon-zenetbio.com\/nantes\/wp-content\/uploads\/sites\/7\/2017\/06\/Muriel-Mazet.png\" alt=\"\" width=\"218\" height=\"164\" srcset=\"http:\/\/www.salon-zenetbio.com\/nantes\/wp-content\/uploads\/sites\/7\/2017\/06\/Muriel-Mazet.png 439w, http:\/\/www.salon-zenetbio.com\/nantes\/wp-content\/uploads\/sites\/7\/2017\/06\/Muriel-Mazet-300x226.png 300w, http:\/\/www.salon-zenetbio.com\/nantes\/wp-content\/uploads\/sites\/7\/2017\/06\/Muriel-Mazet-150x113.png 150w\" sizes=\"(max-width: 218px) 100vw, 218px\" \/>Muriel Mazet<\/em><\/strong><em> est psychologue clinicienne et psychoth\u00e9rapeute d&rsquo;approche rog\u00e9rienne. Elle a travaill\u00e9 aupr\u00e8s d&rsquo;enfants et d&rsquo;adolescents dans un CMPP et au sein d&rsquo;\u00e9tablissements scolaires, aupr\u00e8s d&rsquo;adultes en CAT et maison d&rsquo;arr\u00eat, et exerce actuellement en lib\u00e9ral. Elle est l\u2019auteure de l\u2019ouvrage La force des fragiles aux \u00e9ditions Eyrolles.<\/em><\/p>\n<p>&nbsp;<\/p>\n<h2><strong>16:30 Savoir g\u00e9rer les personnes toxiques au travail pour tourner le dos au burn-out \u2013 Christophe Medici<\/strong><\/h2>\n<p>Il n\u2019est pas toujours \u00e9vident de se sentir bien au travail. On peut subir nombre de comportements toxiques vis-\u00e0-vis de coll\u00e8gues ou de managers malveillants. Aujourd\u2019hui, le burn-out est en passe de devenir le mal du si\u00e8cle. Le nombre de maladies li\u00e9es au stress a augment\u00e9 de 50% ces huit derni\u00e8res ann\u00e9es, selon l\u2019institut de veille sanitaire. Qu\u2019est ce qu\u2019une personne toxique\u00a0? Comment la d\u00e9tecter\u00a0?<br \/>\nEt surtout, comment s\u2019en pr\u00e9server\u00a0?<\/p>\n<p>Quels sont les divers profils de personnes toxiques que l\u2019on peut croiser dans son existence\u00a0?<\/p>\n<p>Il existe des cl\u00e9s et des outils relationnels pour se sentir bien au travail. Mieux, au travail, \u00ab\u00a0 le bien \u00eatre, c\u2019est rentable\u00a0\u00bb, comme le dit le titre d\u2019un des nombreux ouvrages de Christophe M\u00e9dici. Christophe M\u00e9dici a cr\u00e9\u00e9 une m\u00e9thode de communication tr\u00e8s originale\u00a0: la haute qualit\u00e9 relationnelle<sup>\u00ae<\/sup>.<br \/>\nIl transmet des outils relationnels concrets, tr\u00e8s efficaces et faciles \u00e0 utiliser sur le terrain, qui vous permettent de ressentir du bien \u00eatre au quotidien en vous pr\u00e9servant des personnes toxiques qui s\u00e9vissent autour de nous. Il vous en pr\u00e9sentera un grand nombre au cours de cette conf\u00e9rence.<em>\u00a0 \u00a0 \u00a0 \u00a0 \u00a0 \u00a0 \u00a0 \u00a0 \u00a0 \u00a0 \u00a0 \u00a0 \u00a0 \u00a0 \u00a0 \u00a0 \u00a0 \u00a0 \u00a0 \u00a0 \u00a0 \u00a0 \u00a0 \u00a0 \u00a0 \u00a0 \u00a0 \u00a0 \u00a0 \u00a0 \u00a0 \u00a0 \u00a0 \u00a0 \u00a0 \u00a0 \u00a0 \u00a0 \u00a0 \u00a0 \u00a0 \u00a0 \u00a0 \u00a0 \u00a0 \u00a0 \u00a0 \u00a0 \u00a0 \u00a0 \u00a0 \u00a0 \u00a0 \u00a0 \u00a0 \u00a0 \u00a0 \u00a0 \u00a0 \u00a0 \u00a0 \u00a0 \u00a0 \u00a0 \u00a0 \u00a0 \u00a0 \u00a0 \u00a0 \u00a0 \u00a0 \u00a0 \u00a0 \u00a0 \u00a0 \u00a0 \u00a0 \u00a0 \u00a0 \u00a0 \u00a0 \u00a0 \u00a0 \u00a0 \u00a0 \u00a0 \u00a0 \u00a0 \u00a0 \u00a0 \u00a0 \u00a0 \u00a0 \u00a0 \u00a0 \u00a0 \u00a0 \u00a0 \u00a0 \u00a0 \u00a0 \u00a0 \u00a0 \u00a0 \u00a0 \u00a0 \u00a0 \u00a0 \u00a0 \u00a0 \u00a0 \u00a0 \u00a0 \u00a0 \u00a0 \u00a0 \u00a0 \u00a0 \u00a0 \u00a0 \u00a0 \u00a0 \u00a0 \u00a0 \u00a0 \u00a0 \u00a0 \u00a0 \u00a0 \u00a0 \u00a0 \u00a0 \u00a0 \u00a0 \u00a0 \u00a0 \u00a0 \u00a0 \u00a0 \u00a0 \u00a0 \u00a0 \u00a0 \u00a0 \u00a0 \u00a0 \u00a0 \u00a0 \u00a0 \u00a0 \u00a0 \u00a0 \u00a0 \u00a0 \u00a0 \u00a0 \u00a0 \u00a0 \u00a0 \u00a0 \u00a0 \u00a0 \u00a0 \u00a0 \u00a0 \u00a0 \u00a0 \u00a0 \u00a0 \u00a0 \u00a0 \u00a0 \u00a0 \u00a0 \u00a0 \u00a0 \u00a0 \u00a0 \u00a0 \u00a0 \u00a0 \u00a0 \u00a0 \u00a0 \u00a0 \u00a0 \u00a0 \u00a0 \u00a0 \u00a0 \u00a0 \u00a0 \u00a0 \u00a0 \u00a0 \u00a0 \u00a0 \u00a0 \u00a0 \u00a0 \u00a0 \u00a0 \u00a0 \u00a0 \u00a0 \u00a0 \u00a0 \u00a0 \u00a0 \u00a0 \u00a0 \u00a0 \u00a0 \u00a0 \u00a0 \u00a0 \u00a0 \u00a0 \u00a0 \u00a0 \u00a0 \u00a0 \u00a0 \u00a0 \u00a0 \u00a0 \u00a0 \u00a0 \u00a0 \u00a0 \u00a0 \u00a0 \u00a0 \u00a0 \u00a0 \u00a0 \u00a0 \u00a0 \u00a0 \u00a0 \u00a0 \u00a0 \u00a0 \u00a0 \u00a0 \u00a0 \u00a0 \u00a0 \u00a0 \u00a0 \u00a0 \u00a0 \u00a0 \u00a0 \u00a0 \u00a0 \u00a0 \u00a0 \u00a0 \u00a0 \u00a0 \u00a0 \u00a0 \u00a0 \u00a0 \u00a0 \u00a0 \u00a0 \u00a0 \u00a0 \u00a0 \u00a0 \u00a0 \u00a0 \u00a0 \u00a0 \u00a0 \u00a0 \u00a0 \u00a0 \u00a0 \u00a0 \u00a0 \u00a0 \u00a0 \u00a0 \u00a0 \u00a0 \u00a0 \u00a0 \u00a0 \u00a0 \u00a0 \u00a0 \u00a0 \u00a0 \u00a0 \u00a0 \u00a0 \u00a0 \u00a0<img loading=\"lazy\" decoding=\"async\" class=\" wp-image-4013 alignleft\" src=\"http:\/\/www.salon-zenetbio.com\/nantes\/wp-content\/uploads\/sites\/7\/2017\/06\/Christophe-M\u00e9dici.png\" alt=\"\" width=\"169\" height=\"256\" srcset=\"http:\/\/www.salon-zenetbio.com\/nantes\/wp-content\/uploads\/sites\/7\/2017\/06\/Christophe-M\u00e9dici.png 224w, http:\/\/www.salon-zenetbio.com\/nantes\/wp-content\/uploads\/sites\/7\/2017\/06\/Christophe-M\u00e9dici-198x300.png 198w, http:\/\/www.salon-zenetbio.com\/nantes\/wp-content\/uploads\/sites\/7\/2017\/06\/Christophe-M\u00e9dici-150x227.png 150w\" sizes=\"(max-width: 169px) 100vw, 169px\" \/><\/em><\/p>\n<p><em><strong>Christophe M\u00e9dici<\/strong> est <\/em><em>psycho sociologue, coach de vie, formateur sp\u00e9cialis\u00e9 en d\u00e9veloppement relationnel, communication et management, fondateur de la m\u00e9thode Haute qualit\u00e9 relationnelle<sup>\u00ae<\/sup>, chroniqueur et animateur radio\/ t\u00e9l\u00e9vision et auteur (16 livres publi\u00e9s). Son 16<sup>\u00e8me<\/sup> livre vient tout juste de paraitre aux \u00e9ditions Dangles\u00a0: Savoir g\u00e9rer les personnes toxiques. Les outils de la m\u00e9thode haute qualit\u00e9 relationnelle<sup>\u00ae\u00a0<\/sup>.<\/em><em>\u00a0 \u00a0 \u00a0 \u00a0 \u00a0\u00a0<\/em><\/p>\n","protected":false},"excerpt":{"rendered":"<p>&nbsp; Vendredi 6 octobre 2017 12:00 Transformer son alimentation en conscience \u2013 Lilou Mac\u00e9 Changez de routine alimentaire et activez vos sens et le plaisir de manger sans culpabilit\u00e9 pour retrouver votre coh\u00e9rence alimentaire et\u00a0exp\u00e9rimenter au quotidien plus de libert\u00e9, d\u2019\u00e9nergie et de s\u00e9r\u00e9nit\u00e9. Cette approche douce et ludique, adapt\u00e9e pour tout type de mode&hellip; <\/p>\n","protected":false},"author":1,"featured_media":0,"parent":3999,"menu_order":0,"comment_status":"closed","ping_status":"closed","template":"","meta":{"_monsterinsights_skip_tracking":false,"_monsterinsights_sitenote_active":false,"_monsterinsights_sitenote_note":"","_monsterinsights_sitenote_category":0,"footnotes":""},"class_list":["post-6038","page","type-page","status-publish","hentry"],"yoast_head":"<!-- This site is optimized with the Yoast SEO plugin v27.3 - https:\/\/yoast.com\/product\/yoast-seo-wordpress\/ -->\n<title>Nantes - Conf\u00e9rences experts 2017 - Salon ZEN &amp; BIO Nantes<\/title>\n<meta name=\"robots\" content=\"index, follow, max-snippet:-1, max-image-preview:large, max-video-preview:-1\" \/>\n<link rel=\"canonical\" href=\"http:\/\/www.salon-zenetbio.com\/nantes\/conferences-experts\/nantes-conferences-experts-2017\/\" \/>\n<meta property=\"og:locale\" content=\"fr_FR\" \/>\n<meta property=\"og:type\" content=\"article\" \/>\n<meta property=\"og:title\" content=\"Nantes - Conf\u00e9rences experts 2017 - Salon ZEN &amp; BIO Nantes\" \/>\n<meta property=\"og:description\" content=\"&nbsp; Vendredi 6 octobre 2017 12:00 Transformer son alimentation en conscience \u2013 Lilou Mac\u00e9 Changez de routine alimentaire et activez vos sens et le plaisir de manger sans culpabilit\u00e9 pour retrouver votre coh\u00e9rence alimentaire et\u00a0exp\u00e9rimenter au quotidien plus de libert\u00e9, d\u2019\u00e9nergie et de s\u00e9r\u00e9nit\u00e9. Cette approche douce et ludique, adapt\u00e9e pour tout type de mode&hellip;\" \/>\n<meta property=\"og:url\" content=\"http:\/\/www.salon-zenetbio.com\/nantes\/conferences-experts\/nantes-conferences-experts-2017\/\" \/>\n<meta property=\"og:site_name\" content=\"Salon ZEN &amp; BIO Nantes\" \/>\n<meta property=\"article:modified_time\" content=\"2018-07-31T10:25:25+00:00\" \/>\n<meta property=\"og:image\" content=\"http:\/\/www.salon-zenetbio.com\/nantes\/wp-content\/uploads\/sites\/7\/2017\/06\/Dunod.png\" \/>\n<meta name=\"twitter:card\" content=\"summary_large_image\" \/>\n<meta name=\"twitter:label1\" content=\"Dur\u00e9e de lecture estim\u00e9e\" \/>\n\t<meta name=\"twitter:data1\" content=\"7 minutes\" \/>\n<script type=\"application\/ld+json\" class=\"yoast-schema-graph\">{\"@context\":\"https:\\\/\\\/schema.org\",\"@graph\":[{\"@type\":\"WebPage\",\"@id\":\"http:\\\/\\\/www.salon-zenetbio.com\\\/nantes\\\/conferences-experts\\\/nantes-conferences-experts-2017\\\/\",\"url\":\"http:\\\/\\\/www.salon-zenetbio.com\\\/nantes\\\/conferences-experts\\\/nantes-conferences-experts-2017\\\/\",\"name\":\"Nantes - Conf\u00e9rences experts 2017 - Salon ZEN &amp; BIO Nantes\",\"isPartOf\":{\"@id\":\"https:\\\/\\\/www.salon-zenetbio.com\\\/nantes\\\/#website\"},\"primaryImageOfPage\":{\"@id\":\"http:\\\/\\\/www.salon-zenetbio.com\\\/nantes\\\/conferences-experts\\\/nantes-conferences-experts-2017\\\/#primaryimage\"},\"image\":{\"@id\":\"http:\\\/\\\/www.salon-zenetbio.com\\\/nantes\\\/conferences-experts\\\/nantes-conferences-experts-2017\\\/#primaryimage\"},\"thumbnailUrl\":\"http:\\\/\\\/www.salon-zenetbio.com\\\/nantes\\\/wp-content\\\/uploads\\\/sites\\\/7\\\/2017\\\/06\\\/Dunod.png\",\"datePublished\":\"2018-03-26T14:18:46+00:00\",\"dateModified\":\"2018-07-31T10:25:25+00:00\",\"breadcrumb\":{\"@id\":\"http:\\\/\\\/www.salon-zenetbio.com\\\/nantes\\\/conferences-experts\\\/nantes-conferences-experts-2017\\\/#breadcrumb\"},\"inLanguage\":\"fr-FR\",\"potentialAction\":[{\"@type\":\"ReadAction\",\"target\":[\"http:\\\/\\\/www.salon-zenetbio.com\\\/nantes\\\/conferences-experts\\\/nantes-conferences-experts-2017\\\/\"]}]},{\"@type\":\"ImageObject\",\"inLanguage\":\"fr-FR\",\"@id\":\"http:\\\/\\\/www.salon-zenetbio.com\\\/nantes\\\/conferences-experts\\\/nantes-conferences-experts-2017\\\/#primaryimage\",\"url\":\"http:\\\/\\\/www.salon-zenetbio.com\\\/nantes\\\/wp-content\\\/uploads\\\/sites\\\/7\\\/2017\\\/06\\\/Dunod.png\",\"contentUrl\":\"http:\\\/\\\/www.salon-zenetbio.com\\\/nantes\\\/wp-content\\\/uploads\\\/sites\\\/7\\\/2017\\\/06\\\/Dunod.png\",\"width\":113,\"height\":113},{\"@type\":\"BreadcrumbList\",\"@id\":\"http:\\\/\\\/www.salon-zenetbio.com\\\/nantes\\\/conferences-experts\\\/nantes-conferences-experts-2017\\\/#breadcrumb\",\"itemListElement\":[{\"@type\":\"ListItem\",\"position\":1,\"name\":\"Accueil\",\"item\":\"https:\\\/\\\/www.salon-zenetbio.com\\\/nantes\\\/\"},{\"@type\":\"ListItem\",\"position\":2,\"name\":\"Conf\u00e9rences experts\",\"item\":\"http:\\\/\\\/www.salon-zenetbio.com\\\/nantes\\\/conferences-experts\\\/\"},{\"@type\":\"ListItem\",\"position\":3,\"name\":\"Nantes &#8211; Conf\u00e9rences experts 2017\"}]},{\"@type\":\"WebSite\",\"@id\":\"https:\\\/\\\/www.salon-zenetbio.com\\\/nantes\\\/#website\",\"url\":\"https:\\\/\\\/www.salon-zenetbio.com\\\/nantes\\\/\",\"name\":\"Salon ZEN &amp; BIO Nantes\",\"description\":\"salon ZEN &amp; BIO Nantes : votre salon bio, bien-\u00eatre et habitat sain\",\"publisher\":{\"@id\":\"https:\\\/\\\/www.salon-zenetbio.com\\\/nantes\\\/#organization\"},\"potentialAction\":[{\"@type\":\"SearchAction\",\"target\":{\"@type\":\"EntryPoint\",\"urlTemplate\":\"https:\\\/\\\/www.salon-zenetbio.com\\\/nantes\\\/?s={search_term_string}\"},\"query-input\":{\"@type\":\"PropertyValueSpecification\",\"valueRequired\":true,\"valueName\":\"search_term_string\"}}],\"inLanguage\":\"fr-FR\"},{\"@type\":\"Organization\",\"@id\":\"https:\\\/\\\/www.salon-zenetbio.com\\\/nantes\\\/#organization\",\"name\":\"Salon ZEN &amp; BIO Nantes\",\"url\":\"https:\\\/\\\/www.salon-zenetbio.com\\\/nantes\\\/\",\"logo\":{\"@type\":\"ImageObject\",\"inLanguage\":\"fr-FR\",\"@id\":\"https:\\\/\\\/www.salon-zenetbio.com\\\/nantes\\\/#\\\/schema\\\/logo\\\/image\\\/\",\"url\":\"http:\\\/\\\/www.salon-zenetbio.com\\\/nantes\\\/wp-content\\\/uploads\\\/sites\\\/7\\\/2026\\\/03\\\/cropped-Logo-ZEN-et-BIO-nantes-2026.png\",\"contentUrl\":\"http:\\\/\\\/www.salon-zenetbio.com\\\/nantes\\\/wp-content\\\/uploads\\\/sites\\\/7\\\/2026\\\/03\\\/cropped-Logo-ZEN-et-BIO-nantes-2026.png\",\"width\":921,\"height\":255,\"caption\":\"Salon ZEN &amp; BIO Nantes\"},\"image\":{\"@id\":\"https:\\\/\\\/www.salon-zenetbio.com\\\/nantes\\\/#\\\/schema\\\/logo\\\/image\\\/\"}}]}<\/script>\n<!-- \/ Yoast SEO plugin. -->","yoast_head_json":{"title":"Nantes - Conf\u00e9rences experts 2017 - Salon ZEN &amp; BIO Nantes","robots":{"index":"index","follow":"follow","max-snippet":"max-snippet:-1","max-image-preview":"max-image-preview:large","max-video-preview":"max-video-preview:-1"},"canonical":"http:\/\/www.salon-zenetbio.com\/nantes\/conferences-experts\/nantes-conferences-experts-2017\/","og_locale":"fr_FR","og_type":"article","og_title":"Nantes - Conf\u00e9rences experts 2017 - Salon ZEN &amp; BIO Nantes","og_description":"&nbsp; Vendredi 6 octobre 2017 12:00 Transformer son alimentation en conscience \u2013 Lilou Mac\u00e9 Changez de routine alimentaire et activez vos sens et le plaisir de manger sans culpabilit\u00e9 pour retrouver votre coh\u00e9rence alimentaire et\u00a0exp\u00e9rimenter au quotidien plus de libert\u00e9, d\u2019\u00e9nergie et de s\u00e9r\u00e9nit\u00e9. Cette approche douce et ludique, adapt\u00e9e pour tout type de mode&hellip;","og_url":"http:\/\/www.salon-zenetbio.com\/nantes\/conferences-experts\/nantes-conferences-experts-2017\/","og_site_name":"Salon ZEN &amp; BIO Nantes","article_modified_time":"2018-07-31T10:25:25+00:00","og_image":[{"url":"http:\/\/www.salon-zenetbio.com\/nantes\/wp-content\/uploads\/sites\/7\/2017\/06\/Dunod.png","type":"","width":"","height":""}],"twitter_card":"summary_large_image","twitter_misc":{"Dur\u00e9e de lecture estim\u00e9e":"7 minutes"},"schema":{"@context":"https:\/\/schema.org","@graph":[{"@type":"WebPage","@id":"http:\/\/www.salon-zenetbio.com\/nantes\/conferences-experts\/nantes-conferences-experts-2017\/","url":"http:\/\/www.salon-zenetbio.com\/nantes\/conferences-experts\/nantes-conferences-experts-2017\/","name":"Nantes - Conf\u00e9rences experts 2017 - Salon ZEN &amp; BIO Nantes","isPartOf":{"@id":"https:\/\/www.salon-zenetbio.com\/nantes\/#website"},"primaryImageOfPage":{"@id":"http:\/\/www.salon-zenetbio.com\/nantes\/conferences-experts\/nantes-conferences-experts-2017\/#primaryimage"},"image":{"@id":"http:\/\/www.salon-zenetbio.com\/nantes\/conferences-experts\/nantes-conferences-experts-2017\/#primaryimage"},"thumbnailUrl":"http:\/\/www.salon-zenetbio.com\/nantes\/wp-content\/uploads\/sites\/7\/2017\/06\/Dunod.png","datePublished":"2018-03-26T14:18:46+00:00","dateModified":"2018-07-31T10:25:25+00:00","breadcrumb":{"@id":"http:\/\/www.salon-zenetbio.com\/nantes\/conferences-experts\/nantes-conferences-experts-2017\/#breadcrumb"},"inLanguage":"fr-FR","potentialAction":[{"@type":"ReadAction","target":["http:\/\/www.salon-zenetbio.com\/nantes\/conferences-experts\/nantes-conferences-experts-2017\/"]}]},{"@type":"ImageObject","inLanguage":"fr-FR","@id":"http:\/\/www.salon-zenetbio.com\/nantes\/conferences-experts\/nantes-conferences-experts-2017\/#primaryimage","url":"http:\/\/www.salon-zenetbio.com\/nantes\/wp-content\/uploads\/sites\/7\/2017\/06\/Dunod.png","contentUrl":"http:\/\/www.salon-zenetbio.com\/nantes\/wp-content\/uploads\/sites\/7\/2017\/06\/Dunod.png","width":113,"height":113},{"@type":"BreadcrumbList","@id":"http:\/\/www.salon-zenetbio.com\/nantes\/conferences-experts\/nantes-conferences-experts-2017\/#breadcrumb","itemListElement":[{"@type":"ListItem","position":1,"name":"Accueil","item":"https:\/\/www.salon-zenetbio.com\/nantes\/"},{"@type":"ListItem","position":2,"name":"Conf\u00e9rences experts","item":"http:\/\/www.salon-zenetbio.com\/nantes\/conferences-experts\/"},{"@type":"ListItem","position":3,"name":"Nantes &#8211; Conf\u00e9rences experts 2017"}]},{"@type":"WebSite","@id":"https:\/\/www.salon-zenetbio.com\/nantes\/#website","url":"https:\/\/www.salon-zenetbio.com\/nantes\/","name":"Salon ZEN &amp; BIO Nantes","description":"salon ZEN &amp; BIO Nantes : votre salon bio, bien-\u00eatre et habitat sain","publisher":{"@id":"https:\/\/www.salon-zenetbio.com\/nantes\/#organization"},"potentialAction":[{"@type":"SearchAction","target":{"@type":"EntryPoint","urlTemplate":"https:\/\/www.salon-zenetbio.com\/nantes\/?s={search_term_string}"},"query-input":{"@type":"PropertyValueSpecification","valueRequired":true,"valueName":"search_term_string"}}],"inLanguage":"fr-FR"},{"@type":"Organization","@id":"https:\/\/www.salon-zenetbio.com\/nantes\/#organization","name":"Salon ZEN &amp; BIO Nantes","url":"https:\/\/www.salon-zenetbio.com\/nantes\/","logo":{"@type":"ImageObject","inLanguage":"fr-FR","@id":"https:\/\/www.salon-zenetbio.com\/nantes\/#\/schema\/logo\/image\/","url":"http:\/\/www.salon-zenetbio.com\/nantes\/wp-content\/uploads\/sites\/7\/2026\/03\/cropped-Logo-ZEN-et-BIO-nantes-2026.png","contentUrl":"http:\/\/www.salon-zenetbio.com\/nantes\/wp-content\/uploads\/sites\/7\/2026\/03\/cropped-Logo-ZEN-et-BIO-nantes-2026.png","width":921,"height":255,"caption":"Salon ZEN &amp; BIO Nantes"},"image":{"@id":"https:\/\/www.salon-zenetbio.com\/nantes\/#\/schema\/logo\/image\/"}}]}},"_links":{"self":[{"href":"http:\/\/www.salon-zenetbio.com\/nantes\/wp-json\/wp\/v2\/pages\/6038","targetHints":{"allow":["GET"]}}],"collection":[{"href":"http:\/\/www.salon-zenetbio.com\/nantes\/wp-json\/wp\/v2\/pages"}],"about":[{"href":"http:\/\/www.salon-zenetbio.com\/nantes\/wp-json\/wp\/v2\/types\/page"}],"author":[{"embeddable":true,"href":"http:\/\/www.salon-zenetbio.com\/nantes\/wp-json\/wp\/v2\/users\/1"}],"replies":[{"embeddable":true,"href":"http:\/\/www.salon-zenetbio.com\/nantes\/wp-json\/wp\/v2\/comments?post=6038"}],"version-history":[{"count":1,"href":"http:\/\/www.salon-zenetbio.com\/nantes\/wp-json\/wp\/v2\/pages\/6038\/revisions"}],"predecessor-version":[{"id":6039,"href":"http:\/\/www.salon-zenetbio.com\/nantes\/wp-json\/wp\/v2\/pages\/6038\/revisions\/6039"}],"up":[{"embeddable":true,"href":"http:\/\/www.salon-zenetbio.com\/nantes\/wp-json\/wp\/v2\/pages\/3999"}],"wp:attachment":[{"href":"http:\/\/www.salon-zenetbio.com\/nantes\/wp-json\/wp\/v2\/media?parent=6038"}],"curies":[{"name":"wp","href":"https:\/\/api.w.org\/{rel}","templated":true}]}}