{"id":10626,"date":"2024-03-21T12:33:01","date_gmt":"2024-03-21T11:33:01","guid":{"rendered":"https:\/\/www.salon-zenetbio.com\/lyon\/?page_id=10626"},"modified":"2024-03-21T12:33:01","modified_gmt":"2024-03-21T11:33:01","slug":"workshop-bougez-zen-2023","status":"publish","type":"page","link":"https:\/\/www.salon-zenetbio.com\/lyon\/workshop-bougez-zen-2023\/","title":{"rendered":"Workshop Bougez Zen 2023"},"content":{"rendered":"<p><img fetchpriority=\"high\" decoding=\"async\" class=\"wp-image-9098 size-large\" src=\"https:\/\/www.salon-zenetbio.com\/lyon\/wp-content\/uploads\/sites\/12\/2022\/09\/Fotolia_45270035_Subscription_Monthly_M-e1568726347764-1024x342.jpeg\" alt=\"\" width=\"790\" height=\"264\" srcset=\"https:\/\/www.salon-zenetbio.com\/lyon\/wp-content\/uploads\/sites\/12\/2022\/09\/Fotolia_45270035_Subscription_Monthly_M-e1568726347764-1024x342.jpeg 1024w, https:\/\/www.salon-zenetbio.com\/lyon\/wp-content\/uploads\/sites\/12\/2022\/09\/Fotolia_45270035_Subscription_Monthly_M-e1568726347764-300x100.jpeg 300w, https:\/\/www.salon-zenetbio.com\/lyon\/wp-content\/uploads\/sites\/12\/2022\/09\/Fotolia_45270035_Subscription_Monthly_M-e1568726347764-768x257.jpeg 768w, https:\/\/www.salon-zenetbio.com\/lyon\/wp-content\/uploads\/sites\/12\/2022\/09\/Fotolia_45270035_Subscription_Monthly_M-e1568726347764-1536x513.jpeg 1536w, https:\/\/www.salon-zenetbio.com\/lyon\/wp-content\/uploads\/sites\/12\/2022\/09\/Fotolia_45270035_Subscription_Monthly_M-e1568726347764-150x50.jpeg 150w, https:\/\/www.salon-zenetbio.com\/lyon\/wp-content\/uploads\/sites\/12\/2022\/09\/Fotolia_45270035_Subscription_Monthly_M-e1568726347764-500x167.jpeg 500w, https:\/\/www.salon-zenetbio.com\/lyon\/wp-content\/uploads\/sites\/12\/2022\/09\/Fotolia_45270035_Subscription_Monthly_M-e1568726347764.jpeg 1688w\" sizes=\"(max-width: 790px) 100vw, 790px\" \/><\/p>\n<p>Afin que vous puissiez d\u00e9couvrir une technique ou l\u2019approfondir, seront propos\u00e9s durant 3 jours : des cours de yoga de l\u2019\u00e9nergie, kundalini yoga, pilate, yoga tib\u00e9tain, yangshen, Qi Gong ou encore Tai chi chuan, d\u2019une dur\u00e9e de 1h \u00e0 1h30 toute la journ\u00e9e (soit une quinzaine de cours pendant toute la dur\u00e9e du salon).<\/p>\n<p><span style=\"color: #b8912f;\"><strong>Espace DES LUMI\u00c8RES<\/strong><\/span><\/p>\n<h2>Vendredi 17 novembre<\/h2>\n<p><span style=\"color: #b8912f;\"><strong>12:30<\/strong><\/span> Tai ji quan : \u00ab\u00a0Les 8 Portes\u00a0\u00bb <em><strong>&#8211; Sun Fa<\/strong><\/em><br \/>\n<span style=\"color: #b8912f;\"><strong>14:00<\/strong><\/span> Qi gong : \u00ab\u00a0Qi gong parfum\u00e9\u00a0\u00bb <em><strong>&#8211; Sun Fa<\/strong><\/em><br \/>\n<span style=\"color: #b8912f;\"><strong>15:30<\/strong><\/span> Qiqong m\u00e9dical <em><strong>&#8211; Denis Tran<\/strong><\/em><br \/>\n<span style=\"color: #b8912f;\"><strong>17:00<\/strong><\/span> Qiqong m\u00e9dical <em><strong>&#8211; Denis Tran<\/strong><\/em><\/p>\n<h2>Samedi 18 novembre<\/h2>\n<p><span style=\"color: #b8912f;\"><strong>12:30<\/strong><\/span> D\u00e9couverte du yoga du rire<em> <strong>&#8211; Solange Casini<\/strong><\/em><br \/>\n<span style=\"color: #b8912f;\"><strong>14:00<\/strong><\/span> Qiqong m\u00e9dical<em> <strong>&#8211; Denis Tran<\/strong><\/em><br \/>\n<span style=\"color: #b8912f;\"><strong>15:30<\/strong><\/span> Qiqong m\u00e9dical <em><strong>&#8211; Denis Tran<\/strong><\/em><br \/>\n<span style=\"color: #b8912f;\"><strong>17:00<\/strong><\/span> D\u00e9couverte du yoga du rire<em><strong> &#8211; Solange Casini<\/strong><\/em><\/p>\n<h2>Dimanche 19 novembre<\/h2>\n<p><span style=\"color: #b8912f;\"><strong>14:00<\/strong><\/span> Qiqong m\u00e9dical <em><strong>&#8211; Denis Tran<\/strong><\/em><br \/>\n<span style=\"color: #b8912f;\"><strong>15:30<\/strong><\/span> Qiqong m\u00e9dical<em> <strong>&#8211; Denis Tran<\/strong><\/em><\/p>\n","protected":false},"excerpt":{"rendered":"<p>Afin que vous puissiez d\u00e9couvrir une technique ou l\u2019approfondir, seront propos\u00e9s durant 3 jours : des cours de yoga de l\u2019\u00e9nergie, kundalini yoga, pilate, yoga tib\u00e9tain, yangshen, Qi Gong ou encore Tai chi chuan, d\u2019une dur\u00e9e de 1h \u00e0 1h30 toute la journ\u00e9e (soit une quinzaine de cours pendant toute la dur\u00e9e du salon). Espace&hellip; <\/p>\n","protected":false},"author":6,"featured_media":0,"parent":0,"menu_order":0,"comment_status":"closed","ping_status":"closed","template":"","meta":{"_monsterinsights_skip_tracking":false,"_monsterinsights_sitenote_active":false,"_monsterinsights_sitenote_note":"","_monsterinsights_sitenote_category":0,"footnotes":""},"class_list":["post-10626","page","type-page","status-publish","hentry"],"yoast_head":"<!-- This site is optimized with the Yoast SEO plugin v27.3 - https:\/\/yoast.com\/product\/yoast-seo-wordpress\/ -->\n<title>Workshop Bougez Zen 2023 - Salon Zen&amp;Bio Lyon<\/title>\n<meta name=\"robots\" content=\"index, follow, max-snippet:-1, max-image-preview:large, max-video-preview:-1\" \/>\n<link rel=\"canonical\" href=\"https:\/\/www.salon-zenetbio.com\/lyon\/workshop-bougez-zen-2023\/\" \/>\n<meta property=\"og:locale\" content=\"fr_FR\" \/>\n<meta property=\"og:type\" content=\"article\" \/>\n<meta property=\"og:title\" content=\"Workshop Bougez Zen 2023 - Salon Zen&amp;Bio Lyon\" \/>\n<meta property=\"og:description\" content=\"Afin que vous puissiez d\u00e9couvrir une technique ou l\u2019approfondir, seront propos\u00e9s durant 3 jours : des cours de yoga de l\u2019\u00e9nergie, kundalini yoga, pilate, yoga tib\u00e9tain, yangshen, Qi Gong ou encore Tai chi chuan, d\u2019une dur\u00e9e de 1h \u00e0 1h30 toute la journ\u00e9e (soit une quinzaine de cours pendant toute la dur\u00e9e du salon). Espace&hellip;\" \/>\n<meta property=\"og:url\" content=\"https:\/\/www.salon-zenetbio.com\/lyon\/workshop-bougez-zen-2023\/\" \/>\n<meta property=\"og:site_name\" content=\"Salon Zen&amp;Bio Lyon\" \/>\n<meta property=\"og:image\" content=\"https:\/\/www.salon-zenetbio.com\/lyon\/wp-content\/uploads\/sites\/12\/2022\/09\/Fotolia_45270035_Subscription_Monthly_M-e1568726347764-1024x342.jpeg\" \/>\n<meta name=\"twitter:card\" content=\"summary_large_image\" \/>\n<meta name=\"twitter:label1\" content=\"Dur\u00e9e de lecture estim\u00e9e\" \/>\n\t<meta name=\"twitter:data1\" content=\"1 minute\" \/>\n<script type=\"application\/ld+json\" class=\"yoast-schema-graph\">{\"@context\":\"https:\\\/\\\/schema.org\",\"@graph\":[{\"@type\":\"WebPage\",\"@id\":\"https:\\\/\\\/www.salon-zenetbio.com\\\/lyon\\\/workshop-bougez-zen-2023\\\/\",\"url\":\"https:\\\/\\\/www.salon-zenetbio.com\\\/lyon\\\/workshop-bougez-zen-2023\\\/\",\"name\":\"Workshop Bougez Zen 2023 - Salon Zen&amp;Bio Lyon\",\"isPartOf\":{\"@id\":\"http:\\\/\\\/www.salon-zenetbio.com\\\/lyon\\\/#website\"},\"primaryImageOfPage\":{\"@id\":\"https:\\\/\\\/www.salon-zenetbio.com\\\/lyon\\\/workshop-bougez-zen-2023\\\/#primaryimage\"},\"image\":{\"@id\":\"https:\\\/\\\/www.salon-zenetbio.com\\\/lyon\\\/workshop-bougez-zen-2023\\\/#primaryimage\"},\"thumbnailUrl\":\"https:\\\/\\\/www.salon-zenetbio.com\\\/lyon\\\/wp-content\\\/uploads\\\/sites\\\/12\\\/2022\\\/09\\\/Fotolia_45270035_Subscription_Monthly_M-e1568726347764-1024x342.jpeg\",\"datePublished\":\"2024-03-21T11:33:01+00:00\",\"breadcrumb\":{\"@id\":\"https:\\\/\\\/www.salon-zenetbio.com\\\/lyon\\\/workshop-bougez-zen-2023\\\/#breadcrumb\"},\"inLanguage\":\"fr-FR\",\"potentialAction\":[{\"@type\":\"ReadAction\",\"target\":[\"https:\\\/\\\/www.salon-zenetbio.com\\\/lyon\\\/workshop-bougez-zen-2023\\\/\"]}]},{\"@type\":\"ImageObject\",\"inLanguage\":\"fr-FR\",\"@id\":\"https:\\\/\\\/www.salon-zenetbio.com\\\/lyon\\\/workshop-bougez-zen-2023\\\/#primaryimage\",\"url\":\"https:\\\/\\\/www.salon-zenetbio.com\\\/lyon\\\/wp-content\\\/uploads\\\/sites\\\/12\\\/2022\\\/09\\\/Fotolia_45270035_Subscription_Monthly_M-e1568726347764.jpeg\",\"contentUrl\":\"https:\\\/\\\/www.salon-zenetbio.com\\\/lyon\\\/wp-content\\\/uploads\\\/sites\\\/12\\\/2022\\\/09\\\/Fotolia_45270035_Subscription_Monthly_M-e1568726347764.jpeg\",\"width\":1688,\"height\":564,\"caption\":\"Spa still life with stacked of stone,burning candle and bamboo leaf\"},{\"@type\":\"BreadcrumbList\",\"@id\":\"https:\\\/\\\/www.salon-zenetbio.com\\\/lyon\\\/workshop-bougez-zen-2023\\\/#breadcrumb\",\"itemListElement\":[{\"@type\":\"ListItem\",\"position\":1,\"name\":\"Accueil\",\"item\":\"http:\\\/\\\/www.salon-zenetbio.com\\\/lyon\\\/\"},{\"@type\":\"ListItem\",\"position\":2,\"name\":\"Workshop Bougez Zen 2023\"}]},{\"@type\":\"WebSite\",\"@id\":\"http:\\\/\\\/www.salon-zenetbio.com\\\/lyon\\\/#website\",\"url\":\"http:\\\/\\\/www.salon-zenetbio.com\\\/lyon\\\/\",\"name\":\"Salon Zen&amp;Bio Lyon\",\"description\":\"salon Zen&amp;Bio Lyon : votre salon \u00e9colo, bio, bien-\u00eatre et habitat sain\",\"publisher\":{\"@id\":\"http:\\\/\\\/www.salon-zenetbio.com\\\/lyon\\\/#organization\"},\"potentialAction\":[{\"@type\":\"SearchAction\",\"target\":{\"@type\":\"EntryPoint\",\"urlTemplate\":\"http:\\\/\\\/www.salon-zenetbio.com\\\/lyon\\\/?s={search_term_string}\"},\"query-input\":{\"@type\":\"PropertyValueSpecification\",\"valueRequired\":true,\"valueName\":\"search_term_string\"}}],\"inLanguage\":\"fr-FR\"},{\"@type\":\"Organization\",\"@id\":\"http:\\\/\\\/www.salon-zenetbio.com\\\/lyon\\\/#organization\",\"name\":\"Salon Zen&amp;Bio Lyon\",\"url\":\"http:\\\/\\\/www.salon-zenetbio.com\\\/lyon\\\/\",\"logo\":{\"@type\":\"ImageObject\",\"inLanguage\":\"fr-FR\",\"@id\":\"http:\\\/\\\/www.salon-zenetbio.com\\\/lyon\\\/#\\\/schema\\\/logo\\\/image\\\/\",\"url\":\"https:\\\/\\\/www.salon-zenetbio.com\\\/lyon\\\/wp-content\\\/uploads\\\/sites\\\/12\\\/2026\\\/03\\\/cropped-Logo-ZEN-et-BIO-lyon-2026-1.png\",\"contentUrl\":\"https:\\\/\\\/www.salon-zenetbio.com\\\/lyon\\\/wp-content\\\/uploads\\\/sites\\\/12\\\/2026\\\/03\\\/cropped-Logo-ZEN-et-BIO-lyon-2026-1.png\",\"width\":921,\"height\":255,\"caption\":\"Salon Zen&amp;Bio Lyon\"},\"image\":{\"@id\":\"http:\\\/\\\/www.salon-zenetbio.com\\\/lyon\\\/#\\\/schema\\\/logo\\\/image\\\/\"}}]}<\/script>\n<!-- \/ Yoast SEO plugin. -->","yoast_head_json":{"title":"Workshop Bougez Zen 2023 - Salon Zen&amp;Bio Lyon","robots":{"index":"index","follow":"follow","max-snippet":"max-snippet:-1","max-image-preview":"max-image-preview:large","max-video-preview":"max-video-preview:-1"},"canonical":"https:\/\/www.salon-zenetbio.com\/lyon\/workshop-bougez-zen-2023\/","og_locale":"fr_FR","og_type":"article","og_title":"Workshop Bougez Zen 2023 - Salon Zen&amp;Bio Lyon","og_description":"Afin que vous puissiez d\u00e9couvrir une technique ou l\u2019approfondir, seront propos\u00e9s durant 3 jours : des cours de yoga de l\u2019\u00e9nergie, kundalini yoga, pilate, yoga tib\u00e9tain, yangshen, Qi Gong ou encore Tai chi chuan, d\u2019une dur\u00e9e de 1h \u00e0 1h30 toute la journ\u00e9e (soit une quinzaine de cours pendant toute la dur\u00e9e du salon). Espace&hellip;","og_url":"https:\/\/www.salon-zenetbio.com\/lyon\/workshop-bougez-zen-2023\/","og_site_name":"Salon Zen&amp;Bio Lyon","og_image":[{"url":"https:\/\/www.salon-zenetbio.com\/lyon\/wp-content\/uploads\/sites\/12\/2022\/09\/Fotolia_45270035_Subscription_Monthly_M-e1568726347764-1024x342.jpeg","type":"","width":"","height":""}],"twitter_card":"summary_large_image","twitter_misc":{"Dur\u00e9e de lecture estim\u00e9e":"1 minute"},"schema":{"@context":"https:\/\/schema.org","@graph":[{"@type":"WebPage","@id":"https:\/\/www.salon-zenetbio.com\/lyon\/workshop-bougez-zen-2023\/","url":"https:\/\/www.salon-zenetbio.com\/lyon\/workshop-bougez-zen-2023\/","name":"Workshop Bougez Zen 2023 - Salon Zen&amp;Bio Lyon","isPartOf":{"@id":"http:\/\/www.salon-zenetbio.com\/lyon\/#website"},"primaryImageOfPage":{"@id":"https:\/\/www.salon-zenetbio.com\/lyon\/workshop-bougez-zen-2023\/#primaryimage"},"image":{"@id":"https:\/\/www.salon-zenetbio.com\/lyon\/workshop-bougez-zen-2023\/#primaryimage"},"thumbnailUrl":"https:\/\/www.salon-zenetbio.com\/lyon\/wp-content\/uploads\/sites\/12\/2022\/09\/Fotolia_45270035_Subscription_Monthly_M-e1568726347764-1024x342.jpeg","datePublished":"2024-03-21T11:33:01+00:00","breadcrumb":{"@id":"https:\/\/www.salon-zenetbio.com\/lyon\/workshop-bougez-zen-2023\/#breadcrumb"},"inLanguage":"fr-FR","potentialAction":[{"@type":"ReadAction","target":["https:\/\/www.salon-zenetbio.com\/lyon\/workshop-bougez-zen-2023\/"]}]},{"@type":"ImageObject","inLanguage":"fr-FR","@id":"https:\/\/www.salon-zenetbio.com\/lyon\/workshop-bougez-zen-2023\/#primaryimage","url":"https:\/\/www.salon-zenetbio.com\/lyon\/wp-content\/uploads\/sites\/12\/2022\/09\/Fotolia_45270035_Subscription_Monthly_M-e1568726347764.jpeg","contentUrl":"https:\/\/www.salon-zenetbio.com\/lyon\/wp-content\/uploads\/sites\/12\/2022\/09\/Fotolia_45270035_Subscription_Monthly_M-e1568726347764.jpeg","width":1688,"height":564,"caption":"Spa still life with stacked of stone,burning candle and bamboo leaf"},{"@type":"BreadcrumbList","@id":"https:\/\/www.salon-zenetbio.com\/lyon\/workshop-bougez-zen-2023\/#breadcrumb","itemListElement":[{"@type":"ListItem","position":1,"name":"Accueil","item":"http:\/\/www.salon-zenetbio.com\/lyon\/"},{"@type":"ListItem","position":2,"name":"Workshop Bougez Zen 2023"}]},{"@type":"WebSite","@id":"http:\/\/www.salon-zenetbio.com\/lyon\/#website","url":"http:\/\/www.salon-zenetbio.com\/lyon\/","name":"Salon Zen&amp;Bio Lyon","description":"salon Zen&amp;Bio Lyon : votre salon \u00e9colo, bio, bien-\u00eatre et habitat sain","publisher":{"@id":"http:\/\/www.salon-zenetbio.com\/lyon\/#organization"},"potentialAction":[{"@type":"SearchAction","target":{"@type":"EntryPoint","urlTemplate":"http:\/\/www.salon-zenetbio.com\/lyon\/?s={search_term_string}"},"query-input":{"@type":"PropertyValueSpecification","valueRequired":true,"valueName":"search_term_string"}}],"inLanguage":"fr-FR"},{"@type":"Organization","@id":"http:\/\/www.salon-zenetbio.com\/lyon\/#organization","name":"Salon Zen&amp;Bio Lyon","url":"http:\/\/www.salon-zenetbio.com\/lyon\/","logo":{"@type":"ImageObject","inLanguage":"fr-FR","@id":"http:\/\/www.salon-zenetbio.com\/lyon\/#\/schema\/logo\/image\/","url":"https:\/\/www.salon-zenetbio.com\/lyon\/wp-content\/uploads\/sites\/12\/2026\/03\/cropped-Logo-ZEN-et-BIO-lyon-2026-1.png","contentUrl":"https:\/\/www.salon-zenetbio.com\/lyon\/wp-content\/uploads\/sites\/12\/2026\/03\/cropped-Logo-ZEN-et-BIO-lyon-2026-1.png","width":921,"height":255,"caption":"Salon Zen&amp;Bio Lyon"},"image":{"@id":"http:\/\/www.salon-zenetbio.com\/lyon\/#\/schema\/logo\/image\/"}}]}},"_links":{"self":[{"href":"https:\/\/www.salon-zenetbio.com\/lyon\/wp-json\/wp\/v2\/pages\/10626","targetHints":{"allow":["GET"]}}],"collection":[{"href":"https:\/\/www.salon-zenetbio.com\/lyon\/wp-json\/wp\/v2\/pages"}],"about":[{"href":"https:\/\/www.salon-zenetbio.com\/lyon\/wp-json\/wp\/v2\/types\/page"}],"author":[{"embeddable":true,"href":"https:\/\/www.salon-zenetbio.com\/lyon\/wp-json\/wp\/v2\/users\/6"}],"replies":[{"embeddable":true,"href":"https:\/\/www.salon-zenetbio.com\/lyon\/wp-json\/wp\/v2\/comments?post=10626"}],"version-history":[{"count":1,"href":"https:\/\/www.salon-zenetbio.com\/lyon\/wp-json\/wp\/v2\/pages\/10626\/revisions"}],"predecessor-version":[{"id":10627,"href":"https:\/\/www.salon-zenetbio.com\/lyon\/wp-json\/wp\/v2\/pages\/10626\/revisions\/10627"}],"wp:attachment":[{"href":"https:\/\/www.salon-zenetbio.com\/lyon\/wp-json\/wp\/v2\/media?parent=10626"}],"curies":[{"name":"wp","href":"https:\/\/api.w.org\/{rel}","templated":true}]}}