{"id":11920,"date":"2025-04-30T12:42:42","date_gmt":"2025-04-30T10:42:42","guid":{"rendered":"https:\/\/www.salon-zenetbio.com\/lyon\/?page_id=11920"},"modified":"2025-04-30T12:42:42","modified_gmt":"2025-04-30T10:42:42","slug":"espace-parentalite-2024","status":"publish","type":"page","link":"https:\/\/www.salon-zenetbio.com\/lyon\/espace-parentalite-2024\/","title":{"rendered":"Espace parentalit\u00e9 2024"},"content":{"rendered":"<p><img fetchpriority=\"high\" decoding=\"async\" class=\"wp-image-15684 aligncenter\" src=\"https:\/\/www.salon-zenetbio.com\/nantes\/wp-content\/uploads\/sites\/7\/2024\/07\/Design-sans-titre-300x116.png\" alt=\"\" width=\"659\" height=\"255\" \/><\/p>\n<p>Un espace vivant d\u00e9di\u00e9 \u00e0 la famille<\/p>\n<h2>Vendredi 15 novembre<\/h2>\n<p><span style=\"color: #9fce63;\"><strong> 14:30<\/strong><\/span> Mieux communiquer en famille (conf\u00e9rence participative)<em><strong> &#8211; Sabine Bonnet-Gonnet\u00a0<\/strong><\/em><br \/>\n<span style=\"color: #9fce63;\"><strong>17:30<\/strong><\/span> Vivre avec un ado&#8230; c\u2019est chouette ! <em><strong>&#8211; Nathalie Beal-Guillaume <\/strong><\/em><\/p>\n<h2>Samedi 16 novembre<\/h2>\n<p><span style=\"color: #9fce63;\"><strong>11:00<\/strong><\/span> Activit\u00e9 cr\u00e9ative autour de la naissance <em><strong>&#8211; Sabine Bonnet-Gonnet\u00a0<\/strong><\/em><br \/>\n<span style=\"color: #9fce63;\"><strong>15:00<\/strong><\/span> Cadre, r\u00e8gles, limites, qu\u00e9sako ? <em><strong>&#8211; Nathalie Beal-Guillaume <\/strong><\/em><\/p>\n<h2>Dimanche 17 novembre<\/h2>\n<p><span style=\"color: #9fce63;\"><strong>11:00<\/strong><\/span> Le jeu pour nous relier <strong><em>&#8211;<\/em> Sabine Bonnet-Gonnet<\/strong><br \/>\n<span style=\"color: #9fce63;\"><strong>15:00<\/strong><\/span> Pour un monde plus serein, osons parler Violences Educatives Ordinaires (Temps d&rsquo;\u00e9changes) <em><strong>&#8211; Nathalie Beal-Guillaume\u00a0<\/strong><\/em><\/p>\n<p>&nbsp;<\/p>\n<h3><strong>Bienvenue chez S&rsquo;Aimer des Graines,<img decoding=\"async\" class=\"alignright wp-image-11001 \" src=\"https:\/\/www.salon-zenetbio.com\/lyon\/wp-content\/uploads\/sites\/12\/2024\/09\/Sans-titre-e1725523308508-284x300.png\" alt=\"\" width=\"230\" height=\"243\" srcset=\"https:\/\/www.salon-zenetbio.com\/lyon\/wp-content\/uploads\/sites\/12\/2024\/09\/Sans-titre-e1725523308508-284x300.png 284w, https:\/\/www.salon-zenetbio.com\/lyon\/wp-content\/uploads\/sites\/12\/2024\/09\/Sans-titre-e1725523308508-150x159.png 150w, https:\/\/www.salon-zenetbio.com\/lyon\/wp-content\/uploads\/sites\/12\/2024\/09\/Sans-titre-e1725523308508.png 293w\" sizes=\"(max-width: 230px) 100vw, 230px\" \/><\/strong><\/h3>\n<p>Une invitation \u00e0 devenir jardinier.<\/p>\n<p>Parent, professionnels, je vous invite \u00e0 consid\u00e9rer l&rsquo;enfant comme un jardin ou une graine, l&rsquo;arroser, en prendre soin et l&rsquo;observer grandir.<br \/>\nPatient, le parent jardinier cultive la confiance, pour une croissance vers l&rsquo;autonomie, tandis qu&rsquo;exigeant, le parent potier fa\u00e7onne pour modeler une forme, miroir de ses esp\u00e9rances.<\/p>\n<p>Je vous accompagne dans des temps d&rsquo;\u00e9changes, de cr\u00e9ativit\u00e9, d&rsquo;introspection, de jeux&#8230; afin que chacun puisse trouver plus de s\u00e9r\u00e9nit\u00e9 et de douceur au quotidien.<\/p>\n<p>Je vous invite \u00e0 cheminer, prendre conscience de vos forces et capacit\u00e9s, vous partage des clefs et des outils, afin que vous trouviez vous-m\u00eame ce qui est juste pour vous.<\/p>\n<p>Je mets ma cr\u00e9ativit\u00e9 \u00e0 votre service, pour que vous puissiez vous r\u00e9v\u00e9lez.<\/p>\n<p>Mon accompagnement s&rsquo;appuie sur les derni\u00e8res recherches en neurosciences et la communication non-violente.<\/p>\n<p>Femmes, je vous propose un accompagnement au c\u0153ur du f\u00e9minin.<\/p>\n<p>Rencontres \u00e0 th\u00e8me, cercles de parole, rituels, c\u00e9r\u00e9monies, massage au tissu rebozo.<\/p>\n<p>Pour que chacune puisse se poser, se d\u00e9poser, vivre la sororit\u00e9.<\/p>\n<p>Se retrouver elles-m\u00eames et entre elles, pour grandir ensemble.<\/p>\n<p>\u00ab\u00a0On ne tire pas sur la tige de la fleur, on l&rsquo;arrose et l&rsquo;observe grandir&#8230;patiemment.\u00a0\u00bb<\/p>\n<p><a href=\"mailto:saimerdesgraines@outlook.fr\">saimerdesgraines@outlook.fr<\/a> &#8211;\u00a0<a href=\"https:\/\/saimerdesgraines.wixsite.com\/s-aimer-des-graines\" target=\"_blank\" rel=\"noopener\">saimerdesgraines.wixsite.com<\/a><\/p>\n<p>&nbsp;<\/p>\n<h3><strong>Nathalie Beal-Guillaume <img decoding=\"async\" class=\" wp-image-11002 alignright\" src=\"https:\/\/www.salon-zenetbio.com\/lyon\/wp-content\/uploads\/sites\/12\/2024\/09\/Sans-titre-1-300x248.png\" alt=\"\" width=\"252\" height=\"208\" srcset=\"https:\/\/www.salon-zenetbio.com\/lyon\/wp-content\/uploads\/sites\/12\/2024\/09\/Sans-titre-1-300x248.png 300w, https:\/\/www.salon-zenetbio.com\/lyon\/wp-content\/uploads\/sites\/12\/2024\/09\/Sans-titre-1-150x124.png 150w, https:\/\/www.salon-zenetbio.com\/lyon\/wp-content\/uploads\/sites\/12\/2024\/09\/Sans-titre-1.png 366w\" sizes=\"(max-width: 252px) 100vw, 252px\" \/><\/strong><\/h3>\n<p>Je suis Nathalie BEAL \u2013 GUILLAUME, consultante en parentalit\u00e9 et formatrice, mais avant tout maman de 5 enfants !<br \/>\nJe fais donc face, chaque jour, depuis 18 ans aux merveilles et aux d\u00e9fis de la parentalit\u00e9.<\/p>\n<p>Parce qu\u2019il faut tout un village pour \u00e9lever un enfant, j\u2019ai choisi de me former sp\u00e9cifiquement pour accompagner d&rsquo;autres parents mais aussi tous les professionnels qui accueillent des enfants.<\/p>\n<p>En cr\u00e9ant PARENTSVIE \u00e0 Lyon, je suis devenue un petit bout de ce village afin de vous soutenir, parents, futurs parents ou grands-parents, dans ce r\u00f4le qui nous questionne souvent.<\/p>\n<p>Je vous propose :<\/p>\n<ul>\n<li>De prendre le temps d\u2019\u00eatre \u00e9cout\u00e9s, de vous connecter \u00e0 vos besoins de parents pour mieux vous reconnecter \u00e0 votre famille.<\/li>\n<li>Des outils simples et rapides pour vous aider \u00e0 faire de votre mieux chaque jour.<\/li>\n<li>Un espace pour prendre soin de vous, pour que vous puissiez prendre soin de ceux qui vous sont le plus chers.<\/li>\n<\/ul>\n<p>Seul.e, en couple ou au sein d\u2019un groupe de parents, dans un cadre chaleureux, en dehors de toute injonction, je vous invite \u00e0 explorer les th\u00e8mes qui vous tiennent \u00e0 c\u0153ur pour faire grandir vos enfants.<br \/>\nSp\u00e9cialiste de la relation, je vous accompagne\u00a0pour un quotidien apais\u00e9, moins de cris et plus de rires.<\/p>\n<p>\u00ab\u00a0<em>Une Soci\u00e9t\u00e9 qui tient \u00e0 ses enfants doit veiller sur leurs parents<\/em>\u00a0\u00bb John Bowlby.<\/p>\n<p>171 Cours Dr Long 69003 LYON &#8211;\u00a0<a href=\"mailto:nbg@parentsvie.fr\">nbg@parentsvie.fr<\/a> &#8211; <a href=\"http:\/\/www.parentsvie.fr\" target=\"_blank\" rel=\"noopener\">www.parentsvie.fr<\/a><\/p>\n","protected":false},"excerpt":{"rendered":"<p>Un espace vivant d\u00e9di\u00e9 \u00e0 la famille Vendredi 15 novembre 14:30 Mieux communiquer en famille (conf\u00e9rence participative) &#8211; Sabine Bonnet-Gonnet\u00a0 17:30 Vivre avec un ado&#8230; c\u2019est chouette ! &#8211; Nathalie Beal-Guillaume Samedi 16 novembre 11:00 Activit\u00e9 cr\u00e9ative autour de la naissance &#8211; Sabine Bonnet-Gonnet\u00a0 15:00 Cadre, r\u00e8gles, limites, qu\u00e9sako ? &#8211; Nathalie Beal-Guillaume Dimanche 17&hellip; <\/p>\n","protected":false},"author":6,"featured_media":0,"parent":0,"menu_order":0,"comment_status":"closed","ping_status":"closed","template":"","meta":{"_monsterinsights_skip_tracking":false,"_monsterinsights_sitenote_active":false,"_monsterinsights_sitenote_note":"","_monsterinsights_sitenote_category":0,"footnotes":""},"class_list":["post-11920","page","type-page","status-publish","hentry"],"yoast_head":"<!-- This site is optimized with the Yoast SEO plugin v27.3 - https:\/\/yoast.com\/product\/yoast-seo-wordpress\/ -->\n<title>Espace parentalit\u00e9 2024 - Salon Zen&amp;Bio Lyon<\/title>\n<meta name=\"robots\" content=\"index, follow, max-snippet:-1, max-image-preview:large, max-video-preview:-1\" \/>\n<link rel=\"canonical\" href=\"https:\/\/www.salon-zenetbio.com\/lyon\/espace-parentalite-2024\/\" \/>\n<meta property=\"og:locale\" content=\"fr_FR\" \/>\n<meta property=\"og:type\" content=\"article\" \/>\n<meta property=\"og:title\" content=\"Espace parentalit\u00e9 2024 - Salon Zen&amp;Bio Lyon\" \/>\n<meta property=\"og:description\" content=\"Un espace vivant d\u00e9di\u00e9 \u00e0 la famille Vendredi 15 novembre 14:30 Mieux communiquer en famille (conf\u00e9rence participative) &#8211; Sabine Bonnet-Gonnet\u00a0 17:30 Vivre avec un ado&#8230; c\u2019est chouette ! &#8211; Nathalie Beal-Guillaume Samedi 16 novembre 11:00 Activit\u00e9 cr\u00e9ative autour de la naissance &#8211; Sabine Bonnet-Gonnet\u00a0 15:00 Cadre, r\u00e8gles, limites, qu\u00e9sako ? &#8211; Nathalie Beal-Guillaume Dimanche 17&hellip;\" \/>\n<meta property=\"og:url\" content=\"https:\/\/www.salon-zenetbio.com\/lyon\/espace-parentalite-2024\/\" \/>\n<meta property=\"og:site_name\" content=\"Salon Zen&amp;Bio Lyon\" \/>\n<meta property=\"og:image\" content=\"https:\/\/www.salon-zenetbio.com\/nantes\/wp-content\/uploads\/sites\/7\/2024\/07\/Design-sans-titre-300x116.png\" \/>\n<meta name=\"twitter:card\" content=\"summary_large_image\" \/>\n<script type=\"application\/ld+json\" class=\"yoast-schema-graph\">{\"@context\":\"https:\\\/\\\/schema.org\",\"@graph\":[{\"@type\":\"WebPage\",\"@id\":\"https:\\\/\\\/www.salon-zenetbio.com\\\/lyon\\\/espace-parentalite-2024\\\/\",\"url\":\"https:\\\/\\\/www.salon-zenetbio.com\\\/lyon\\\/espace-parentalite-2024\\\/\",\"name\":\"Espace parentalit\u00e9 2024 - Salon Zen&amp;Bio Lyon\",\"isPartOf\":{\"@id\":\"http:\\\/\\\/www.salon-zenetbio.com\\\/lyon\\\/#website\"},\"primaryImageOfPage\":{\"@id\":\"https:\\\/\\\/www.salon-zenetbio.com\\\/lyon\\\/espace-parentalite-2024\\\/#primaryimage\"},\"image\":{\"@id\":\"https:\\\/\\\/www.salon-zenetbio.com\\\/lyon\\\/espace-parentalite-2024\\\/#primaryimage\"},\"thumbnailUrl\":\"https:\\\/\\\/www.salon-zenetbio.com\\\/nantes\\\/wp-content\\\/uploads\\\/sites\\\/7\\\/2024\\\/07\\\/Design-sans-titre-300x116.png\",\"datePublished\":\"2025-04-30T10:42:42+00:00\",\"breadcrumb\":{\"@id\":\"https:\\\/\\\/www.salon-zenetbio.com\\\/lyon\\\/espace-parentalite-2024\\\/#breadcrumb\"},\"inLanguage\":\"fr-FR\",\"potentialAction\":[{\"@type\":\"ReadAction\",\"target\":[\"https:\\\/\\\/www.salon-zenetbio.com\\\/lyon\\\/espace-parentalite-2024\\\/\"]}]},{\"@type\":\"ImageObject\",\"inLanguage\":\"fr-FR\",\"@id\":\"https:\\\/\\\/www.salon-zenetbio.com\\\/lyon\\\/espace-parentalite-2024\\\/#primaryimage\",\"url\":\"https:\\\/\\\/www.salon-zenetbio.com\\\/nantes\\\/wp-content\\\/uploads\\\/sites\\\/7\\\/2024\\\/07\\\/Design-sans-titre-300x116.png\",\"contentUrl\":\"https:\\\/\\\/www.salon-zenetbio.com\\\/nantes\\\/wp-content\\\/uploads\\\/sites\\\/7\\\/2024\\\/07\\\/Design-sans-titre-300x116.png\"},{\"@type\":\"BreadcrumbList\",\"@id\":\"https:\\\/\\\/www.salon-zenetbio.com\\\/lyon\\\/espace-parentalite-2024\\\/#breadcrumb\",\"itemListElement\":[{\"@type\":\"ListItem\",\"position\":1,\"name\":\"Accueil\",\"item\":\"http:\\\/\\\/www.salon-zenetbio.com\\\/lyon\\\/\"},{\"@type\":\"ListItem\",\"position\":2,\"name\":\"Espace parentalit\u00e9 2024\"}]},{\"@type\":\"WebSite\",\"@id\":\"http:\\\/\\\/www.salon-zenetbio.com\\\/lyon\\\/#website\",\"url\":\"http:\\\/\\\/www.salon-zenetbio.com\\\/lyon\\\/\",\"name\":\"Salon Zen&amp;Bio Lyon\",\"description\":\"salon Zen&amp;Bio Lyon : votre salon \u00e9colo, bio, bien-\u00eatre et habitat sain\",\"publisher\":{\"@id\":\"http:\\\/\\\/www.salon-zenetbio.com\\\/lyon\\\/#organization\"},\"potentialAction\":[{\"@type\":\"SearchAction\",\"target\":{\"@type\":\"EntryPoint\",\"urlTemplate\":\"http:\\\/\\\/www.salon-zenetbio.com\\\/lyon\\\/?s={search_term_string}\"},\"query-input\":{\"@type\":\"PropertyValueSpecification\",\"valueRequired\":true,\"valueName\":\"search_term_string\"}}],\"inLanguage\":\"fr-FR\"},{\"@type\":\"Organization\",\"@id\":\"http:\\\/\\\/www.salon-zenetbio.com\\\/lyon\\\/#organization\",\"name\":\"Salon Zen&amp;Bio Lyon\",\"url\":\"http:\\\/\\\/www.salon-zenetbio.com\\\/lyon\\\/\",\"logo\":{\"@type\":\"ImageObject\",\"inLanguage\":\"fr-FR\",\"@id\":\"http:\\\/\\\/www.salon-zenetbio.com\\\/lyon\\\/#\\\/schema\\\/logo\\\/image\\\/\",\"url\":\"https:\\\/\\\/www.salon-zenetbio.com\\\/lyon\\\/wp-content\\\/uploads\\\/sites\\\/12\\\/2026\\\/03\\\/cropped-Logo-ZEN-et-BIO-lyon-2026-1.png\",\"contentUrl\":\"https:\\\/\\\/www.salon-zenetbio.com\\\/lyon\\\/wp-content\\\/uploads\\\/sites\\\/12\\\/2026\\\/03\\\/cropped-Logo-ZEN-et-BIO-lyon-2026-1.png\",\"width\":921,\"height\":255,\"caption\":\"Salon Zen&amp;Bio Lyon\"},\"image\":{\"@id\":\"http:\\\/\\\/www.salon-zenetbio.com\\\/lyon\\\/#\\\/schema\\\/logo\\\/image\\\/\"}}]}<\/script>\n<!-- \/ Yoast SEO plugin. -->","yoast_head_json":{"title":"Espace parentalit\u00e9 2024 - Salon Zen&amp;Bio Lyon","robots":{"index":"index","follow":"follow","max-snippet":"max-snippet:-1","max-image-preview":"max-image-preview:large","max-video-preview":"max-video-preview:-1"},"canonical":"https:\/\/www.salon-zenetbio.com\/lyon\/espace-parentalite-2024\/","og_locale":"fr_FR","og_type":"article","og_title":"Espace parentalit\u00e9 2024 - Salon Zen&amp;Bio Lyon","og_description":"Un espace vivant d\u00e9di\u00e9 \u00e0 la famille Vendredi 15 novembre 14:30 Mieux communiquer en famille (conf\u00e9rence participative) &#8211; Sabine Bonnet-Gonnet\u00a0 17:30 Vivre avec un ado&#8230; c\u2019est chouette ! &#8211; Nathalie Beal-Guillaume Samedi 16 novembre 11:00 Activit\u00e9 cr\u00e9ative autour de la naissance &#8211; Sabine Bonnet-Gonnet\u00a0 15:00 Cadre, r\u00e8gles, limites, qu\u00e9sako ? &#8211; Nathalie Beal-Guillaume Dimanche 17&hellip;","og_url":"https:\/\/www.salon-zenetbio.com\/lyon\/espace-parentalite-2024\/","og_site_name":"Salon Zen&amp;Bio Lyon","og_image":[{"url":"https:\/\/www.salon-zenetbio.com\/nantes\/wp-content\/uploads\/sites\/7\/2024\/07\/Design-sans-titre-300x116.png","type":"","width":"","height":""}],"twitter_card":"summary_large_image","schema":{"@context":"https:\/\/schema.org","@graph":[{"@type":"WebPage","@id":"https:\/\/www.salon-zenetbio.com\/lyon\/espace-parentalite-2024\/","url":"https:\/\/www.salon-zenetbio.com\/lyon\/espace-parentalite-2024\/","name":"Espace parentalit\u00e9 2024 - Salon Zen&amp;Bio Lyon","isPartOf":{"@id":"http:\/\/www.salon-zenetbio.com\/lyon\/#website"},"primaryImageOfPage":{"@id":"https:\/\/www.salon-zenetbio.com\/lyon\/espace-parentalite-2024\/#primaryimage"},"image":{"@id":"https:\/\/www.salon-zenetbio.com\/lyon\/espace-parentalite-2024\/#primaryimage"},"thumbnailUrl":"https:\/\/www.salon-zenetbio.com\/nantes\/wp-content\/uploads\/sites\/7\/2024\/07\/Design-sans-titre-300x116.png","datePublished":"2025-04-30T10:42:42+00:00","breadcrumb":{"@id":"https:\/\/www.salon-zenetbio.com\/lyon\/espace-parentalite-2024\/#breadcrumb"},"inLanguage":"fr-FR","potentialAction":[{"@type":"ReadAction","target":["https:\/\/www.salon-zenetbio.com\/lyon\/espace-parentalite-2024\/"]}]},{"@type":"ImageObject","inLanguage":"fr-FR","@id":"https:\/\/www.salon-zenetbio.com\/lyon\/espace-parentalite-2024\/#primaryimage","url":"https:\/\/www.salon-zenetbio.com\/nantes\/wp-content\/uploads\/sites\/7\/2024\/07\/Design-sans-titre-300x116.png","contentUrl":"https:\/\/www.salon-zenetbio.com\/nantes\/wp-content\/uploads\/sites\/7\/2024\/07\/Design-sans-titre-300x116.png"},{"@type":"BreadcrumbList","@id":"https:\/\/www.salon-zenetbio.com\/lyon\/espace-parentalite-2024\/#breadcrumb","itemListElement":[{"@type":"ListItem","position":1,"name":"Accueil","item":"http:\/\/www.salon-zenetbio.com\/lyon\/"},{"@type":"ListItem","position":2,"name":"Espace parentalit\u00e9 2024"}]},{"@type":"WebSite","@id":"http:\/\/www.salon-zenetbio.com\/lyon\/#website","url":"http:\/\/www.salon-zenetbio.com\/lyon\/","name":"Salon Zen&amp;Bio Lyon","description":"salon Zen&amp;Bio Lyon : votre salon \u00e9colo, bio, bien-\u00eatre et habitat sain","publisher":{"@id":"http:\/\/www.salon-zenetbio.com\/lyon\/#organization"},"potentialAction":[{"@type":"SearchAction","target":{"@type":"EntryPoint","urlTemplate":"http:\/\/www.salon-zenetbio.com\/lyon\/?s={search_term_string}"},"query-input":{"@type":"PropertyValueSpecification","valueRequired":true,"valueName":"search_term_string"}}],"inLanguage":"fr-FR"},{"@type":"Organization","@id":"http:\/\/www.salon-zenetbio.com\/lyon\/#organization","name":"Salon Zen&amp;Bio Lyon","url":"http:\/\/www.salon-zenetbio.com\/lyon\/","logo":{"@type":"ImageObject","inLanguage":"fr-FR","@id":"http:\/\/www.salon-zenetbio.com\/lyon\/#\/schema\/logo\/image\/","url":"https:\/\/www.salon-zenetbio.com\/lyon\/wp-content\/uploads\/sites\/12\/2026\/03\/cropped-Logo-ZEN-et-BIO-lyon-2026-1.png","contentUrl":"https:\/\/www.salon-zenetbio.com\/lyon\/wp-content\/uploads\/sites\/12\/2026\/03\/cropped-Logo-ZEN-et-BIO-lyon-2026-1.png","width":921,"height":255,"caption":"Salon Zen&amp;Bio Lyon"},"image":{"@id":"http:\/\/www.salon-zenetbio.com\/lyon\/#\/schema\/logo\/image\/"}}]}},"_links":{"self":[{"href":"https:\/\/www.salon-zenetbio.com\/lyon\/wp-json\/wp\/v2\/pages\/11920","targetHints":{"allow":["GET"]}}],"collection":[{"href":"https:\/\/www.salon-zenetbio.com\/lyon\/wp-json\/wp\/v2\/pages"}],"about":[{"href":"https:\/\/www.salon-zenetbio.com\/lyon\/wp-json\/wp\/v2\/types\/page"}],"author":[{"embeddable":true,"href":"https:\/\/www.salon-zenetbio.com\/lyon\/wp-json\/wp\/v2\/users\/6"}],"replies":[{"embeddable":true,"href":"https:\/\/www.salon-zenetbio.com\/lyon\/wp-json\/wp\/v2\/comments?post=11920"}],"version-history":[{"count":1,"href":"https:\/\/www.salon-zenetbio.com\/lyon\/wp-json\/wp\/v2\/pages\/11920\/revisions"}],"predecessor-version":[{"id":11921,"href":"https:\/\/www.salon-zenetbio.com\/lyon\/wp-json\/wp\/v2\/pages\/11920\/revisions\/11921"}],"wp:attachment":[{"href":"https:\/\/www.salon-zenetbio.com\/lyon\/wp-json\/wp\/v2\/media?parent=11920"}],"curies":[{"name":"wp","href":"https:\/\/api.w.org\/{rel}","templated":true}]}}