{"id":5797,"date":"2019-05-07T15:13:43","date_gmt":"2019-05-07T13:13:43","guid":{"rendered":"https:\/\/www.vivez-nature.com\/lyon\/?page_id=5797"},"modified":"2019-05-07T15:13:43","modified_gmt":"2019-05-07T13:13:43","slug":"conferences-2018","status":"publish","type":"page","link":"https:\/\/www.salon-zenetbio.com\/lyon\/conferences-2018\/","title":{"rendered":"Conf\u00e9rences 2018"},"content":{"rendered":"<p>Plus de 50 ateliers conf\u00e9rences sont organis\u00e9s pour vous permettre de d\u00e9couvrir et de mieux comprendre les m\u00e9thodes et les produits pr\u00e9sent\u00e9s sur le salon.<\/p>\n<p><span style=\"color: #3366ff\"><strong>Salle BELLECOUR<br \/>\n<\/strong><\/span><span style=\"color: #ff00ff\"><strong>Salle CROIX ROUSSE<\/strong><\/span><\/p>\n<h3><strong><u>VENDREDI 16 NOVEMBRE<\/u><\/strong><\/h3>\n<p><span style=\"color: #ff00ff\"><strong>11:00 <\/strong><\/span>Combattre ces fl\u00e9aux alimentaires qui nous mettent en danger, par la vraie di\u00e9to-nutrition et la naturopathie &#8211; <span style=\"color: #808080\"><em><span style=\"font-size: 12pt\">Luc Le M\u00e9tayer\u00a0<\/span><strong><span style=\"font-size: 12pt\"><br \/>\n<\/span><\/strong><\/em><\/span><strong><span style=\"color: #3366ff\">11:00<\/span> <\/strong>\u00a0Comment devenir naturopathe professionnel et vivre pleinement de son activit\u00e9 ? &#8211; <span style=\"color: #808080\"><em>Renaud Richet<\/em><\/span><strong><br \/>\n<\/strong><span style=\"color: #3366ff\"><strong>12:00 <\/strong><\/span>Irrigation colonique &#8211; Je\u00fbne et Sant\u00e9 &#8211; <span style=\"color: #808080\"><em>Dominique Bourdin<strong><br \/>\n<\/strong><\/em><\/span><span style=\"color: #ff00ff\"><strong>12:00 <\/strong><\/span>Les Min\u00e9raux dans notre Vie : G\u00e9ologie &#8211; Gemmologie &#8211; Lithoth\u00e9rapie &#8211;\u00a0<span style=\"color: #808080\"><em><span style=\"font-size: 12pt\">Jean-<\/span><span style=\"font-size: 12pt\">Claude Kennedec<strong><br \/>\n<\/strong><\/span><\/em><\/span><span style=\"color: #3366ff\"><strong>13:00<\/strong>\u00a0<\/span>Naturopathie et traitement naturels : comment obtenir plus de r\u00e9sultats sans se faire avoir ? &#8211; <em><span style=\"color: #808080\">Renaud Richet<\/span><\/em><strong><br \/>\n<\/strong><span style=\"color: #ff00ff\"><strong>13:00 <\/strong><\/span>Comment l&rsquo;intuition et le pouvoir de la pens\u00e9e attirent le meilleur ? &#8211;\u00a0<span style=\"color: #808080\"><em><span style=\"font-size: 12pt\">Gilles Guyon<strong><br \/>\n<\/strong><\/span><\/em><\/span><span style=\"color: #3366ff\"><strong>14:00 <\/strong><\/span>L&rsquo;approche naturopatique et quantique de la sant\u00e9 &#8211; <span style=\"color: #808080\"><em><span style=\"font-size: 12pt\">Philippe Cleyet Merle<strong><br \/>\n<\/strong><\/span><\/em><\/span><span style=\"color: #ff00ff\"><strong>14:00 <\/strong><span style=\"color: #ff0000\"><del>L&rsquo;\u00e9tonnant pouvoir des couleurs et leurs influences &#8211; Thierry Bertucat<\/del> <\/span><span style=\"color: #ff0000\">annul\u00e9 et remplac\u00e9 par <span style=\"color: #333333\">Hypnose et autohypnose d&rsquo;aujourd&rsquo;hui. De la Th\u00e9rapie vers la spiritualit\u00e9 &#8211;<\/span> <em><span style=\"color: #808080\">Arm\u00e9nico Da Costa<\/span><\/em><\/span><\/span><span style=\"color: #808080\"><em><span style=\"font-size: 12pt\"><strong><br \/>\n<\/strong><\/span><\/em><\/span><span style=\"color: #3366ff\"><strong>15:00 <\/strong><\/span>Le fascia, objet essentiel du Bain D\u00e9rivatif : comment le faire travailler ? &#8211;\u00a0<span style=\"color: #808080\"><em><span style=\"font-size: 12pt\">France Guillain<strong><br \/>\n<\/strong><\/span><\/em><\/span><strong><span style=\"color: #ff00ff\">15:00<\/span> <\/strong>D\u00e9couvrez la phototh\u00e9rapie et ses effets sur le rajeunissement de la peau &#8211;\u00a0<span style=\"color: #808080\"><em><span style=\"font-size: 12pt\">Chantal Joye<strong><br \/>\n<\/strong><\/span><\/em><\/span><span style=\"color: #3366ff\"><strong>16:00 <\/strong><\/span>Les couleurs au service de la sant\u00e9 &#8211; <span style=\"color: #808080\"><em><span style=\"font-size: 12pt\">Dominique Bourdin<strong><br \/>\n<\/strong><\/span><\/em><\/span><span style=\"color: #ff00ff\"><strong>16:00 <\/strong><\/span>Comment booster sa r\u00e9g\u00e9n\u00e9ration cellulaire naturellement ? &#8211; <span style=\"color: #808080\"><em><span style=\"font-size: 12pt\">Renaud Richet<strong><br \/>\n<\/strong><\/span><\/em><\/span><span style=\"color: #3366ff\"><strong>17:00 <\/strong><\/span>Le merveilleux pouvoir de votre inconscient &#8211; <span style=\"color: #808080\"><em><span style=\"font-size: 12pt\">Lionel Agullo<strong><br \/>\n<\/strong><\/span><\/em><\/span><span style=\"color: #ff00ff\"><strong>17:00 <\/strong><\/span>Accompagner le l\u00e2cher prise au quotidien avec des cristaux &#8211; <span style=\"color: #808080\"><em><span style=\"font-size: 12pt\">Wydiane Khaoua<strong><br \/>\n<\/strong><\/span><\/em><\/span><span style=\"color: #3366ff\"><strong>18:00 <\/strong><\/span>La r\u00e9gulation du syst\u00e8me digestif en r\u00e9flexoth\u00e9rapies combin\u00e9es &#8211;\u00a0<span style=\"font-size: 12pt\"><em><span style=\"color: #808080\">REF Formations\u00a0 \u00a0<\/span><\/em>\u00a0\u00a0\u00a0\u00a0\u00a0\u00a0\u00a0\u00a0\u00a0\u00a0<br \/>\n<\/span><span style=\"color: #ff00ff\"><strong>18:00 <\/strong><\/span>Pratiques ta\u00efwanaises &#8211;\u00a0<span style=\"color: #808080\"><em><span style=\"font-size: 12pt\">Estelle Besson et Marie De Oliveira<\/span><\/em><\/span><\/p>\n<p>&nbsp;<\/p>\n<h3><strong><u>SAMEDI 17 NOVEMBRE<\/u><\/strong><\/h3>\n<p><strong><span style=\"color: #ff00ff\">11:00<\/span> <\/strong>Artas : Agir en pleine conscience de soi : des mots ou une r\u00e9alit\u00e9? &#8211;\u00a0<span style=\"color: #808080\"><em>Josiane et Jean Luc Tournier<\/em> <strong><br \/>\n<\/strong><\/span><span style=\"color: #3366ff\"><strong>11:00 <\/strong><\/span>Les compl\u00e9ments alimentaires sont-ils r\u00e9ellement naturopathiques? &#8211;\u00a0<span style=\"color: #808080\"><em>Renaud Richet<\/em><strong><br \/>\n<\/strong><\/span><span style=\"color: #ff00ff\"><strong>12:00 <\/strong><\/span>Red\u00e9couvrir le bicarbonate, l&rsquo;ortie et le pissenlit &#8211; <span style=\"color: #808080\"><em>Christophe Esnault et Josette <\/em><em>Lescouarch<\/em><strong><br \/>\n<\/strong><\/span><strong><span style=\"color: #3366ff\">12:00<\/span> <\/strong>Ortho-Bionomy\u00ae : de la tension \u00e0 l&rsquo;attention, comment le corps peut s&rsquo;auto- R\u00e9guler &#8211; <span style=\"color: #808080\"><em>Laure Demoisson<\/em><strong><br \/>\n<\/strong><\/span><span style=\"color: #ff00ff\"><strong>13:00 <\/strong><\/span>Les Min\u00e9raux dans notre Vie : G\u00e9ologie &#8211; Gemmologie \u2013 Lithoth\u00e9rapie &#8211;\u00a0<span style=\"color: #808080\"><em>Jean-Claude Kennedec<\/em><strong><br \/>\n<\/strong><\/span><span style=\"color: #3366ff\"><strong>13:00 <\/strong><\/span>L&rsquo;inflammation, d\u00e9clencheur de toutes les maladies d\u00e9g\u00e9n\u00e9ratives : comment l&rsquo;\u00e9liminer au quotidien ? &#8211; <span style=\"color: #808080\"><em>France Guillain<\/em><strong><br \/>\n<\/strong><\/span><span style=\"color: #ff00ff\"><strong>14:00 <\/strong><\/span>Les bols tib\u00e9tains : histoire, tradition et utilisation en massage sonore &#8211;\u00a0<span style=\"color: #808080\"><em>Alain M\u00e9traux<\/em><strong><br \/>\n<\/strong><\/span><span style=\"color: #3366ff\"><strong>14:00 <\/strong><\/span>AuraSpirit : quelle protection au quotidien ? &#8211; <span style=\"color: #808080\"><em>Anne Remy<\/em><strong><br \/>\n<\/strong><\/span><span style=\"color: #ff00ff\"><strong>15:00 <\/strong><\/span>Se lib\u00e9rer des pens\u00e9es parasites, c&rsquo;est possible ! &#8211; <span style=\"color: #808080\"><em>Mireille Forviez<\/em><strong><br \/>\n<\/strong><\/span><span style=\"color: #3366ff\"><strong>15:00 <\/strong><\/span>Les algues s\u00e9ch\u00e9es, aliments complets, \u00e9puratrices, vibratoires &#8211; <span style=\"color: #808080\"><em>Luc Le M\u00e9tayer <\/em><strong><br \/>\n<\/strong><\/span><span style=\"color: #ff00ff\"><strong>16:00 <\/strong><\/span>Le v\u00e9ritable argent collo\u00efdal &#8211;\u00a0<span style=\"color: #808080\"><em>Morgane Le Borgne<\/em><strong><br \/>\n<\/strong><\/span><span style=\"color: #3366ff\"><strong>16:00 <\/strong><\/span>La m\u00e9decine symbolique &#8211; <span style=\"color: #808080\"><em>C\u00e9line et Lucien Daverio<\/em><strong><br \/>\n<\/strong><\/span><span style=\"color: #ff00ff\"><strong>17:00 <\/strong><\/span>Le poids du pass\u00e9 de notre enfance agit sur le quotidien. Comprendre par le Health QiGong M\u00e9diation &#8211; <span style=\"color: #808080\"><em>Lucie D&rsquo;Orio<\/em> <strong><br \/>\n<\/strong><\/span><span style=\"color: #3366ff\"><strong>17:00 <\/strong><\/span>La pens\u00e9e positive et la loi d&rsquo;attraction par les forces \u00e9nerg\u00e9tiques des lettres\u00a0berb\u00e8res &#8211; <span style=\"color: #808080\"><em>Ben Azri<\/em><strong><br \/>\n<\/strong><\/span><span style=\"color: #ff00ff\"><strong>18:00 <\/strong><\/span>Le merveilleux pouvoir de votre inconscient &#8211; <span style=\"color: #808080\"><em>Lionel Agullo<\/em><strong><br \/>\n<\/strong><\/span><strong><span style=\"color: #3366ff\">18:00<\/span> <\/strong>Le yoga des yeux, une approche holistique de la vision &#8211; <em><span style=\"color: #808080\">Philippe Cleyet Merle<\/span><\/em><\/p>\n<h3>\u00a0<\/h3>\n<h3><strong><u>DIMANCHE 18 NOVEMBRE<\/u><\/strong><\/h3>\n<p><span style=\"color: #ff00ff\"><strong>11:00 <\/strong><\/span>AuraSpirit : quelle protection au quotidien ? &#8211; <span style=\"color: #808080\"><em>Anne Remy<\/em><strong><br \/>\n<\/strong><\/span><span style=\"color: #3366ff\"><strong>11:00 <\/strong><\/span>Se lib\u00e9rer des pens\u00e9es parasites, c&rsquo;est possible ! &#8211; <span style=\"color: #808080\"><em>Mireille Forviez<\/em><strong><br \/>\n<\/strong><\/span><strong><span style=\"color: #ff00ff\">12:00<\/span> <\/strong>Changer votre vie avec Theta Healing &#8211;\u00a0<span style=\"color: #808080\"><em>Sandrine Moirenc et Julie Bonnefoy<\/em><strong><br \/>\n<\/strong><\/span><span style=\"color: #3366ff\"><strong>12:00 <\/strong><\/span>L&rsquo;approche naturopatique et quantique de la sant\u00e9 &#8211; <span style=\"color: #808080\"><em>Philippe Cleyet Merle<\/em><strong><br \/>\n<\/strong><\/span><span style=\"color: #ff00ff\"><strong>13:00 <\/strong><\/span>Red\u00e9couvrir le bicarbonate, l&rsquo;ortie et le pissenlit &#8211; <span style=\"color: #808080\"><em>Christophe Esnault et Josette <\/em><em>Lescouarch<\/em><strong><br \/>\n<\/strong><\/span><span style=\"color: #3366ff\"><strong>13:00 <\/strong><\/span>L&rsquo;importance des prot\u00e9ines dans l&rsquo;alimentation quotidienne &#8211;\u00a0<span style=\"color: #808080\"><em>Thibaut Favre De Thierrens<\/em><strong><br \/>\n<\/strong><\/span><span style=\"color: #ff00ff\"><strong>14:00 <\/strong><\/span>Les bols de cristal : m\u00e9ditation et utilisation dans le vie quotidienne &#8211;\u00a0<span style=\"color: #808080\"><em>Alain M\u00e9traux<\/em><strong><br \/>\n<\/strong><\/span><span style=\"color: #3366ff\"><strong>14:00 <\/strong><\/span>Myrtille, cassis, argousier, aronia, cette alimentation oubli\u00e9e, vibratoire vivante et pourtant essentielle &#8211; <span style=\"color: #808080\"><em>Luc Le M\u00e9tayer<\/em> <strong><br \/>\n<\/strong><\/span><span style=\"color: #ff00ff\"><strong>15:00 <\/strong><\/span>Les plantes sauvages au service de nos douleurs et de notre sant\u00e9 &#8211;\u00a0<span style=\"color: #808080\"><em>Jean-Pol Clesse<\/em><strong><br \/>\n<\/strong><\/span><strong><span style=\"color: #3366ff\">15:00<\/span> <\/strong>Le merveilleux pouvoir de votre inconscient &#8211; <span style=\"color: #808080\"><em>Lionel Agullo<\/em><strong><br \/>\n<\/strong><\/span><span style=\"color: #ff00ff\"><strong>16:00 <\/strong><\/span>Curcuma, curcumine et naturopathie : la v\u00e9rit\u00e9 sur la plante la plus \u00e9tudi\u00e9e au Monde &#8211; <span style=\"color: #808080\"><em>Renaud Richet<\/em><strong><br \/>\n<\/strong><\/span><span style=\"color: #3366ff\"><strong>16:00 <\/strong><\/span>Comment trouver sa mission de vie, sa juste place avec le coaching intuitif ? &#8211;\u00a0<span style=\"color: #808080\"><em>Gilles Guyon<\/em><strong><br \/>\n<\/strong><\/span><span style=\"color: #ff00ff\"><strong>17:00 <\/strong><\/span>Am\u00e9liorer l&rsquo;intuition et la confiance en soi avec l&rsquo;aide des cristaux &#8211;\u00a0<span style=\"color: #808080\"><em>Wydiane Khaoua<\/em><strong><br \/>\n<\/strong><\/span><span style=\"color: #3366ff\"><strong>17:00 <\/strong><\/span>Harmoniser son lieu de vie, pourquoi, comment? &#8211; <span style=\"color: #808080\"><em>Marc Hild<\/em><strong><br \/>\n<\/strong><\/span><span style=\"color: #ff00ff\"><strong>18:00 <\/strong><\/span>L\u2019impact consid\u00e9rable du stress sur notre corps\u00a0: nouvelles solutions &#8211;\u00a0<span style=\"color: #808080\"><em>Jean Pierre Chamodot<\/em><strong><br \/>\n<\/strong><\/span><span style=\"color: #3366ff\"><strong>18:00 <\/strong><\/span>Quelles sont les qualit\u00e9s des eaux que nous consommons\u00a0? &#8211;\u00a0<em><span style=\"color: #808080\">Thibault Geluyckens<\/span><\/em><\/p>\n<p>&nbsp;<\/p>\n<h3><strong><u>LUNDI 19 NOVEMBRE<\/u><\/strong><\/h3>\n<p><span style=\"color: #ff00ff\"><strong>11:00 <\/strong><\/span>Les Min\u00e9raux dans notre Vie : G\u00e9ologie &#8211; Gemmologie \u2013 Lithoth\u00e9rapie &#8211;<strong><em>\u00a0<\/em><\/strong><span style=\"color: #808080\"><em>Jean-Claude Kennedec<\/em><strong><br \/>\n<\/strong><\/span><span style=\"color: #3366ff\"><strong>11:00 <\/strong><\/span>Devenir Coach-Naturopathe sp\u00e9cialis\u00e9 en Neurosciences pour donner du sens \u00e0 sa vie &#8211; <span style=\"color: #808080\"><em>Renaud Richet<\/em><\/span><strong><br \/>\n<\/strong><strong><span style=\"color: #ff00ff\">12:00<\/span> <\/strong>Nous devons changer notre alimentation, car nous sommes en p\u00e9ril , par notre\u00a0incoh\u00e9rence nutritionnelle &#8211;\u00a0<span style=\"color: #808080\"><em>Luc Le M\u00e9tayer \u00a0 \u00a0 \u00a0 \u00a0 \u00a0 \u00a0 \u00a0 \u00a0 \u00a0 \u00a0 \u00a0 \u00a0 \u00a0 \u00a0 \u00a0 \u00a0 \u00a0 \u00a0 \u00a0 \u00a0 \u00a0 \u00a0 \u00a0 \u00a0 \u00a0 \u00a0 \u00a0 \u00a0 \u00a0 \u00a0 \u00a0 \u00a0 \u00a0 \u00a0 \u00a0 \u00a0 \u00a0 \u00a0 \u00a0 \u00a0 \u00a0 \u00a0 \u00a0 \u00a0 \u00a0 \u00a0 \u00a0 \u00a0 \u00a0 \u00a0 \u00a0 \u00a0 \u00a0 \u00a0 \u00a0 \u00a0 \u00a0 \u00a0 \u00a0 \u00a0 \u00a0 \u00a0 \u00a0 \u00a0 \u00a0 \u00a0 \u00a0 \u00a0 \u00a0 \u00a0 \u00a0 \u00a0 \u00a0 \u00a0 \u00a0 \u00a0 \u00a0 \u00a0 \u00a0 <\/em><\/span><span style=\"color: #808080\"><span style=\"color: #3366ff\"><strong>12:00<\/strong><\/span><span style=\"color: #333333\"> Hypnoses et autohypnose d\u2019aujourd\u2019hui. De la Th\u00e9rapie vers la spiritualit\u00e9<\/span><em>\u00a0&#8211; Arm\u00e9nio Da Costa<\/em><strong><br \/>\n<\/strong><\/span><span style=\"color: #ff00ff\"><strong>13:00 <\/strong><\/span>La r\u00e9gulation du syst\u00e8me digestif en r\u00e9flexoth\u00e9rapies combin\u00e9es &#8211;\u00a0<span style=\"color: #808080\"><em>REF Formations<\/em><strong><br \/>\n<\/strong><\/span><span style=\"color: #3366ff\"><strong>13:00 <\/strong><\/span>Quelles sont les qualit\u00e9s des eaux que nous consommons\u00a0? &#8211;\u00a0<span style=\"color: #808080\"><em>Thibault Geluyckens<\/em><strong><br \/>\n<\/strong><\/span><span style=\"color: #ff00ff\"><strong>14:00 <\/strong><\/span>Quels om\u00e9ga 3 pour un maximum de r\u00e9sultat ? &#8211; <span style=\"color: #808080\"><em>Renaud Richet<\/em><strong><br \/>\n<\/strong><\/span><span style=\"color: #3366ff\"><strong>14:00 <\/strong><\/span>L&rsquo;approche naturopatique et quantique de la sant\u00e9 &#8211; <span style=\"color: #808080\"><em>Philippe Cleyet Merle<\/em><strong><br \/>\n<\/strong><\/span><span style=\"color: #ff00ff\"><strong>15:00 <\/strong><\/span>D\u00e9couvrez comment donner du sens \u00e0 ce qui vous arrive &#8230; et aux signaux de la vie ! &#8211; <span style=\"color: #808080\"><em>Gilles Guyon<\/em><strong><br \/>\n<\/strong><\/span><span style=\"color: #3366ff\"><strong>15:00 <\/strong><\/span>Le merveilleux pouvoir de votre inconscient &#8211; <span style=\"color: #808080\"><em>Lionel Agullo<\/em><strong><br \/>\n<\/strong><\/span><span style=\"color: #ff00ff\"><strong>16:00 <\/strong><\/span>Accompagner et faciliter les changements de vie par les cristaux &#8211;\u00a0<span style=\"color: #808080\"><em>Wydiane Khaoua<\/em><strong><br \/>\n<\/strong><\/span><span style=\"color: #3366ff\"><strong>16:00 <\/strong><\/span>Yoga des yeux, yoga de l\u2019\u00e2me &#8211;\u00a0<em><span style=\"color: #808080\">Annick Brofman<br \/>\n<\/span><\/em><strong><span style=\"color: #ff00ff\">17:00<\/span> <\/strong>Naturopathe : un m\u00e9tier plein d&rsquo;avenir si on respecte 5 r\u00e8gles essentielles &#8211; <span style=\"color: #808080\"><em>Renaud Richet<\/em><\/span><\/p>\n","protected":false},"excerpt":{"rendered":"<p>Plus de 50 ateliers conf\u00e9rences sont organis\u00e9s pour vous permettre de d\u00e9couvrir et de mieux comprendre les m\u00e9thodes et les produits pr\u00e9sent\u00e9s sur le salon. Salle BELLECOUR Salle CROIX ROUSSE VENDREDI 16 NOVEMBRE 11:00 Combattre ces fl\u00e9aux alimentaires qui nous mettent en danger, par la vraie di\u00e9to-nutrition et la naturopathie &#8211; Luc Le M\u00e9tayer\u00a0 11:00&hellip; <\/p>\n","protected":false},"author":1,"featured_media":0,"parent":0,"menu_order":0,"comment_status":"closed","ping_status":"closed","template":"","meta":{"_monsterinsights_skip_tracking":false,"_monsterinsights_sitenote_active":false,"_monsterinsights_sitenote_note":"","_monsterinsights_sitenote_category":0,"footnotes":""},"class_list":["post-5797","page","type-page","status-publish","hentry"],"yoast_head":"<!-- This site is optimized with the Yoast SEO plugin v27.3 - https:\/\/yoast.com\/product\/yoast-seo-wordpress\/ -->\n<title>Conf\u00e9rences 2018 - Salon Zen&amp;Bio Lyon<\/title>\n<meta name=\"robots\" content=\"index, follow, max-snippet:-1, max-image-preview:large, max-video-preview:-1\" \/>\n<link rel=\"canonical\" href=\"http:\/\/www.salon-zenetbio.com\/lyon\/conferences-2018\/\" \/>\n<meta property=\"og:locale\" content=\"fr_FR\" \/>\n<meta property=\"og:type\" content=\"article\" \/>\n<meta property=\"og:title\" content=\"Conf\u00e9rences 2018 - Salon Zen&amp;Bio Lyon\" \/>\n<meta property=\"og:description\" content=\"Plus de 50 ateliers conf\u00e9rences sont organis\u00e9s pour vous permettre de d\u00e9couvrir et de mieux comprendre les m\u00e9thodes et les produits pr\u00e9sent\u00e9s sur le salon. Salle BELLECOUR Salle CROIX ROUSSE VENDREDI 16 NOVEMBRE 11:00 Combattre ces fl\u00e9aux alimentaires qui nous mettent en danger, par la vraie di\u00e9to-nutrition et la naturopathie &#8211; Luc Le M\u00e9tayer\u00a0 11:00&hellip;\" \/>\n<meta property=\"og:url\" content=\"http:\/\/www.salon-zenetbio.com\/lyon\/conferences-2018\/\" \/>\n<meta property=\"og:site_name\" content=\"Salon Zen&amp;Bio Lyon\" \/>\n<meta name=\"twitter:card\" content=\"summary_large_image\" \/>\n<meta name=\"twitter:label1\" content=\"Dur\u00e9e de lecture estim\u00e9e\" \/>\n\t<meta name=\"twitter:data1\" content=\"5 minutes\" \/>\n<script type=\"application\/ld+json\" class=\"yoast-schema-graph\">{\"@context\":\"https:\\\/\\\/schema.org\",\"@graph\":[{\"@type\":\"WebPage\",\"@id\":\"http:\\\/\\\/www.salon-zenetbio.com\\\/lyon\\\/conferences-2018\\\/\",\"url\":\"http:\\\/\\\/www.salon-zenetbio.com\\\/lyon\\\/conferences-2018\\\/\",\"name\":\"Conf\u00e9rences 2018 - Salon Zen&amp;Bio Lyon\",\"isPartOf\":{\"@id\":\"https:\\\/\\\/www.salon-zenetbio.com\\\/lyon\\\/#website\"},\"datePublished\":\"2019-05-07T13:13:43+00:00\",\"breadcrumb\":{\"@id\":\"http:\\\/\\\/www.salon-zenetbio.com\\\/lyon\\\/conferences-2018\\\/#breadcrumb\"},\"inLanguage\":\"fr-FR\",\"potentialAction\":[{\"@type\":\"ReadAction\",\"target\":[\"http:\\\/\\\/www.salon-zenetbio.com\\\/lyon\\\/conferences-2018\\\/\"]}]},{\"@type\":\"BreadcrumbList\",\"@id\":\"http:\\\/\\\/www.salon-zenetbio.com\\\/lyon\\\/conferences-2018\\\/#breadcrumb\",\"itemListElement\":[{\"@type\":\"ListItem\",\"position\":1,\"name\":\"Accueil\",\"item\":\"https:\\\/\\\/www.salon-zenetbio.com\\\/lyon\\\/\"},{\"@type\":\"ListItem\",\"position\":2,\"name\":\"Conf\u00e9rences 2018\"}]},{\"@type\":\"WebSite\",\"@id\":\"https:\\\/\\\/www.salon-zenetbio.com\\\/lyon\\\/#website\",\"url\":\"https:\\\/\\\/www.salon-zenetbio.com\\\/lyon\\\/\",\"name\":\"Salon Zen&amp;Bio Lyon\",\"description\":\"salon Zen&amp;Bio Lyon : votre salon \u00e9colo, bio, bien-\u00eatre et habitat sain\",\"publisher\":{\"@id\":\"https:\\\/\\\/www.salon-zenetbio.com\\\/lyon\\\/#organization\"},\"potentialAction\":[{\"@type\":\"SearchAction\",\"target\":{\"@type\":\"EntryPoint\",\"urlTemplate\":\"https:\\\/\\\/www.salon-zenetbio.com\\\/lyon\\\/?s={search_term_string}\"},\"query-input\":{\"@type\":\"PropertyValueSpecification\",\"valueRequired\":true,\"valueName\":\"search_term_string\"}}],\"inLanguage\":\"fr-FR\"},{\"@type\":\"Organization\",\"@id\":\"https:\\\/\\\/www.salon-zenetbio.com\\\/lyon\\\/#organization\",\"name\":\"Salon Zen&amp;Bio Lyon\",\"url\":\"https:\\\/\\\/www.salon-zenetbio.com\\\/lyon\\\/\",\"logo\":{\"@type\":\"ImageObject\",\"inLanguage\":\"fr-FR\",\"@id\":\"https:\\\/\\\/www.salon-zenetbio.com\\\/lyon\\\/#\\\/schema\\\/logo\\\/image\\\/\",\"url\":\"https:\\\/\\\/www.salon-zenetbio.com\\\/lyon\\\/wp-content\\\/uploads\\\/sites\\\/12\\\/2026\\\/03\\\/cropped-Logo-ZEN-et-BIO-lyon-2026-1.png\",\"contentUrl\":\"https:\\\/\\\/www.salon-zenetbio.com\\\/lyon\\\/wp-content\\\/uploads\\\/sites\\\/12\\\/2026\\\/03\\\/cropped-Logo-ZEN-et-BIO-lyon-2026-1.png\",\"width\":921,\"height\":255,\"caption\":\"Salon Zen&amp;Bio Lyon\"},\"image\":{\"@id\":\"https:\\\/\\\/www.salon-zenetbio.com\\\/lyon\\\/#\\\/schema\\\/logo\\\/image\\\/\"}}]}<\/script>\n<!-- \/ Yoast SEO plugin. -->","yoast_head_json":{"title":"Conf\u00e9rences 2018 - Salon Zen&amp;Bio Lyon","robots":{"index":"index","follow":"follow","max-snippet":"max-snippet:-1","max-image-preview":"max-image-preview:large","max-video-preview":"max-video-preview:-1"},"canonical":"http:\/\/www.salon-zenetbio.com\/lyon\/conferences-2018\/","og_locale":"fr_FR","og_type":"article","og_title":"Conf\u00e9rences 2018 - Salon Zen&amp;Bio Lyon","og_description":"Plus de 50 ateliers conf\u00e9rences sont organis\u00e9s pour vous permettre de d\u00e9couvrir et de mieux comprendre les m\u00e9thodes et les produits pr\u00e9sent\u00e9s sur le salon. Salle BELLECOUR Salle CROIX ROUSSE VENDREDI 16 NOVEMBRE 11:00 Combattre ces fl\u00e9aux alimentaires qui nous mettent en danger, par la vraie di\u00e9to-nutrition et la naturopathie &#8211; Luc Le M\u00e9tayer\u00a0 11:00&hellip;","og_url":"http:\/\/www.salon-zenetbio.com\/lyon\/conferences-2018\/","og_site_name":"Salon Zen&amp;Bio Lyon","twitter_card":"summary_large_image","twitter_misc":{"Dur\u00e9e de lecture estim\u00e9e":"5 minutes"},"schema":{"@context":"https:\/\/schema.org","@graph":[{"@type":"WebPage","@id":"http:\/\/www.salon-zenetbio.com\/lyon\/conferences-2018\/","url":"http:\/\/www.salon-zenetbio.com\/lyon\/conferences-2018\/","name":"Conf\u00e9rences 2018 - Salon Zen&amp;Bio Lyon","isPartOf":{"@id":"https:\/\/www.salon-zenetbio.com\/lyon\/#website"},"datePublished":"2019-05-07T13:13:43+00:00","breadcrumb":{"@id":"http:\/\/www.salon-zenetbio.com\/lyon\/conferences-2018\/#breadcrumb"},"inLanguage":"fr-FR","potentialAction":[{"@type":"ReadAction","target":["http:\/\/www.salon-zenetbio.com\/lyon\/conferences-2018\/"]}]},{"@type":"BreadcrumbList","@id":"http:\/\/www.salon-zenetbio.com\/lyon\/conferences-2018\/#breadcrumb","itemListElement":[{"@type":"ListItem","position":1,"name":"Accueil","item":"https:\/\/www.salon-zenetbio.com\/lyon\/"},{"@type":"ListItem","position":2,"name":"Conf\u00e9rences 2018"}]},{"@type":"WebSite","@id":"https:\/\/www.salon-zenetbio.com\/lyon\/#website","url":"https:\/\/www.salon-zenetbio.com\/lyon\/","name":"Salon Zen&amp;Bio Lyon","description":"salon Zen&amp;Bio Lyon : votre salon \u00e9colo, bio, bien-\u00eatre et habitat sain","publisher":{"@id":"https:\/\/www.salon-zenetbio.com\/lyon\/#organization"},"potentialAction":[{"@type":"SearchAction","target":{"@type":"EntryPoint","urlTemplate":"https:\/\/www.salon-zenetbio.com\/lyon\/?s={search_term_string}"},"query-input":{"@type":"PropertyValueSpecification","valueRequired":true,"valueName":"search_term_string"}}],"inLanguage":"fr-FR"},{"@type":"Organization","@id":"https:\/\/www.salon-zenetbio.com\/lyon\/#organization","name":"Salon Zen&amp;Bio Lyon","url":"https:\/\/www.salon-zenetbio.com\/lyon\/","logo":{"@type":"ImageObject","inLanguage":"fr-FR","@id":"https:\/\/www.salon-zenetbio.com\/lyon\/#\/schema\/logo\/image\/","url":"https:\/\/www.salon-zenetbio.com\/lyon\/wp-content\/uploads\/sites\/12\/2026\/03\/cropped-Logo-ZEN-et-BIO-lyon-2026-1.png","contentUrl":"https:\/\/www.salon-zenetbio.com\/lyon\/wp-content\/uploads\/sites\/12\/2026\/03\/cropped-Logo-ZEN-et-BIO-lyon-2026-1.png","width":921,"height":255,"caption":"Salon Zen&amp;Bio Lyon"},"image":{"@id":"https:\/\/www.salon-zenetbio.com\/lyon\/#\/schema\/logo\/image\/"}}]}},"_links":{"self":[{"href":"https:\/\/www.salon-zenetbio.com\/lyon\/wp-json\/wp\/v2\/pages\/5797","targetHints":{"allow":["GET"]}}],"collection":[{"href":"https:\/\/www.salon-zenetbio.com\/lyon\/wp-json\/wp\/v2\/pages"}],"about":[{"href":"https:\/\/www.salon-zenetbio.com\/lyon\/wp-json\/wp\/v2\/types\/page"}],"author":[{"embeddable":true,"href":"https:\/\/www.salon-zenetbio.com\/lyon\/wp-json\/wp\/v2\/users\/1"}],"replies":[{"embeddable":true,"href":"https:\/\/www.salon-zenetbio.com\/lyon\/wp-json\/wp\/v2\/comments?post=5797"}],"version-history":[{"count":0,"href":"https:\/\/www.salon-zenetbio.com\/lyon\/wp-json\/wp\/v2\/pages\/5797\/revisions"}],"wp:attachment":[{"href":"https:\/\/www.salon-zenetbio.com\/lyon\/wp-json\/wp\/v2\/media?parent=5797"}],"curies":[{"name":"wp","href":"https:\/\/api.w.org\/{rel}","templated":true}]}}