{"id":12279,"date":"2022-05-16T12:11:27","date_gmt":"2022-05-16T10:11:27","guid":{"rendered":"https:\/\/www.salon-zenetbio.com\/nantes\/?page_id=12279"},"modified":"2022-05-16T12:11:27","modified_gmt":"2022-05-16T10:11:27","slug":"animations-speciales-2021","status":"publish","type":"page","link":"https:\/\/www.salon-zenetbio.com\/nantes\/animations-speciales-2021\/","title":{"rendered":"Animations sp\u00e9ciales 2021"},"content":{"rendered":"<ul>\n<li><a href=\"#parentalite\"><strong>ESPACE PARENTALIT\u00c9<\/strong><\/a><\/li>\n<li><a href=\"#jardin\"><strong>ESPACE JARDIN ET NATURE<\/strong><\/a><\/li>\n<li><a href=\"#tiny\"><strong>TINY HOUSE<\/strong><\/a><\/li>\n<li><a href=\"#detente\"><strong>ESPACE D\u00c9TENTE<\/strong><\/a><\/li>\n<li><a href=\"#chamanique\"><strong>CONCERT CHAMANIQUE<\/strong><\/a><a id=\"parentalite\"><\/a><\/li>\n<li><a href=\"#art\"><strong>ESPACE ART ET CR\u00c9ATION<\/strong><\/a><\/li>\n<li><a href=\"#arbres\"><strong>LES ARBRES DE VIE<\/strong><\/a><\/li>\n<\/ul>\n<h2><strong>ESPACE PARENTALIT\u00c9<\/strong><\/h2>\n<p><span style=\"color: #ff0000;\"><em><strong>Nous sommes au regret de vous annoncer que cette animation est annul\u00e9e<\/strong><\/em><\/span><\/p>\n<p><em>Espace anim\u00e9 par\u00a0<a href=\"http:\/\/monmomentmagique.com\/\" target=\"_blank\" rel=\"noopener noreferrer\"><strong>Mon Moment Magique<\/strong><\/a><\/em><\/p>\n<p style=\"text-align: justify;\"><img decoding=\"async\" class=\"\" src=\"https:\/\/www.salon-zenetbio.com\/nantes\/wp-content\/uploads\/sites\/7\/2019\/07\/mon-moment-magique.png\" width=\"193\" height=\"95\" \/><\/p>\n<p style=\"text-align: justify;\">Diff\u00e9rentes animations et ateliers seront organis\u00e9s tout au long du salon.<\/p>\n<p style=\"text-align: justify;\"><strong>Mon Moment Magique<\/strong>\u00a0est un concept d\u2019ateliers bien-\u00eatre, dont l\u2019ambition est d\u2019\u00e9veiller les enfants de mani\u00e8re ludique au d\u00e9veloppement personnel, de les emmener sur le chemin de leur bonheur, en leur proposant un ensemble de rituels dans une dimension t\u00eate-corps-coeur. Ces ateliers sont \u00e9galement d\u00e9clin\u00e9s pour les femmes, les minis, les ados, les duos et apr\u00e8s la classe.<\/p>\n<p style=\"text-align: justify;\">Les ateliers sont propos\u00e9s par une communaut\u00e9 de 300 ambassadrices et ambassadeurs pr\u00e9sents dans 11 pays.<br \/>\nChaque atelier propose une th\u00e9matique, ce qui garantit la diversit\u00e9 des ateliers : les \u00e9motions, la confiance en soi, les saisons, le rire, les animaux, les super pouvoirs, l\u2019amiti\u00e9, les couleurs\u2026<\/p>\n<p style=\"text-align: justify;\">Plusieurs pratiques bien-\u00eatre sont explor\u00e9es : cercle de parole, gratitude, respiration,\u00a0yoga, d\u00e9foulage, relaxation\u2026<a id=\"jardin\"><\/a><br \/>\nCet enchainement de rituels constitue l\u2019originalit\u00e9 du concept. Chaque rituel a \u00e9t\u00e9 soigneusement choisi, pour r\u00e9pondre aux besoins sp\u00e9cifiques des enfants.<\/p>\n<p>&nbsp;<\/p>\n<h2><strong>ESPACE JARDIN ET NATURE<br \/>\n<\/strong><em><strong>Cour ext\u00e9rieure<\/strong><\/em><\/h2>\n<p>Un espace pour d\u00e9couvrir le jardinage \u00e9cologique, l\u2019agriculture urbaine, la permaculture, pour favoriser la biodiversit\u00e9 et valoriser nos d\u00e9chets. Un espace pour \u00e9changer, apprendre, s\u2019informer\u2026<br \/>\n<em>Des animations sont aussi pr\u00e9vues tout au long de la journ\u00e9e.<\/em><\/p>\n<p><strong><img decoding=\"async\" class=\"wp-image-8439 alignnone\" src=\"https:\/\/www.salon-zenetbio.com\/nantes\/wp-content\/uploads\/sites\/7\/2019\/09\/Logo_Compostri-300x121.png\" alt=\"\" width=\"164\" height=\"70\" \/><\/strong><\/p>\n<p style=\"text-align: justify;\">Depuis 2007, notre association met toute son \u00e9nergie dans le d\u00e9veloppement du\u00a0compostage de proximit\u00e9\u00a0et plus particuli\u00e8rement dans l\u2019accompagnement de site de compostage partag\u00e9\u00a0entre voisins.<br \/>\nPlus g\u00e9n\u00e9ralement, le projet associatif de\u00a0<a href=\"http:\/\/www.compostri.fr\/\" target=\"_blank\" rel=\"noopener noreferrer\">Compostri<\/a>\u00a0s\u2019articule autour de plusieurs objectifs\u00a0:<br \/>\n\u2013 Favoriser le d\u00e9ploiement de projets de compostage de proximit\u00e9<br \/>\n\u2013 D\u00e9velopper et animer un r\u00e9seau de R\u00e9f\u00e9rents de Sites et de Guides Composteurs b\u00e9n\u00e9voles<br \/>\n\u2013 D\u00e9velopper des liens avec l\u2019ensemble des structures engag\u00e9es de pr\u00e8s ou de loin dans le compostage<br \/>\n\u2013 Cr\u00e9er des emplois de proximit\u00e9<br \/>\n\u2013 Informer et promouvoir la gestion de proximit\u00e9 des biod\u00e9chets pour une plus grande appropriation citoyenne<\/p>\n<p>&nbsp;<\/p>\n<p><img decoding=\"async\" class=\"\" src=\"https:\/\/www.salon-zenetbio.com\/nantes\/wp-content\/uploads\/sites\/7\/2019\/09\/POUR-LE-SITE-INTERNET-6-300x136.png\" width=\"178\" height=\"67\" \/><\/p>\n<p style=\"text-align: justify;\"><a href=\"http:\/\/www.obiopotager.fr\/\" target=\"_blank\" rel=\"noopener noreferrer\"><strong>O\u2019Bio Potager<\/strong><\/a>, paysagiste sp\u00e9cialis\u00e9 dans\u00a0la cr\u00e9ation et l\u2019entretien\u00a0de potagers, vergers et jardins biologiques et raisonn\u00e9s, exerce sa passion au service des\u00a0particuliers, entreprises, maisons de retraite et \u00e9coles.<\/p>\n<p style=\"text-align: justify;\">O\u2019Bio Potager intervient dans toutes les \u00e9tapes, de la conception jusqu\u2019\u00e0 l\u2019entretien de votre potager, verger ou jardin biologique et raisonn\u00e9.<\/p>\n<p style=\"text-align: justify;\">O\u2019Bio Potager propose diff\u00e9rents types de potagers: carr\u00e9 potager, carr\u00e9 potager sur\u00e9lev\u00e9, potager vertical, potager en aquaponie.<\/p>\n<p style=\"text-align: justify;\">Tous les potagers sont r\u00e9alis\u00e9s par un menuisier local. Ils sont en bois de Douglas sans traitement (bois naturellement imputrescible) issu de for\u00eats fran\u00e7aises g\u00e9r\u00e9es durablement.<\/p>\n<p><img decoding=\"async\" class=\"alignleft\" src=\"https:\/\/www.salon-zenetbio.com\/nantes\/wp-content\/uploads\/sites\/7\/2019\/09\/POUR-LE-SITE-INTERNET-5-300x300.jpg\" \/><\/p>\n<p>&nbsp;<\/p>\n<p>Les potagers sont r\u00e9alis\u00e9s sur mesure pour r\u00e9pondre \u00e0 vos besoins. Ils peuvent \u00eatre color\u00e9s avec des peintures naturelles (\u00e0 base d\u2019huile de lin cuite).<\/p>\n<p>O\u2019Bio Potager s\u2019occupe aussi de votre potager traditionnel en pleine terre en suivant les principes de la permaculture.<\/p>\n<p>O\u2019Bio Potager vous accueillera tout au long du salon pour vous pr\u00e9senter les diff\u00e9rents potagers ainsi que l\u2019aquaponie.<\/p>\n<p>&nbsp;<\/p>\n<p>&nbsp;<\/p>\n<p style=\"text-align: justify;\"><strong><img loading=\"lazy\" decoding=\"async\" class=\"alignnone wp-image-10655 size-medium\" src=\"https:\/\/www.salon-zenetbio.com\/nantes\/wp-content\/uploads\/sites\/7\/2021\/07\/logo-300x106.png\" alt=\"\" width=\"300\" height=\"106\" srcset=\"https:\/\/www.salon-zenetbio.com\/nantes\/wp-content\/uploads\/sites\/7\/2021\/07\/logo-300x106.png 300w, https:\/\/www.salon-zenetbio.com\/nantes\/wp-content\/uploads\/sites\/7\/2021\/07\/logo-150x53.png 150w, https:\/\/www.salon-zenetbio.com\/nantes\/wp-content\/uploads\/sites\/7\/2021\/07\/logo.png 480w\" sizes=\"(max-width: 300px) 100vw, 300px\" \/><br \/>\n<\/strong><\/p>\n<p style=\"text-align: justify;\">Bio-T-Full s\u2019est donn\u00e9e pour ambition de\u00a0<strong>d\u00e9velopper et promouvoir l\u2019agriculture urbaine\u00a0<\/strong>sous toutes ses formes et \u00e0 toutes les \u00e9chelles du territoire.<br \/>\nSitu\u00e9e \u00e0 Nantes au Solilab, nous nous adressons au\u00a0<strong>grand public<\/strong>\u00a0et\u00a0<strong>aux professionnels<\/strong>.<\/p>\n<p style=\"text-align: justify;\">L\u2019association propose notamment des <strong>activit\u00e9s citoyennes <\/strong>et<strong> d\u2019\u00e9ducation populaire<\/strong>\u00a0autour de la <strong>transmission <\/strong>de savoirs, en lien avec le v\u00e9g\u00e9tal comestible, l\u2019alimentation durable, le jardinage au naturel, ou encore le bricolage\u2026<br \/>\nBio-T-Full s\u2019engage \u00e9galement dans l\u2019<strong>accompagnement de projets<\/strong>\u00a0aupr\u00e8s d\u2019acteurs souhaitant s\u2019engager au c\u0153ur des probl\u00e9matiques li\u00e9es au d\u00e9veloppement durable, \u00e0 la solidarit\u00e9 et aux <strong>villes en transition.<br \/>\n<\/strong>De ce fait, nous privil\u00e9gions les m\u00e9thodes low-tech, en hors-sol et naturelles.<br \/>\n<strong>Rendez-vous sur <a href=\"https:\/\/bio-t-full.org\/\" target=\"_blank\" rel=\"noopener\">bio-t-full.org<\/a><\/strong><\/p>\n<p>&nbsp;<\/p>\n<p><img loading=\"lazy\" decoding=\"async\" class=\"alignnone wp-image-9339\" src=\"https:\/\/www.salon-zenetbio.com\/nantes\/wp-content\/uploads\/sites\/7\/2020\/07\/52980028_240503960085851_2532001126434209792_o.png\" alt=\"\" width=\"216\" height=\"65\" \/><img loading=\"lazy\" decoding=\"async\" class=\"size-thumbnail wp-image-9340 alignnone\" src=\"https:\/\/www.salon-zenetbio.com\/nantes\/wp-content\/uploads\/sites\/7\/2020\/07\/60024628_1011109789084889_620630350594310144_o-150x150.jpg\" sizes=\"(max-width: 150px) 100vw, 150px\" srcset=\"https:\/\/www.salon-zenetbio.com\/nantes\/wp-content\/uploads\/sites\/7\/2020\/07\/60024628_1011109789084889_620630350594310144_o-150x150.jpg 150w, https:\/\/www.salon-zenetbio.com\/nantes\/wp-content\/uploads\/sites\/7\/2020\/07\/60024628_1011109789084889_620630350594310144_o-50x50.jpg 50w, https:\/\/www.salon-zenetbio.com\/nantes\/wp-content\/uploads\/sites\/7\/2020\/07\/60024628_1011109789084889_620630350594310144_o-45x45.jpg 45w\" alt=\"\" width=\"150\" height=\"150\" \/><\/p>\n<p style=\"text-align: justify;\">Floriana et Jean-Roch des\u00a0<a href=\"http:\/\/www.lesnourrituresurbaines.com\/\" target=\"_blank\" rel=\"noopener noreferrer\">Nourritures Urbaines<\/a>, conseil en jardin nourricier pour particuliers &amp; professionnels \u00e0 Nantes &amp; Loire-Atlantique (44), ont h\u00e2te de vous rencontrer au salon Zen&amp;Bio 2021.<br \/>\nVous avez un jardin et vous souhaitez en faire une\u00a0corne d\u2019abondance\u00a0? Nous serons heureux de vous r\u00e9v\u00e9ler son\u00a0potentiel esth\u00e9tique et nourricier\u00a0!<\/p>\n<p style=\"text-align: justify;\">Nous avons d\u00e9j\u00e0 conseill\u00e9 plus de 15 clients satisfaits pour leur jardin nourricier.<\/p>\n<p>Notre m\u00e9thode\u00a0de conseil et de suivi :<\/p>\n<ul>\n<li>Analyse du sol &amp; diagnostique,<\/li>\n<li>2H de conseil au jardin,<\/li>\n<li>Design nourricier permaculturel,<\/li>\n<li>Guide de mise en place sur-mesure,<\/li>\n<li>Plantation fruiti\u00e8re sur place,<\/li>\n<li>Coaching et suivi saisonnier.<\/li>\n<\/ul>\n<p style=\"text-align: justify;\">Nous proposons aussi des formations grand public, comme ici \u00e0 Zen&amp;Bio, sur la compr\u00e9hension du sol et la conception de votre jardin nourricier permaculturel !<a id=\"tiny\"><\/a><br \/>\nRetrouvez-nous sur le programme des interventions publiques et au village de l\u2019agriculture urbaine du salon.<\/p>\n<p>&nbsp;<\/p>\n<h2><strong>TINY HOUSE \u00ab BALUCHON \u00bb<br \/>\n<\/strong><em><strong>Cour ext\u00e9rieure<\/strong><\/em><\/h2>\n<p><img loading=\"lazy\" decoding=\"async\" class=\"alignleft wp-image-9341 size-medium\" src=\"https:\/\/www.salon-zenetbio.com\/nantes\/wp-content\/uploads\/sites\/7\/2020\/07\/Epona-ZB-300x230.jpg\" sizes=\"(max-width: 300px) 100vw, 300px\" srcset=\"https:\/\/www.salon-zenetbio.com\/nantes\/wp-content\/uploads\/sites\/7\/2020\/07\/Epona-ZB-300x230.jpg 300w, https:\/\/www.salon-zenetbio.com\/nantes\/wp-content\/uploads\/sites\/7\/2020\/07\/Epona-ZB-1024x784.jpg 1024w, https:\/\/www.salon-zenetbio.com\/nantes\/wp-content\/uploads\/sites\/7\/2020\/07\/Epona-ZB-768x588.jpg 768w, https:\/\/www.salon-zenetbio.com\/nantes\/wp-content\/uploads\/sites\/7\/2020\/07\/Epona-ZB-1536x1177.jpg 1536w, https:\/\/www.salon-zenetbio.com\/nantes\/wp-content\/uploads\/sites\/7\/2020\/07\/Epona-ZB-2048x1569.jpg 2048w, https:\/\/www.salon-zenetbio.com\/nantes\/wp-content\/uploads\/sites\/7\/2020\/07\/Epona-ZB-150x115.jpg 150w, https:\/\/www.salon-zenetbio.com\/nantes\/wp-content\/uploads\/sites\/7\/2020\/07\/Epona-ZB-500x383.jpg 500w\" alt=\"\" width=\"300\" height=\"230\" \/>La tiny house est une petite maison en bois qui a la particularit\u00e9 d\u2019\u00eatre construite sur une remorque routi\u00e8re, ce qui offre la possibilit\u00e9 \u00e0 ses habitants de d\u00e9m\u00e9nager leur logement tout entier et de changer de jardin \u00e0 volont\u00e9 !\u00a0Son stationnement ne n\u00e9cessite pas de permis de\u00a0construire, mais un permis de conduire BE est indispensable pour\u00a0la tracter sur nos routes. C\u2019est de par sa taille (environ 20m2 avec l\u2019\u00e9tage), sa faible consommation et les\u00a0mat\u00e9riaux qui la constituent que la tiny house est devenue une maison durable et \u00e9co-responsable a part\u00a0enti\u00e8re.<\/p>\n<p>C\u2019est aussi une solution \u00e9conomique pour vivre avec moins de possessions mat\u00e9rielles, dans un espace tout sp\u00e9cialement con\u00e7u pour r\u00e9pondre \u00e0 ses propres besoins. La tiny house est n\u00e9e aux Etats-Unis il y a une vingtaine d\u2019ann\u00e9es. Le mouvement fran\u00e7ais est en marche depuis peu mais r\u00e9serve d\u00e9j\u00e0 bien des surprises!<\/p>\n<p><a href=\"http:\/\/www.tinyhouse-baluchon.fr\/\" target=\"_blank\" rel=\"noopener noreferrer\">Baluchon<\/a>\u00a0est une entreprise artisanale fran\u00e7aise (l\u2019atelier se trouve au Pallet, \u00e0\u00a0quelques kilom\u00e8tres de Nantes), sp\u00e9cialis\u00e9e dans la conception et la fabrication de tiny houses sur mesure. L\u2019\u00e9quipe propose \u00e9galement des outils facilitateurs pour les auto-constructeurs. Dans nos petites maisons, rien n\u2019est laiss\u00e9 au hasard. L\u2019alliance<a id=\"detente\"><\/a> entre confort, fonctionnalit\u00e9, bien-\u00eatre et \u00e9co-responsabilit\u00e9 est notre priorit\u00e9. Vous l\u2019aurez compris, chez Baluchon, \u00ab\u00a0petit\u00a0\u00bb ne veut pas dire \u00ab\u00a0moins\u00a0\u00bb, bien au contraire.<\/p>\n<h2><\/h2>\n<h2><strong>ESPACE D\u00c9TENTE<br \/>\n<\/strong><em><strong>Cour ext\u00e9rieure<\/strong><\/em><\/h2>\n<p>Venez vous relaxer chez\u00a0<em>Bois et Forme<\/em>, un mobilier au plus proche de l\u2019arbre par<a id=\"chamanique\"><\/a> ses\u00a0courbes et ses mouvements.<\/p>\n<h2><\/h2>\n<h2><strong>CONCERT CHAMANIQUE<\/strong><br \/>\n<strong><em>Cour ext\u00e9rieure \u2013 Samedi \u00e0 16h00<br \/>\n<\/em>Le voyage sacr\u00e9 du dragon<\/strong><\/h2>\n<p><em>Exp\u00e9rience interactive. Suivant la m\u00e9t\u00e9o, l&rsquo;horaire est susceptible d&rsquo;\u00eatre modifi\u00e9<\/em><\/p>\n<p><strong>Oowake \u2013 Karine Lallier<\/strong><\/p>\n<p style=\"text-align: justify;\"><img loading=\"lazy\" decoding=\"async\" class=\"alignleft wp-image-10653 size-medium\" src=\"https:\/\/www.salon-zenetbio.com\/nantes\/wp-content\/uploads\/sites\/7\/2021\/07\/concert-chamanique-300x264.png\" alt=\"\" width=\"300\" height=\"264\" srcset=\"https:\/\/www.salon-zenetbio.com\/nantes\/wp-content\/uploads\/sites\/7\/2021\/07\/concert-chamanique-300x264.png 300w, https:\/\/www.salon-zenetbio.com\/nantes\/wp-content\/uploads\/sites\/7\/2021\/07\/concert-chamanique-150x132.png 150w, https:\/\/www.salon-zenetbio.com\/nantes\/wp-content\/uploads\/sites\/7\/2021\/07\/concert-chamanique-500x440.png 500w, https:\/\/www.salon-zenetbio.com\/nantes\/wp-content\/uploads\/sites\/7\/2021\/07\/concert-chamanique.png 650w\" sizes=\"(max-width: 300px) 100vw, 300px\" \/>Bien ancr\u00e9 au sol, vous allez vivre une exp\u00e9rience immersive unique qui sera en r\u00e9sonance particuli\u00e8re avec chacun d&rsquo;entre vous. Les tambours, les instruments et les voix, en harmonie et en osmose de l&rsquo;instant pr\u00e9sent vous feront ressentir chaque \u00e9tape de ce parcours qui se tisse sp\u00e9cifiquement en chaque lieu et chaque moment de nos repr\u00e9sentations.<a id=\"art\"><\/a><\/p>\n<p style=\"text-align: justify;\">Pour chacun d&rsquo;entre vous, nous serons en recherche d&rsquo;une diffusion d&rsquo;amour inconditionnel et de mieux-\u00eatre via la m\u00e9decine sacr\u00e9e de la voie chamanique.<\/p>\n<h2><\/h2>\n<h2><strong>ESPACE ART ET CR\u00c9ATION<\/strong><\/h2>\n<p style=\"text-align: justify;\">Un espace d\u2019art th\u00e9rapie pour stimuler sa cr\u00e9ativit\u00e9 et se lib\u00e9rer des \u00e9motions n\u00e9gatives, situations douloureuses. Une activit\u00e9 pour se reconnecter \u00e0 soi et vivre sa vie en conscience et de fa\u00e7on positive au quotidien.<\/p>\n<p style=\"text-align: justify;\">Organis\u00e9 par Marianne Lusson, art th\u00e9rapeute dipl\u00f4m\u00e9e de la facult\u00e9 de m\u00e9decine et pharmacie de Poitiers.<\/p>\n<p style=\"text-align: justify;\">L&rsquo;art-th\u00e9rapie utilise la cr\u00e9ation artistique (dessin, peinture, collage, modelage&#8230;) pour prendre contact avec sa vie int\u00e9rieure (sentiments, r\u00eaves, inconscient, etc.), l&rsquo;exprimer et se transformer.<br \/>\nLa d\u00e9marche th\u00e9rapeutique consiste \u00e0 laisser progressivement surgir ses images int\u00e9rieures, sans se pr\u00e9occuper de la qualit\u00e9 ou de l&rsquo;apparence de l\u2019\u0153uvre finale. Il n\u2019est donc pas besoin d\u2018avoir des connaissances musicales, artistiques, pour cr\u00e9er.<\/p>\n<p style=\"text-align: justify;\">Le geste cr\u00e9ateur fait appel au corps qui se met en mouvement pour cr\u00e9er une \u0153uvre concr\u00e8te. Dans le m\u00eame \u00e9lan, il sollicite l&rsquo;imagination, l&rsquo;intuition, la pens\u00e9e et les \u00e9motions. La cr\u00e9ativit\u00e9 artistique permet \u00e0 chacun de se retrouver avec lui-m\u00eame.<br \/>\nC\u2019est un mouvement qui va de l\u2019int\u00e9rieur vers l\u2019ext\u00e9rieur et qui accepte de mettre en vie ses \u00e9motions.<a id=\"arbres\"><\/a><br \/>\nL\u2019art-th\u00e9rapeute est une personne bienveillante qui vous accompagne dans un mieux-\u00eatre. L&rsquo;art-th\u00e9rapeute est tenu au secret professionnel et vous guide \u00e0 votre rythme.<\/p>\n<p><a href=\"https:\/\/www.salon-zenetbio.com\/nantes\/programme-du-salon-zen-bio-a-nantes\/espace-art-et-creation\/\" target=\"_blank\" rel=\"noopener\"><em>Consultez l&rsquo;int\u00e9gralit\u00e9 du programme<\/em><\/a><\/p>\n<h2><strong>LES ARBRES DE VIE &#8211; Espace Zen \/ M\u00e9ditation<\/strong><\/h2>\n<p><img loading=\"lazy\" decoding=\"async\" class=\"wp-image-10654 size-medium alignleft\" src=\"https:\/\/www.salon-zenetbio.com\/nantes\/wp-content\/uploads\/sites\/7\/2021\/07\/Arbres-de-Vie-ensemble-02-300x201.jpg\" alt=\"\" width=\"300\" height=\"201\" srcset=\"https:\/\/www.salon-zenetbio.com\/nantes\/wp-content\/uploads\/sites\/7\/2021\/07\/Arbres-de-Vie-ensemble-02-300x201.jpg 300w, https:\/\/www.salon-zenetbio.com\/nantes\/wp-content\/uploads\/sites\/7\/2021\/07\/Arbres-de-Vie-ensemble-02-1024x687.jpg 1024w, https:\/\/www.salon-zenetbio.com\/nantes\/wp-content\/uploads\/sites\/7\/2021\/07\/Arbres-de-Vie-ensemble-02-768x516.jpg 768w, https:\/\/www.salon-zenetbio.com\/nantes\/wp-content\/uploads\/sites\/7\/2021\/07\/Arbres-de-Vie-ensemble-02-1536x1031.jpg 1536w, https:\/\/www.salon-zenetbio.com\/nantes\/wp-content\/uploads\/sites\/7\/2021\/07\/Arbres-de-Vie-ensemble-02-2048x1375.jpg 2048w, https:\/\/www.salon-zenetbio.com\/nantes\/wp-content\/uploads\/sites\/7\/2021\/07\/Arbres-de-Vie-ensemble-02-150x101.jpg 150w, https:\/\/www.salon-zenetbio.com\/nantes\/wp-content\/uploads\/sites\/7\/2021\/07\/Arbres-de-Vie-ensemble-02-500x336.jpg 500w\" sizes=\"(max-width: 300px) 100vw, 300px\" \/><\/p>\n<p>Venez retrouver le chemin du calme int\u00e9rieur en vous installant au c\u0153ur des Arbres de Vie. S\u2019assoir au c\u0153ur de l\u2019Arbre est un rendez-vous avec SOI, au-del\u00e0 des mots et des concepts. Une v\u00e9ritable exp\u00e9rience de sensation profonde pour d\u00e9couvrir les textes de la Sagesse des Arbres.<\/p>\n<p>R\u00e9alis\u00e9es \u00e0 partir d\u2019Arbres tomb\u00e9s dans les temp\u00eates ou en fin de Vie, les sculptures de Philippe BRAY proposent de vivre une exp\u00e9rience \u00e9tonnante : s\u2019assoir au coeur des Arbres.<br \/>\nR\u00e9gal des yeux, les formes des arbres appellent aussi la caresse&#8230; Le toucher est naturel, d\u2019une douceur sensuelle, chacun peut ressentir la relation qu\u2019il a avec la texture de l\u2019arbre\u2026<\/p>\n<p>Les parfums de c\u00e8dre sont propices au r\u00eave, piment\u00e9s par les \u00e9pices du s\u00e9quoia.<br \/>\nLorsque les visiteurs le souhaitent, le sculpteur leur propose de d\u00e9couvrir l\u2019un des messages issus de la sagesse des Arbres\u2026 Ces textes nous am\u00e8nent \u00e0 focaliser notre Attention sur des sujets que nous savons importants mais dont l\u2019agitation du monde moderne nous coupe, la plupart du temps.<\/p>\n<p>Ainsi nous sommes invit\u00e9s \u00e0 d\u00e9couvrir notre pouvoir \u00e0 observer nos pens\u00e9es, nos \u00e9motions, nos ressentis dans le corps. Nous d\u00e9couvrons que la souffrance vient de la r\u00e9sistance \u00e0 ce qui EST\u2026<br \/>\nPar son immobilit\u00e9 et sa pr\u00e9sence, l\u2019Arbre nous rappelle que nous pouvons focaliser notre Attention, pour devenir ce point de conscience qui observe. Je ne suis plus celui qui souffre, je deviens celui qui voit la souffrance se d\u00e9ployer en moi. D\u00e9calage primordial et essentiel de mon statut d\u2019humain\u2026<\/p>\n","protected":false},"excerpt":{"rendered":"<p>ESPACE PARENTALIT\u00c9 ESPACE JARDIN ET NATURE TINY HOUSE ESPACE D\u00c9TENTE CONCERT CHAMANIQUE ESPACE ART ET CR\u00c9ATION LES ARBRES DE VIE ESPACE PARENTALIT\u00c9 Nous sommes au regret de vous annoncer que cette animation est annul\u00e9e Espace anim\u00e9 par\u00a0Mon Moment Magique Diff\u00e9rentes animations et ateliers seront organis\u00e9s tout au long du salon. Mon Moment Magique\u00a0est un concept&hellip; <\/p>\n","protected":false},"author":7,"featured_media":0,"parent":0,"menu_order":0,"comment_status":"closed","ping_status":"closed","template":"","meta":{"_monsterinsights_skip_tracking":false,"_monsterinsights_sitenote_active":false,"_monsterinsights_sitenote_note":"","_monsterinsights_sitenote_category":0,"footnotes":""},"class_list":["post-12279","page","type-page","status-publish","hentry"],"yoast_head":"<!-- This site is optimized with the Yoast SEO plugin v27.3 - https:\/\/yoast.com\/product\/yoast-seo-wordpress\/ -->\n<title>Animations sp\u00e9ciales 2021 - Salon ZEN &amp; BIO Nantes<\/title>\n<meta name=\"robots\" content=\"index, follow, max-snippet:-1, max-image-preview:large, max-video-preview:-1\" \/>\n<link rel=\"canonical\" href=\"http:\/\/www.salon-zenetbio.com\/nantes\/animations-speciales-2021\/\" \/>\n<meta property=\"og:locale\" content=\"fr_FR\" \/>\n<meta property=\"og:type\" content=\"article\" \/>\n<meta property=\"og:title\" content=\"Animations sp\u00e9ciales 2021 - Salon ZEN &amp; BIO Nantes\" \/>\n<meta property=\"og:description\" content=\"ESPACE PARENTALIT\u00c9 ESPACE JARDIN ET NATURE TINY HOUSE ESPACE D\u00c9TENTE CONCERT CHAMANIQUE ESPACE ART ET CR\u00c9ATION LES ARBRES DE VIE ESPACE PARENTALIT\u00c9 Nous sommes au regret de vous annoncer que cette animation est annul\u00e9e Espace anim\u00e9 par\u00a0Mon Moment Magique Diff\u00e9rentes animations et ateliers seront organis\u00e9s tout au long du salon. Mon Moment Magique\u00a0est un concept&hellip;\" \/>\n<meta property=\"og:url\" content=\"http:\/\/www.salon-zenetbio.com\/nantes\/animations-speciales-2021\/\" \/>\n<meta property=\"og:site_name\" content=\"Salon ZEN &amp; BIO Nantes\" \/>\n<meta property=\"og:image\" content=\"https:\/\/www.salon-zenetbio.com\/nantes\/wp-content\/uploads\/sites\/7\/2019\/07\/mon-moment-magique.png\" \/>\n<meta name=\"twitter:card\" content=\"summary_large_image\" \/>\n<meta name=\"twitter:label1\" content=\"Dur\u00e9e de lecture estim\u00e9e\" \/>\n\t<meta name=\"twitter:data1\" content=\"9 minutes\" \/>\n<script type=\"application\/ld+json\" class=\"yoast-schema-graph\">{\"@context\":\"https:\\\/\\\/schema.org\",\"@graph\":[{\"@type\":\"WebPage\",\"@id\":\"http:\\\/\\\/www.salon-zenetbio.com\\\/nantes\\\/animations-speciales-2021\\\/\",\"url\":\"http:\\\/\\\/www.salon-zenetbio.com\\\/nantes\\\/animations-speciales-2021\\\/\",\"name\":\"Animations sp\u00e9ciales 2021 - Salon ZEN &amp; BIO Nantes\",\"isPartOf\":{\"@id\":\"https:\\\/\\\/www.salon-zenetbio.com\\\/nantes\\\/#website\"},\"primaryImageOfPage\":{\"@id\":\"http:\\\/\\\/www.salon-zenetbio.com\\\/nantes\\\/animations-speciales-2021\\\/#primaryimage\"},\"image\":{\"@id\":\"http:\\\/\\\/www.salon-zenetbio.com\\\/nantes\\\/animations-speciales-2021\\\/#primaryimage\"},\"thumbnailUrl\":\"https:\\\/\\\/www.salon-zenetbio.com\\\/nantes\\\/wp-content\\\/uploads\\\/sites\\\/7\\\/2019\\\/07\\\/mon-moment-magique.png\",\"datePublished\":\"2022-05-16T10:11:27+00:00\",\"breadcrumb\":{\"@id\":\"http:\\\/\\\/www.salon-zenetbio.com\\\/nantes\\\/animations-speciales-2021\\\/#breadcrumb\"},\"inLanguage\":\"fr-FR\",\"potentialAction\":[{\"@type\":\"ReadAction\",\"target\":[\"http:\\\/\\\/www.salon-zenetbio.com\\\/nantes\\\/animations-speciales-2021\\\/\"]}]},{\"@type\":\"ImageObject\",\"inLanguage\":\"fr-FR\",\"@id\":\"http:\\\/\\\/www.salon-zenetbio.com\\\/nantes\\\/animations-speciales-2021\\\/#primaryimage\",\"url\":\"https:\\\/\\\/www.salon-zenetbio.com\\\/nantes\\\/wp-content\\\/uploads\\\/sites\\\/7\\\/2019\\\/07\\\/mon-moment-magique.png\",\"contentUrl\":\"https:\\\/\\\/www.salon-zenetbio.com\\\/nantes\\\/wp-content\\\/uploads\\\/sites\\\/7\\\/2019\\\/07\\\/mon-moment-magique.png\",\"width\":322,\"height\":162},{\"@type\":\"BreadcrumbList\",\"@id\":\"http:\\\/\\\/www.salon-zenetbio.com\\\/nantes\\\/animations-speciales-2021\\\/#breadcrumb\",\"itemListElement\":[{\"@type\":\"ListItem\",\"position\":1,\"name\":\"Accueil\",\"item\":\"https:\\\/\\\/www.salon-zenetbio.com\\\/nantes\\\/\"},{\"@type\":\"ListItem\",\"position\":2,\"name\":\"Animations sp\u00e9ciales 2021\"}]},{\"@type\":\"WebSite\",\"@id\":\"https:\\\/\\\/www.salon-zenetbio.com\\\/nantes\\\/#website\",\"url\":\"https:\\\/\\\/www.salon-zenetbio.com\\\/nantes\\\/\",\"name\":\"Salon ZEN &amp; BIO Nantes\",\"description\":\"salon ZEN &amp; BIO Nantes : votre salon bio, bien-\u00eatre et habitat sain\",\"publisher\":{\"@id\":\"https:\\\/\\\/www.salon-zenetbio.com\\\/nantes\\\/#organization\"},\"potentialAction\":[{\"@type\":\"SearchAction\",\"target\":{\"@type\":\"EntryPoint\",\"urlTemplate\":\"https:\\\/\\\/www.salon-zenetbio.com\\\/nantes\\\/?s={search_term_string}\"},\"query-input\":{\"@type\":\"PropertyValueSpecification\",\"valueRequired\":true,\"valueName\":\"search_term_string\"}}],\"inLanguage\":\"fr-FR\"},{\"@type\":\"Organization\",\"@id\":\"https:\\\/\\\/www.salon-zenetbio.com\\\/nantes\\\/#organization\",\"name\":\"Salon ZEN &amp; BIO Nantes\",\"url\":\"https:\\\/\\\/www.salon-zenetbio.com\\\/nantes\\\/\",\"logo\":{\"@type\":\"ImageObject\",\"inLanguage\":\"fr-FR\",\"@id\":\"https:\\\/\\\/www.salon-zenetbio.com\\\/nantes\\\/#\\\/schema\\\/logo\\\/image\\\/\",\"url\":\"https:\\\/\\\/www.salon-zenetbio.com\\\/nantes\\\/wp-content\\\/uploads\\\/sites\\\/7\\\/2026\\\/03\\\/cropped-Logo-ZEN-et-BIO-nantes-2026.png\",\"contentUrl\":\"https:\\\/\\\/www.salon-zenetbio.com\\\/nantes\\\/wp-content\\\/uploads\\\/sites\\\/7\\\/2026\\\/03\\\/cropped-Logo-ZEN-et-BIO-nantes-2026.png\",\"width\":921,\"height\":255,\"caption\":\"Salon ZEN &amp; BIO Nantes\"},\"image\":{\"@id\":\"https:\\\/\\\/www.salon-zenetbio.com\\\/nantes\\\/#\\\/schema\\\/logo\\\/image\\\/\"}}]}<\/script>\n<!-- \/ Yoast SEO plugin. -->","yoast_head_json":{"title":"Animations sp\u00e9ciales 2021 - Salon ZEN &amp; BIO Nantes","robots":{"index":"index","follow":"follow","max-snippet":"max-snippet:-1","max-image-preview":"max-image-preview:large","max-video-preview":"max-video-preview:-1"},"canonical":"http:\/\/www.salon-zenetbio.com\/nantes\/animations-speciales-2021\/","og_locale":"fr_FR","og_type":"article","og_title":"Animations sp\u00e9ciales 2021 - Salon ZEN &amp; BIO Nantes","og_description":"ESPACE PARENTALIT\u00c9 ESPACE JARDIN ET NATURE TINY HOUSE ESPACE D\u00c9TENTE CONCERT CHAMANIQUE ESPACE ART ET CR\u00c9ATION LES ARBRES DE VIE ESPACE PARENTALIT\u00c9 Nous sommes au regret de vous annoncer que cette animation est annul\u00e9e Espace anim\u00e9 par\u00a0Mon Moment Magique Diff\u00e9rentes animations et ateliers seront organis\u00e9s tout au long du salon. Mon Moment Magique\u00a0est un concept&hellip;","og_url":"http:\/\/www.salon-zenetbio.com\/nantes\/animations-speciales-2021\/","og_site_name":"Salon ZEN &amp; BIO Nantes","og_image":[{"url":"https:\/\/www.salon-zenetbio.com\/nantes\/wp-content\/uploads\/sites\/7\/2019\/07\/mon-moment-magique.png","type":"","width":"","height":""}],"twitter_card":"summary_large_image","twitter_misc":{"Dur\u00e9e de lecture estim\u00e9e":"9 minutes"},"schema":{"@context":"https:\/\/schema.org","@graph":[{"@type":"WebPage","@id":"http:\/\/www.salon-zenetbio.com\/nantes\/animations-speciales-2021\/","url":"http:\/\/www.salon-zenetbio.com\/nantes\/animations-speciales-2021\/","name":"Animations sp\u00e9ciales 2021 - Salon ZEN &amp; BIO Nantes","isPartOf":{"@id":"https:\/\/www.salon-zenetbio.com\/nantes\/#website"},"primaryImageOfPage":{"@id":"http:\/\/www.salon-zenetbio.com\/nantes\/animations-speciales-2021\/#primaryimage"},"image":{"@id":"http:\/\/www.salon-zenetbio.com\/nantes\/animations-speciales-2021\/#primaryimage"},"thumbnailUrl":"https:\/\/www.salon-zenetbio.com\/nantes\/wp-content\/uploads\/sites\/7\/2019\/07\/mon-moment-magique.png","datePublished":"2022-05-16T10:11:27+00:00","breadcrumb":{"@id":"http:\/\/www.salon-zenetbio.com\/nantes\/animations-speciales-2021\/#breadcrumb"},"inLanguage":"fr-FR","potentialAction":[{"@type":"ReadAction","target":["http:\/\/www.salon-zenetbio.com\/nantes\/animations-speciales-2021\/"]}]},{"@type":"ImageObject","inLanguage":"fr-FR","@id":"http:\/\/www.salon-zenetbio.com\/nantes\/animations-speciales-2021\/#primaryimage","url":"https:\/\/www.salon-zenetbio.com\/nantes\/wp-content\/uploads\/sites\/7\/2019\/07\/mon-moment-magique.png","contentUrl":"https:\/\/www.salon-zenetbio.com\/nantes\/wp-content\/uploads\/sites\/7\/2019\/07\/mon-moment-magique.png","width":322,"height":162},{"@type":"BreadcrumbList","@id":"http:\/\/www.salon-zenetbio.com\/nantes\/animations-speciales-2021\/#breadcrumb","itemListElement":[{"@type":"ListItem","position":1,"name":"Accueil","item":"https:\/\/www.salon-zenetbio.com\/nantes\/"},{"@type":"ListItem","position":2,"name":"Animations sp\u00e9ciales 2021"}]},{"@type":"WebSite","@id":"https:\/\/www.salon-zenetbio.com\/nantes\/#website","url":"https:\/\/www.salon-zenetbio.com\/nantes\/","name":"Salon ZEN &amp; BIO Nantes","description":"salon ZEN &amp; BIO Nantes : votre salon bio, bien-\u00eatre et habitat sain","publisher":{"@id":"https:\/\/www.salon-zenetbio.com\/nantes\/#organization"},"potentialAction":[{"@type":"SearchAction","target":{"@type":"EntryPoint","urlTemplate":"https:\/\/www.salon-zenetbio.com\/nantes\/?s={search_term_string}"},"query-input":{"@type":"PropertyValueSpecification","valueRequired":true,"valueName":"search_term_string"}}],"inLanguage":"fr-FR"},{"@type":"Organization","@id":"https:\/\/www.salon-zenetbio.com\/nantes\/#organization","name":"Salon ZEN &amp; BIO Nantes","url":"https:\/\/www.salon-zenetbio.com\/nantes\/","logo":{"@type":"ImageObject","inLanguage":"fr-FR","@id":"https:\/\/www.salon-zenetbio.com\/nantes\/#\/schema\/logo\/image\/","url":"https:\/\/www.salon-zenetbio.com\/nantes\/wp-content\/uploads\/sites\/7\/2026\/03\/cropped-Logo-ZEN-et-BIO-nantes-2026.png","contentUrl":"https:\/\/www.salon-zenetbio.com\/nantes\/wp-content\/uploads\/sites\/7\/2026\/03\/cropped-Logo-ZEN-et-BIO-nantes-2026.png","width":921,"height":255,"caption":"Salon ZEN &amp; BIO Nantes"},"image":{"@id":"https:\/\/www.salon-zenetbio.com\/nantes\/#\/schema\/logo\/image\/"}}]}},"_links":{"self":[{"href":"https:\/\/www.salon-zenetbio.com\/nantes\/wp-json\/wp\/v2\/pages\/12279","targetHints":{"allow":["GET"]}}],"collection":[{"href":"https:\/\/www.salon-zenetbio.com\/nantes\/wp-json\/wp\/v2\/pages"}],"about":[{"href":"https:\/\/www.salon-zenetbio.com\/nantes\/wp-json\/wp\/v2\/types\/page"}],"author":[{"embeddable":true,"href":"https:\/\/www.salon-zenetbio.com\/nantes\/wp-json\/wp\/v2\/users\/7"}],"replies":[{"embeddable":true,"href":"https:\/\/www.salon-zenetbio.com\/nantes\/wp-json\/wp\/v2\/comments?post=12279"}],"version-history":[{"count":1,"href":"https:\/\/www.salon-zenetbio.com\/nantes\/wp-json\/wp\/v2\/pages\/12279\/revisions"}],"predecessor-version":[{"id":12281,"href":"https:\/\/www.salon-zenetbio.com\/nantes\/wp-json\/wp\/v2\/pages\/12279\/revisions\/12281"}],"wp:attachment":[{"href":"https:\/\/www.salon-zenetbio.com\/nantes\/wp-json\/wp\/v2\/media?parent=12279"}],"curies":[{"name":"wp","href":"https:\/\/api.w.org\/{rel}","templated":true}]}}