{"id":15263,"date":"2024-06-07T12:40:18","date_gmt":"2024-06-07T10:40:18","guid":{"rendered":"https:\/\/www.salon-zenetbio.com\/nantes\/?page_id=15263"},"modified":"2025-10-06T15:17:45","modified_gmt":"2025-10-06T13:17:45","slug":"europe-2","status":"publish","type":"page","link":"https:\/\/www.salon-zenetbio.com\/nantes\/europe-2\/","title":{"rendered":"Europe 2"},"content":{"rendered":"<p>&nbsp;<\/p>\n<p><img decoding=\"async\" class=\"size-medium wp-image-18802 aligncenter\" src=\"https:\/\/www.salon-zenetbio.com\/nantes\/wp-content\/uploads\/sites\/7\/2025\/10\/LOGO-E2-POPRADIO-CARTOUCHEBLANC-RVB-300x165.png\" alt=\"\" width=\"300\" height=\"165\" srcset=\"https:\/\/www.salon-zenetbio.com\/nantes\/wp-content\/uploads\/sites\/7\/2025\/10\/LOGO-E2-POPRADIO-CARTOUCHEBLANC-RVB-300x165.png 300w, https:\/\/www.salon-zenetbio.com\/nantes\/wp-content\/uploads\/sites\/7\/2025\/10\/LOGO-E2-POPRADIO-CARTOUCHEBLANC-RVB-1024x562.png 1024w, https:\/\/www.salon-zenetbio.com\/nantes\/wp-content\/uploads\/sites\/7\/2025\/10\/LOGO-E2-POPRADIO-CARTOUCHEBLANC-RVB-768x421.png 768w, https:\/\/www.salon-zenetbio.com\/nantes\/wp-content\/uploads\/sites\/7\/2025\/10\/LOGO-E2-POPRADIO-CARTOUCHEBLANC-RVB-1536x842.png 1536w, https:\/\/www.salon-zenetbio.com\/nantes\/wp-content\/uploads\/sites\/7\/2025\/10\/LOGO-E2-POPRADIO-CARTOUCHEBLANC-RVB-2048x1123.png 2048w, https:\/\/www.salon-zenetbio.com\/nantes\/wp-content\/uploads\/sites\/7\/2025\/10\/LOGO-E2-POPRADIO-CARTOUCHEBLANC-RVB-150x82.png 150w, https:\/\/www.salon-zenetbio.com\/nantes\/wp-content\/uploads\/sites\/7\/2025\/10\/LOGO-E2-POPRADIO-CARTOUCHEBLANC-RVB-500x274.png 500w\" sizes=\"(max-width: 300px) 100vw, 300px\" \/><\/p>\n<p>&nbsp;<\/p>\n<p style=\"font-weight: 400;\">Europe 2 est LA radio pop de r\u00e9f\u00e9rence.\u00a0Tous les jours, retrouvez les plus grands tubes du moment et les classiques des 20 derni\u00e8res ann\u00e9es.<\/p>\n<p style=\"font-weight: 400;\">Proche et authentique, elle propose une exp\u00e9rience radio unique, profond\u00e9ment ancr\u00e9e dans la culture pop et toujours connect\u00e9e aux tendances actuelles.<\/p>\n<p style=\"font-weight: 400;\">Chaque matin, de 7h \u00e0 11h c\u2019est Cauet et son \u00e9quipe qui vous r\u00e9veillent pour une \u00e9mission pens\u00e9e comme un show\u00a0m\u00ealant bonne humeur, rire et autod\u00e9rision.<\/p>\n<p style=\"font-weight: 400;\">Retrouvez toutes les fr\u00e9quences d\u2019EUROPE 2 sur\u00a0<a href=\"http:\/\/www.europe2.fr\/\">www.europe2.fr<\/a>. Vivez \u00e9galement l\u2019exp\u00e9rience Europe 2 en DAB + et sur l\u2019appli Europe2<\/p>\n","protected":false},"excerpt":{"rendered":"<p>&nbsp; &nbsp; Europe 2 est LA radio pop de r\u00e9f\u00e9rence.\u00a0Tous les jours, retrouvez les plus grands tubes du moment et les classiques des 20 derni\u00e8res ann\u00e9es. Proche et authentique, elle propose une exp\u00e9rience radio unique, profond\u00e9ment ancr\u00e9e dans la culture pop et toujours connect\u00e9e aux tendances actuelles. Chaque matin, de 7h \u00e0 11h c\u2019est Cauet&hellip; <\/p>\n","protected":false},"author":8,"featured_media":0,"parent":0,"menu_order":0,"comment_status":"closed","ping_status":"closed","template":"","meta":{"_monsterinsights_skip_tracking":false,"_monsterinsights_sitenote_active":false,"_monsterinsights_sitenote_note":"","_monsterinsights_sitenote_category":0,"footnotes":""},"class_list":["post-15263","page","type-page","status-publish","hentry"],"yoast_head":"<!-- This site is optimized with the Yoast SEO plugin v27.3 - https:\/\/yoast.com\/product\/yoast-seo-wordpress\/ -->\n<title>Europe 2 - Salon ZEN &amp; BIO Nantes<\/title>\n<meta name=\"robots\" content=\"index, follow, max-snippet:-1, max-image-preview:large, max-video-preview:-1\" \/>\n<link rel=\"canonical\" href=\"https:\/\/www.salon-zenetbio.com\/nantes\/europe-2\/\" \/>\n<meta property=\"og:locale\" content=\"fr_FR\" \/>\n<meta property=\"og:type\" content=\"article\" \/>\n<meta property=\"og:title\" content=\"Europe 2 - Salon ZEN &amp; BIO Nantes\" \/>\n<meta property=\"og:description\" content=\"&nbsp; &nbsp; Europe 2 est LA radio pop de r\u00e9f\u00e9rence.\u00a0Tous les jours, retrouvez les plus grands tubes du moment et les classiques des 20 derni\u00e8res ann\u00e9es. Proche et authentique, elle propose une exp\u00e9rience radio unique, profond\u00e9ment ancr\u00e9e dans la culture pop et toujours connect\u00e9e aux tendances actuelles. Chaque matin, de 7h \u00e0 11h c\u2019est Cauet&hellip;\" \/>\n<meta property=\"og:url\" content=\"https:\/\/www.salon-zenetbio.com\/nantes\/europe-2\/\" \/>\n<meta property=\"og:site_name\" content=\"Salon ZEN &amp; BIO Nantes\" \/>\n<meta property=\"article:modified_time\" content=\"2025-10-06T13:17:45+00:00\" \/>\n<meta property=\"og:image\" content=\"https:\/\/www.salon-zenetbio.com\/nantes\/wp-content\/uploads\/sites\/7\/2025\/10\/LOGO-E2-POPRADIO-CARTOUCHEBLANC-RVB-300x165.png\" \/>\n<meta name=\"twitter:card\" content=\"summary_large_image\" \/>\n<meta name=\"twitter:label1\" content=\"Dur\u00e9e de lecture estim\u00e9e\" \/>\n\t<meta name=\"twitter:data1\" content=\"1 minute\" \/>\n<script type=\"application\/ld+json\" class=\"yoast-schema-graph\">{\"@context\":\"https:\\\/\\\/schema.org\",\"@graph\":[{\"@type\":\"WebPage\",\"@id\":\"https:\\\/\\\/www.salon-zenetbio.com\\\/nantes\\\/europe-2\\\/\",\"url\":\"https:\\\/\\\/www.salon-zenetbio.com\\\/nantes\\\/europe-2\\\/\",\"name\":\"Europe 2 - Salon ZEN &amp; BIO Nantes\",\"isPartOf\":{\"@id\":\"https:\\\/\\\/www.salon-zenetbio.com\\\/nantes\\\/#website\"},\"primaryImageOfPage\":{\"@id\":\"https:\\\/\\\/www.salon-zenetbio.com\\\/nantes\\\/europe-2\\\/#primaryimage\"},\"image\":{\"@id\":\"https:\\\/\\\/www.salon-zenetbio.com\\\/nantes\\\/europe-2\\\/#primaryimage\"},\"thumbnailUrl\":\"https:\\\/\\\/www.salon-zenetbio.com\\\/nantes\\\/wp-content\\\/uploads\\\/sites\\\/7\\\/2025\\\/10\\\/LOGO-E2-POPRADIO-CARTOUCHEBLANC-RVB-300x165.png\",\"datePublished\":\"2024-06-07T10:40:18+00:00\",\"dateModified\":\"2025-10-06T13:17:45+00:00\",\"breadcrumb\":{\"@id\":\"https:\\\/\\\/www.salon-zenetbio.com\\\/nantes\\\/europe-2\\\/#breadcrumb\"},\"inLanguage\":\"fr-FR\",\"potentialAction\":[{\"@type\":\"ReadAction\",\"target\":[\"https:\\\/\\\/www.salon-zenetbio.com\\\/nantes\\\/europe-2\\\/\"]}]},{\"@type\":\"ImageObject\",\"inLanguage\":\"fr-FR\",\"@id\":\"https:\\\/\\\/www.salon-zenetbio.com\\\/nantes\\\/europe-2\\\/#primaryimage\",\"url\":\"https:\\\/\\\/www.salon-zenetbio.com\\\/nantes\\\/wp-content\\\/uploads\\\/sites\\\/7\\\/2025\\\/10\\\/LOGO-E2-POPRADIO-CARTOUCHEBLANC-RVB-scaled.png\",\"contentUrl\":\"https:\\\/\\\/www.salon-zenetbio.com\\\/nantes\\\/wp-content\\\/uploads\\\/sites\\\/7\\\/2025\\\/10\\\/LOGO-E2-POPRADIO-CARTOUCHEBLANC-RVB-scaled.png\",\"width\":2560,\"height\":1404},{\"@type\":\"BreadcrumbList\",\"@id\":\"https:\\\/\\\/www.salon-zenetbio.com\\\/nantes\\\/europe-2\\\/#breadcrumb\",\"itemListElement\":[{\"@type\":\"ListItem\",\"position\":1,\"name\":\"Accueil\",\"item\":\"https:\\\/\\\/www.salon-zenetbio.com\\\/nantes\\\/\"},{\"@type\":\"ListItem\",\"position\":2,\"name\":\"Europe 2\"}]},{\"@type\":\"WebSite\",\"@id\":\"https:\\\/\\\/www.salon-zenetbio.com\\\/nantes\\\/#website\",\"url\":\"https:\\\/\\\/www.salon-zenetbio.com\\\/nantes\\\/\",\"name\":\"Salon ZEN &amp; BIO Nantes\",\"description\":\"salon ZEN &amp; BIO Nantes : votre salon bio, bien-\u00eatre et habitat sain\",\"publisher\":{\"@id\":\"https:\\\/\\\/www.salon-zenetbio.com\\\/nantes\\\/#organization\"},\"potentialAction\":[{\"@type\":\"SearchAction\",\"target\":{\"@type\":\"EntryPoint\",\"urlTemplate\":\"https:\\\/\\\/www.salon-zenetbio.com\\\/nantes\\\/?s={search_term_string}\"},\"query-input\":{\"@type\":\"PropertyValueSpecification\",\"valueRequired\":true,\"valueName\":\"search_term_string\"}}],\"inLanguage\":\"fr-FR\"},{\"@type\":\"Organization\",\"@id\":\"https:\\\/\\\/www.salon-zenetbio.com\\\/nantes\\\/#organization\",\"name\":\"Salon ZEN &amp; BIO Nantes\",\"url\":\"https:\\\/\\\/www.salon-zenetbio.com\\\/nantes\\\/\",\"logo\":{\"@type\":\"ImageObject\",\"inLanguage\":\"fr-FR\",\"@id\":\"https:\\\/\\\/www.salon-zenetbio.com\\\/nantes\\\/#\\\/schema\\\/logo\\\/image\\\/\",\"url\":\"https:\\\/\\\/www.salon-zenetbio.com\\\/nantes\\\/wp-content\\\/uploads\\\/sites\\\/7\\\/2026\\\/03\\\/cropped-Logo-ZEN-et-BIO-nantes-2026.png\",\"contentUrl\":\"https:\\\/\\\/www.salon-zenetbio.com\\\/nantes\\\/wp-content\\\/uploads\\\/sites\\\/7\\\/2026\\\/03\\\/cropped-Logo-ZEN-et-BIO-nantes-2026.png\",\"width\":921,\"height\":255,\"caption\":\"Salon ZEN &amp; BIO Nantes\"},\"image\":{\"@id\":\"https:\\\/\\\/www.salon-zenetbio.com\\\/nantes\\\/#\\\/schema\\\/logo\\\/image\\\/\"}}]}<\/script>\n<!-- \/ Yoast SEO plugin. -->","yoast_head_json":{"title":"Europe 2 - Salon ZEN &amp; BIO Nantes","robots":{"index":"index","follow":"follow","max-snippet":"max-snippet:-1","max-image-preview":"max-image-preview:large","max-video-preview":"max-video-preview:-1"},"canonical":"https:\/\/www.salon-zenetbio.com\/nantes\/europe-2\/","og_locale":"fr_FR","og_type":"article","og_title":"Europe 2 - Salon ZEN &amp; BIO Nantes","og_description":"&nbsp; &nbsp; Europe 2 est LA radio pop de r\u00e9f\u00e9rence.\u00a0Tous les jours, retrouvez les plus grands tubes du moment et les classiques des 20 derni\u00e8res ann\u00e9es. Proche et authentique, elle propose une exp\u00e9rience radio unique, profond\u00e9ment ancr\u00e9e dans la culture pop et toujours connect\u00e9e aux tendances actuelles. Chaque matin, de 7h \u00e0 11h c\u2019est Cauet&hellip;","og_url":"https:\/\/www.salon-zenetbio.com\/nantes\/europe-2\/","og_site_name":"Salon ZEN &amp; BIO Nantes","article_modified_time":"2025-10-06T13:17:45+00:00","og_image":[{"url":"https:\/\/www.salon-zenetbio.com\/nantes\/wp-content\/uploads\/sites\/7\/2025\/10\/LOGO-E2-POPRADIO-CARTOUCHEBLANC-RVB-300x165.png","type":"","width":"","height":""}],"twitter_card":"summary_large_image","twitter_misc":{"Dur\u00e9e de lecture estim\u00e9e":"1 minute"},"schema":{"@context":"https:\/\/schema.org","@graph":[{"@type":"WebPage","@id":"https:\/\/www.salon-zenetbio.com\/nantes\/europe-2\/","url":"https:\/\/www.salon-zenetbio.com\/nantes\/europe-2\/","name":"Europe 2 - Salon ZEN &amp; BIO Nantes","isPartOf":{"@id":"https:\/\/www.salon-zenetbio.com\/nantes\/#website"},"primaryImageOfPage":{"@id":"https:\/\/www.salon-zenetbio.com\/nantes\/europe-2\/#primaryimage"},"image":{"@id":"https:\/\/www.salon-zenetbio.com\/nantes\/europe-2\/#primaryimage"},"thumbnailUrl":"https:\/\/www.salon-zenetbio.com\/nantes\/wp-content\/uploads\/sites\/7\/2025\/10\/LOGO-E2-POPRADIO-CARTOUCHEBLANC-RVB-300x165.png","datePublished":"2024-06-07T10:40:18+00:00","dateModified":"2025-10-06T13:17:45+00:00","breadcrumb":{"@id":"https:\/\/www.salon-zenetbio.com\/nantes\/europe-2\/#breadcrumb"},"inLanguage":"fr-FR","potentialAction":[{"@type":"ReadAction","target":["https:\/\/www.salon-zenetbio.com\/nantes\/europe-2\/"]}]},{"@type":"ImageObject","inLanguage":"fr-FR","@id":"https:\/\/www.salon-zenetbio.com\/nantes\/europe-2\/#primaryimage","url":"https:\/\/www.salon-zenetbio.com\/nantes\/wp-content\/uploads\/sites\/7\/2025\/10\/LOGO-E2-POPRADIO-CARTOUCHEBLANC-RVB-scaled.png","contentUrl":"https:\/\/www.salon-zenetbio.com\/nantes\/wp-content\/uploads\/sites\/7\/2025\/10\/LOGO-E2-POPRADIO-CARTOUCHEBLANC-RVB-scaled.png","width":2560,"height":1404},{"@type":"BreadcrumbList","@id":"https:\/\/www.salon-zenetbio.com\/nantes\/europe-2\/#breadcrumb","itemListElement":[{"@type":"ListItem","position":1,"name":"Accueil","item":"https:\/\/www.salon-zenetbio.com\/nantes\/"},{"@type":"ListItem","position":2,"name":"Europe 2"}]},{"@type":"WebSite","@id":"https:\/\/www.salon-zenetbio.com\/nantes\/#website","url":"https:\/\/www.salon-zenetbio.com\/nantes\/","name":"Salon ZEN &amp; BIO Nantes","description":"salon ZEN &amp; BIO Nantes : votre salon bio, bien-\u00eatre et habitat sain","publisher":{"@id":"https:\/\/www.salon-zenetbio.com\/nantes\/#organization"},"potentialAction":[{"@type":"SearchAction","target":{"@type":"EntryPoint","urlTemplate":"https:\/\/www.salon-zenetbio.com\/nantes\/?s={search_term_string}"},"query-input":{"@type":"PropertyValueSpecification","valueRequired":true,"valueName":"search_term_string"}}],"inLanguage":"fr-FR"},{"@type":"Organization","@id":"https:\/\/www.salon-zenetbio.com\/nantes\/#organization","name":"Salon ZEN &amp; BIO Nantes","url":"https:\/\/www.salon-zenetbio.com\/nantes\/","logo":{"@type":"ImageObject","inLanguage":"fr-FR","@id":"https:\/\/www.salon-zenetbio.com\/nantes\/#\/schema\/logo\/image\/","url":"https:\/\/www.salon-zenetbio.com\/nantes\/wp-content\/uploads\/sites\/7\/2026\/03\/cropped-Logo-ZEN-et-BIO-nantes-2026.png","contentUrl":"https:\/\/www.salon-zenetbio.com\/nantes\/wp-content\/uploads\/sites\/7\/2026\/03\/cropped-Logo-ZEN-et-BIO-nantes-2026.png","width":921,"height":255,"caption":"Salon ZEN &amp; BIO Nantes"},"image":{"@id":"https:\/\/www.salon-zenetbio.com\/nantes\/#\/schema\/logo\/image\/"}}]}},"_links":{"self":[{"href":"https:\/\/www.salon-zenetbio.com\/nantes\/wp-json\/wp\/v2\/pages\/15263","targetHints":{"allow":["GET"]}}],"collection":[{"href":"https:\/\/www.salon-zenetbio.com\/nantes\/wp-json\/wp\/v2\/pages"}],"about":[{"href":"https:\/\/www.salon-zenetbio.com\/nantes\/wp-json\/wp\/v2\/types\/page"}],"author":[{"embeddable":true,"href":"https:\/\/www.salon-zenetbio.com\/nantes\/wp-json\/wp\/v2\/users\/8"}],"replies":[{"embeddable":true,"href":"https:\/\/www.salon-zenetbio.com\/nantes\/wp-json\/wp\/v2\/comments?post=15263"}],"version-history":[{"count":6,"href":"https:\/\/www.salon-zenetbio.com\/nantes\/wp-json\/wp\/v2\/pages\/15263\/revisions"}],"predecessor-version":[{"id":18806,"href":"https:\/\/www.salon-zenetbio.com\/nantes\/wp-json\/wp\/v2\/pages\/15263\/revisions\/18806"}],"wp:attachment":[{"href":"https:\/\/www.salon-zenetbio.com\/nantes\/wp-json\/wp\/v2\/media?parent=15263"}],"curies":[{"name":"wp","href":"https:\/\/api.w.org\/{rel}","templated":true}]}}