{"id":9248,"date":"2020-03-19T10:57:50","date_gmt":"2020-03-19T09:57:50","guid":{"rendered":"http:\/\/www.salon-zenetbio.com\/nantes\/?page_id=9248"},"modified":"2020-03-19T10:57:50","modified_gmt":"2020-03-19T09:57:50","slug":"animations-2019","status":"publish","type":"page","link":"https:\/\/www.salon-zenetbio.com\/nantes\/animations-2019\/","title":{"rendered":"Animations 2019"},"content":{"rendered":"<h2><strong>ESPACE PARENTALIT\u00c9<\/strong><\/h2>\n<p>Espace anim\u00e9 par <strong>Mon Moment Magique<\/strong>.<\/p>\n<p><img decoding=\"async\" class=\"alignnone wp-image-8088 \" src=\"https:\/\/www.salon-zenetbio.com\/nantes\/wp-content\/uploads\/sites\/7\/2019\/07\/mon-moment-magique.png\" alt=\"\" width=\"193\" height=\"102\" \/><\/p>\n<p style=\"text-align: justify;\">Diff\u00e9rentes animations et ateliers seront organis\u00e9s tout au long du salon.<\/p>\n<p style=\"text-align: justify;\"><strong>Mon Moment Magique<\/strong> est un concept d\u2019ateliers bien-\u00eatre, dont l\u2019ambition est d\u2019\u00e9veiller les enfants de mani\u00e8re ludique au d\u00e9veloppement personnel, de les emmener sur le chemin de leur bonheur, en leur proposant un ensemble de rituels dans une dimension t\u00eate-corps-coeur. Ces ateliers sont \u00e9galement d\u00e9clin\u00e9s pour les femmes, les minis, les ados, les duos et apr\u00e8s la classe.<\/p>\n<p style=\"text-align: justify;\">Les ateliers sont propos\u00e9s par une communaut\u00e9 de 300 ambassadrices et ambassadeurs pr\u00e9sents dans 11 pays.<\/p>\n<p style=\"text-align: justify;\">Chaque atelier propose une th\u00e9matique, ce qui garantit la diversit\u00e9 des ateliers : les \u00e9motions, la confiance en soi, les saisons, le rire, les animaux, les super pouvoirs, l\u2019amiti\u00e9, les couleurs\u2026<\/p>\n<p style=\"text-align: justify;\">Plusieurs pratiques bien-\u00eatre sont explor\u00e9es : cercle de parole, gratitude, respiration, yoga, d\u00e9foulage, relaxation\u2026<\/p>\n<p style=\"text-align: justify;\">Cet enchainement de rituels constitue l\u2019originalit\u00e9 du concept. Chaque rituel a \u00e9t\u00e9 soigneusement choisi, pour r\u00e9pondre aux besoins sp\u00e9cifiques des enfants.<br \/>\n<strong><a href=\"http:\/\/monmomentmagique.com\/\">monmomentmagique.com<\/a><\/strong><\/p>\n<p>&nbsp;<\/p>\n<h2><strong>ESPACE JARDIN &amp; NATURE<br \/>\n<\/strong><em><strong>Cour ext\u00e9rieure<\/strong><\/em><\/h2>\n<p><img fetchpriority=\"high\" decoding=\"async\" class=\"wp-image-8086 size-medium alignleft\" src=\"https:\/\/www.salon-zenetbio.com\/nantes\/wp-content\/uploads\/sites\/7\/2019\/07\/jardin-300x200.jpg\" alt=\"\" width=\"300\" height=\"200\" srcset=\"https:\/\/www.salon-zenetbio.com\/nantes\/wp-content\/uploads\/sites\/7\/2019\/07\/jardin-300x200.jpg 300w, https:\/\/www.salon-zenetbio.com\/nantes\/wp-content\/uploads\/sites\/7\/2019\/07\/jardin-768x513.jpg 768w, https:\/\/www.salon-zenetbio.com\/nantes\/wp-content\/uploads\/sites\/7\/2019\/07\/jardin-1024x683.jpg 1024w, https:\/\/www.salon-zenetbio.com\/nantes\/wp-content\/uploads\/sites\/7\/2019\/07\/jardin-150x100.jpg 150w, https:\/\/www.salon-zenetbio.com\/nantes\/wp-content\/uploads\/sites\/7\/2019\/07\/jardin-500x334.jpg 500w, https:\/\/www.salon-zenetbio.com\/nantes\/wp-content\/uploads\/sites\/7\/2019\/07\/jardin.jpg 1687w\" sizes=\"(max-width: 300px) 100vw, 300px\" \/><\/p>\n<p>&nbsp;<\/p>\n<p style=\"text-align: justify;\">Un espace pour d\u00e9couvrir le jardinage \u00e9cologique, l\u2019agriculture urbaine, la permaculture, pour favoriser la biodiversit\u00e9 et valoriser nos d\u00e9chets. Un espace pour \u00e9changer, apprendre, s\u2019informer\u2026<br \/>\nDes animations sont aussi pr\u00e9vues tout au long de la journ\u00e9e.<\/p>\n<p>&nbsp;<\/p>\n<p style=\"text-align: justify;\"><strong><img decoding=\"async\" class=\"wp-image-8439 alignnone\" src=\"https:\/\/www.salon-zenetbio.com\/nantes\/wp-content\/uploads\/sites\/7\/2019\/09\/Logo_Compostri-300x121.png\" alt=\"\" width=\"164\" height=\"70\" \/><br \/>\n<\/strong><\/p>\n<p style=\"text-align: justify;\">Depuis 2007, notre association met toute son \u00e9nergie dans le d\u00e9veloppement du\u00a0compostage de proximit\u00e9\u00a0et plus particuli\u00e8rement dans l\u2019accompagnement de site de compostage partag\u00e9\u00a0entre voisins.<\/p>\n<p style=\"text-align: justify;\">Plus g\u00e9n\u00e9ralement, le projet associatif de <strong>Compostri<\/strong> s\u2019articule autour de plusieurs objectifs\u00a0:<br \/>\n&#8211; Favoriser le d\u00e9ploiement de projets de compostage de proximit\u00e9<br \/>\n&#8211; D\u00e9velopper et animer un r\u00e9seau de R\u00e9f\u00e9rents de Sites et de Guides Composteurs b\u00e9n\u00e9voles<br \/>\n&#8211; D\u00e9velopper des liens avec l\u2019ensemble des structures engag\u00e9es de pr\u00e8s ou de loin dans le compostage<br \/>\n&#8211; Cr\u00e9er des emplois de proximit\u00e9<br \/>\n&#8211; Informer et promouvoir la gestion de proximit\u00e9 des biod\u00e9chets pour une plus grande appropriation citoyenne<\/p>\n<p style=\"text-align: justify;\"><a href=\"http:\/\/www.compostri.fr\" target=\"_blank\" rel=\"noopener noreferrer\"><em><strong>Rendez-vous sur le site internet pour plus d&rsquo;informations\u00a0<\/strong><\/em><\/a><\/p>\n<p style=\"text-align: justify;\"><strong><img loading=\"lazy\" decoding=\"async\" class=\"alignnone wp-image-8440 \" src=\"https:\/\/www.salon-zenetbio.com\/nantes\/wp-content\/uploads\/sites\/7\/2019\/09\/POUR-LE-SITE-INTERNET-6-300x136.png\" alt=\"\" width=\"216\" height=\"96\" \/><\/strong><\/p>\n<p style=\"text-align: justify;\"><strong>O\u2019Bio Potager<\/strong>, paysagiste sp\u00e9cialis\u00e9 dans\u00a0la cr\u00e9ation et l\u2019entretien\u00a0de potagers, vergers et jardins biologiques et raisonn\u00e9s, exerce sa passion au service des\u00a0particuliers, entreprises, maisons de retraite et \u00e9coles.<\/p>\n<p style=\"text-align: justify;\">O&rsquo;Bio Potager intervient dans toutes les \u00e9tapes, de la conception jusqu&rsquo;\u00e0 l&rsquo;entretien de votre potager, verger ou jardin biologique et raisonn\u00e9.<br \/>\nO&rsquo;Bio Potager propose diff\u00e9rents types de potagers: carr\u00e9 potager, carr\u00e9 potager sur\u00e9lev\u00e9, potager vertical, potager en aquaponie.<\/p>\n<p style=\"text-align: justify;\">Tous les potagers sont r\u00e9alis\u00e9s par un menuisier local. Ils sont en bois de Douglas sans traitement (bois naturellement imputrescible) issu de for\u00eats fran\u00e7aises g\u00e9r\u00e9es durablement.<\/p>\n<p style=\"text-align: justify;\"><img loading=\"lazy\" decoding=\"async\" class=\"wp-image-8445 size-medium alignleft\" src=\"https:\/\/www.salon-zenetbio.com\/nantes\/wp-content\/uploads\/sites\/7\/2019\/09\/POUR-LE-SITE-INTERNET-5-300x300.jpg\" alt=\"\" width=\"300\" height=\"300\" srcset=\"https:\/\/www.salon-zenetbio.com\/nantes\/wp-content\/uploads\/sites\/7\/2019\/09\/POUR-LE-SITE-INTERNET-5-300x300.jpg 300w, https:\/\/www.salon-zenetbio.com\/nantes\/wp-content\/uploads\/sites\/7\/2019\/09\/POUR-LE-SITE-INTERNET-5-150x150.jpg 150w, https:\/\/www.salon-zenetbio.com\/nantes\/wp-content\/uploads\/sites\/7\/2019\/09\/POUR-LE-SITE-INTERNET-5-768x768.jpg 768w, https:\/\/www.salon-zenetbio.com\/nantes\/wp-content\/uploads\/sites\/7\/2019\/09\/POUR-LE-SITE-INTERNET-5-1024x1024.jpg 1024w, https:\/\/www.salon-zenetbio.com\/nantes\/wp-content\/uploads\/sites\/7\/2019\/09\/POUR-LE-SITE-INTERNET-5-50x50.jpg 50w, https:\/\/www.salon-zenetbio.com\/nantes\/wp-content\/uploads\/sites\/7\/2019\/09\/POUR-LE-SITE-INTERNET-5-500x500.jpg 500w, https:\/\/www.salon-zenetbio.com\/nantes\/wp-content\/uploads\/sites\/7\/2019\/09\/POUR-LE-SITE-INTERNET-5-45x45.jpg 45w, https:\/\/www.salon-zenetbio.com\/nantes\/wp-content\/uploads\/sites\/7\/2019\/09\/POUR-LE-SITE-INTERNET-5.jpg 1564w\" sizes=\"(max-width: 300px) 100vw, 300px\" \/><\/p>\n<p>&nbsp;<\/p>\n<p style=\"text-align: justify;\">Les potagers sont r\u00e9alis\u00e9s sur mesure pour r\u00e9pondre \u00e0 vos besoins. Ils peuvent \u00eatre color\u00e9s avec des peintures naturelles (\u00e0 base d&rsquo;huile de lin cuite).<br \/>\nO&rsquo;Bio Potager s&rsquo;occupe aussi de votre potager traditionnel en pleine terre en suivant les principes de la permaculture.<br \/>\nO&rsquo;Bio Potager vous accueillera tout au long du salon pour vous pr\u00e9senter les diff\u00e9rents potagers ainsi que l&rsquo;aquaponie.<\/p>\n<p><a href=\"http:\/\/www.obiopotager.fr\/\" target=\"_blank\" rel=\"noopener noreferrer\"><em><strong>Rendez-vous sur le site internet pour plus d&rsquo;informations\u00a0<\/strong><\/em><\/a><\/p>\n<p>&nbsp;<\/p>\n<h2><\/h2>\n<p>&nbsp;<\/p>\n<h2><strong>VISITE DE LA TINY HOUSE \u00ab BALUCHON \u00bb<br \/>\n<\/strong><em><strong>Cour ext\u00e9rieure<\/strong><\/em><\/h2>\n<p style=\"text-align: justify;\"><img loading=\"lazy\" decoding=\"async\" class=\"wp-image-8087 alignleft\" src=\"https:\/\/www.salon-zenetbio.com\/nantes\/wp-content\/uploads\/sites\/7\/2019\/07\/tiny-house-1024x680.jpg\" alt=\"\" width=\"323\" height=\"201\" \/>La tiny house est une petite maison en bois qui a la particularit\u00e9 d&rsquo;\u00eatre construite sur une remorque routi\u00e8re, ce qui offre la possibilit\u00e9 \u00e0 ses habitants de d\u00e9m\u00e9nager leur logement tout entier et de changer de jardin \u00e0 volont\u00e9 !\u00a0Son stationnement ne n\u00e9cessite pas de permis de\u00a0construire, mais un permis de conduire BE est indispensable pour\u00a0la tracter sur nos routes. C\u2019est de par sa taille (environ 20m2 avec l\u2019\u00e9tage), sa faible consommation et les\u00a0mat\u00e9riaux qui la constituent que la tiny house est devenue une maison durable et \u00e9co-responsable a part\u00a0enti\u00e8re.<\/p>\n<p style=\"text-align: justify;\">C&rsquo;est aussi une solution \u00e9conomique pour vivre avec moins de possessions mat\u00e9rielles, dans un espace tout sp\u00e9cialement con\u00e7u pour r\u00e9pondre \u00e0 ses propres besoins. La tiny house est n\u00e9e aux Etats-Unis il y a une vingtaine d&rsquo;ann\u00e9es. Le mouvement fran\u00e7ais est en marche depuis peu mais r\u00e9serve d\u00e9j\u00e0 bien des surprises!<\/p>\n<p style=\"text-align: justify;\">Baluchon est une entreprise artisanale fran\u00e7aise (l\u2019atelier se trouve au Pallet, \u00e0 quelques kilom\u00e8tres de Nantes), sp\u00e9cialis\u00e9e dans la conception et la fabrication de tiny houses sur mesure. L\u2019\u00e9quipe propose \u00e9galement des outils facilitateurs pour les auto-constructeurs. Dans nos petites maisons, rien n&rsquo;est laiss\u00e9 au hasard. L&rsquo;alliance entre confort, fonctionnalit\u00e9, bien-\u00eatre et \u00e9co-responsabilit\u00e9 est notre priorit\u00e9. Vous l&rsquo;aurez compris, chez Baluchon, \u00ab\u00a0petit\u00a0\u00bb ne veut pas dire \u00ab\u00a0moins\u00a0\u00bb, bien au contraire.<br \/>\n<a href=\"http:\/\/www.tinyhouse-baluchon.fr\/\"><strong>www.tinyhouse-baluchon.fr<\/strong><\/a><\/p>\n<h2><\/h2>\n<h2><strong>ESPACE D\u00c9TENTE<br \/>\n<\/strong><em><strong>Cour ext\u00e9rieure<\/strong><\/em><\/h2>\n<p>Venez vous relaxer chez <em>Bois et Forme<\/em>, un mobilier au plus proche de l&rsquo;arbre par ses courbes et ses mouvements.<\/p>\n<p>&nbsp;<\/p>\n<h2><strong>CONCERT CHAMANIQUE<\/strong><br \/>\n<strong><em>Cour ext\u00e9rieure &#8211; Samedi \u00e0 16h30<\/em><\/strong><\/h2>\n<p><span style=\"color: #000000;\"><strong>Owake \u2013 Karine Lallier<\/strong><\/span><\/p>\n<p style=\"text-align: justify;\">Nous apprendrons \u00e0 nous connecter avec l&rsquo;\u00e2me du tambour, \u00e0 le faire chanter et \u00e0 le sentir r\u00e9sonner en nous ce qui nous permettra un tr\u00e8s beau travail sur l&rsquo;ancrage et une bel approche du l\u00e2cher prise.<br \/>\nDans un monde o\u00f9 le mental pr\u00e9domine, vous retrouverez, lors de cette soir\u00e9e hors du temps, toutes vos sensations primaires :<\/p>\n<ul>\n<li style=\"list-style-type: none;\">\n<ul>\n<li style=\"text-align: justify;\">La joie de ressentir ses racines et de les aider \u00e0 repousser<\/li>\n<li>La vibration de la Terre M\u00e8re<\/li>\n<li>La l\u00e9g\u00e8ret\u00e9 de vos ann\u00e9es d\u2019insouciance\u2026<img loading=\"lazy\" decoding=\"async\" class=\"alignright wp-image-8468 size-medium\" src=\"https:\/\/www.salon-zenetbio.com\/nantes\/wp-content\/uploads\/sites\/7\/2019\/09\/chamanique-300x278.png\" alt=\"\" width=\"300\" height=\"278\" srcset=\"https:\/\/www.salon-zenetbio.com\/nantes\/wp-content\/uploads\/sites\/7\/2019\/09\/chamanique-300x278.png 300w, https:\/\/www.salon-zenetbio.com\/nantes\/wp-content\/uploads\/sites\/7\/2019\/09\/chamanique-150x139.png 150w, https:\/\/www.salon-zenetbio.com\/nantes\/wp-content\/uploads\/sites\/7\/2019\/09\/chamanique.png 456w\" sizes=\"(max-width: 300px) 100vw, 300px\" \/><\/li>\n<\/ul>\n<\/li>\n<\/ul>\n<p style=\"text-align: justify;\">Il vous sera aussi possible de faire l\u2019exp\u00e9rience de l\u2019\u00e9nergie du groupe afin de voir lasublimation de son \u00e9nergie propre.<\/p>\n<p style=\"text-align: justify;\">Plaisir, d\u00e9tente, partage et confiance, voici les mots qui nous emm\u00e8neront tous dans la Joie de vivre. D\u00e9couvrez ce que vous n\u2019imaginez m\u00eame pas \u00eatre capable de vivre\u2026<\/p>\n<p style=\"text-align: justify;\">Des tambours vous seront pr\u00eat\u00e9s afin que vous puissiez, vous aussi d\u00e9couvrir la puissance de cette \u00e9nergie directement reli\u00e9e \u00e0 la Terre.<\/p>\n<p>&nbsp;<\/p>\n<p>&nbsp;<\/p>\n","protected":false},"excerpt":{"rendered":"<p>ESPACE PARENTALIT\u00c9 Espace anim\u00e9 par Mon Moment Magique. Diff\u00e9rentes animations et ateliers seront organis\u00e9s tout au long du salon. Mon Moment Magique est un concept d\u2019ateliers bien-\u00eatre, dont l\u2019ambition est d\u2019\u00e9veiller les enfants de mani\u00e8re ludique au d\u00e9veloppement personnel, de les emmener sur le chemin de leur bonheur, en leur proposant un ensemble de rituels&hellip; <\/p>\n","protected":false},"author":1,"featured_media":0,"parent":0,"menu_order":0,"comment_status":"closed","ping_status":"closed","template":"","meta":{"_monsterinsights_skip_tracking":false,"_monsterinsights_sitenote_active":false,"_monsterinsights_sitenote_note":"","_monsterinsights_sitenote_category":0,"footnotes":""},"class_list":["post-9248","page","type-page","status-publish","hentry"],"yoast_head":"<!-- This site is optimized with the Yoast SEO plugin v27.3 - https:\/\/yoast.com\/product\/yoast-seo-wordpress\/ -->\n<title>Animations 2019 - Salon ZEN &amp; BIO Nantes<\/title>\n<meta name=\"robots\" content=\"index, follow, max-snippet:-1, max-image-preview:large, max-video-preview:-1\" \/>\n<link rel=\"canonical\" href=\"http:\/\/www.salon-zenetbio.com\/nantes\/animations-2019\/\" \/>\n<meta property=\"og:locale\" content=\"fr_FR\" \/>\n<meta property=\"og:type\" content=\"article\" \/>\n<meta property=\"og:title\" content=\"Animations 2019 - Salon ZEN &amp; BIO Nantes\" \/>\n<meta property=\"og:description\" content=\"ESPACE PARENTALIT\u00c9 Espace anim\u00e9 par Mon Moment Magique. Diff\u00e9rentes animations et ateliers seront organis\u00e9s tout au long du salon. Mon Moment Magique est un concept d\u2019ateliers bien-\u00eatre, dont l\u2019ambition est d\u2019\u00e9veiller les enfants de mani\u00e8re ludique au d\u00e9veloppement personnel, de les emmener sur le chemin de leur bonheur, en leur proposant un ensemble de rituels&hellip;\" \/>\n<meta property=\"og:url\" content=\"http:\/\/www.salon-zenetbio.com\/nantes\/animations-2019\/\" \/>\n<meta property=\"og:site_name\" content=\"Salon ZEN &amp; BIO Nantes\" \/>\n<meta property=\"og:image\" content=\"https:\/\/www.salon-zenetbio.com\/nantes\/wp-content\/uploads\/sites\/7\/2019\/07\/mon-moment-magique.png\" \/>\n<meta name=\"twitter:card\" content=\"summary_large_image\" \/>\n<meta name=\"twitter:label1\" content=\"Dur\u00e9e de lecture estim\u00e9e\" \/>\n\t<meta name=\"twitter:data1\" content=\"5 minutes\" \/>\n<script type=\"application\/ld+json\" class=\"yoast-schema-graph\">{\"@context\":\"https:\\\/\\\/schema.org\",\"@graph\":[{\"@type\":\"WebPage\",\"@id\":\"http:\\\/\\\/www.salon-zenetbio.com\\\/nantes\\\/animations-2019\\\/\",\"url\":\"http:\\\/\\\/www.salon-zenetbio.com\\\/nantes\\\/animations-2019\\\/\",\"name\":\"Animations 2019 - Salon ZEN &amp; BIO Nantes\",\"isPartOf\":{\"@id\":\"https:\\\/\\\/www.salon-zenetbio.com\\\/nantes\\\/#website\"},\"primaryImageOfPage\":{\"@id\":\"http:\\\/\\\/www.salon-zenetbio.com\\\/nantes\\\/animations-2019\\\/#primaryimage\"},\"image\":{\"@id\":\"http:\\\/\\\/www.salon-zenetbio.com\\\/nantes\\\/animations-2019\\\/#primaryimage\"},\"thumbnailUrl\":\"https:\\\/\\\/www.salon-zenetbio.com\\\/nantes\\\/wp-content\\\/uploads\\\/sites\\\/7\\\/2019\\\/07\\\/mon-moment-magique.png\",\"datePublished\":\"2020-03-19T09:57:50+00:00\",\"breadcrumb\":{\"@id\":\"http:\\\/\\\/www.salon-zenetbio.com\\\/nantes\\\/animations-2019\\\/#breadcrumb\"},\"inLanguage\":\"fr-FR\",\"potentialAction\":[{\"@type\":\"ReadAction\",\"target\":[\"http:\\\/\\\/www.salon-zenetbio.com\\\/nantes\\\/animations-2019\\\/\"]}]},{\"@type\":\"ImageObject\",\"inLanguage\":\"fr-FR\",\"@id\":\"http:\\\/\\\/www.salon-zenetbio.com\\\/nantes\\\/animations-2019\\\/#primaryimage\",\"url\":\"https:\\\/\\\/www.salon-zenetbio.com\\\/nantes\\\/wp-content\\\/uploads\\\/sites\\\/7\\\/2019\\\/07\\\/mon-moment-magique.png\",\"contentUrl\":\"https:\\\/\\\/www.salon-zenetbio.com\\\/nantes\\\/wp-content\\\/uploads\\\/sites\\\/7\\\/2019\\\/07\\\/mon-moment-magique.png\",\"width\":322,\"height\":162},{\"@type\":\"BreadcrumbList\",\"@id\":\"http:\\\/\\\/www.salon-zenetbio.com\\\/nantes\\\/animations-2019\\\/#breadcrumb\",\"itemListElement\":[{\"@type\":\"ListItem\",\"position\":1,\"name\":\"Accueil\",\"item\":\"https:\\\/\\\/www.salon-zenetbio.com\\\/nantes\\\/\"},{\"@type\":\"ListItem\",\"position\":2,\"name\":\"Animations 2019\"}]},{\"@type\":\"WebSite\",\"@id\":\"https:\\\/\\\/www.salon-zenetbio.com\\\/nantes\\\/#website\",\"url\":\"https:\\\/\\\/www.salon-zenetbio.com\\\/nantes\\\/\",\"name\":\"Salon ZEN &amp; BIO Nantes\",\"description\":\"salon ZEN &amp; BIO Nantes : votre salon bio, bien-\u00eatre et habitat sain\",\"publisher\":{\"@id\":\"https:\\\/\\\/www.salon-zenetbio.com\\\/nantes\\\/#organization\"},\"potentialAction\":[{\"@type\":\"SearchAction\",\"target\":{\"@type\":\"EntryPoint\",\"urlTemplate\":\"https:\\\/\\\/www.salon-zenetbio.com\\\/nantes\\\/?s={search_term_string}\"},\"query-input\":{\"@type\":\"PropertyValueSpecification\",\"valueRequired\":true,\"valueName\":\"search_term_string\"}}],\"inLanguage\":\"fr-FR\"},{\"@type\":\"Organization\",\"@id\":\"https:\\\/\\\/www.salon-zenetbio.com\\\/nantes\\\/#organization\",\"name\":\"Salon ZEN &amp; BIO Nantes\",\"url\":\"https:\\\/\\\/www.salon-zenetbio.com\\\/nantes\\\/\",\"logo\":{\"@type\":\"ImageObject\",\"inLanguage\":\"fr-FR\",\"@id\":\"https:\\\/\\\/www.salon-zenetbio.com\\\/nantes\\\/#\\\/schema\\\/logo\\\/image\\\/\",\"url\":\"https:\\\/\\\/www.salon-zenetbio.com\\\/nantes\\\/wp-content\\\/uploads\\\/sites\\\/7\\\/2026\\\/03\\\/cropped-Logo-ZEN-et-BIO-nantes-2026.png\",\"contentUrl\":\"https:\\\/\\\/www.salon-zenetbio.com\\\/nantes\\\/wp-content\\\/uploads\\\/sites\\\/7\\\/2026\\\/03\\\/cropped-Logo-ZEN-et-BIO-nantes-2026.png\",\"width\":921,\"height\":255,\"caption\":\"Salon ZEN &amp; BIO Nantes\"},\"image\":{\"@id\":\"https:\\\/\\\/www.salon-zenetbio.com\\\/nantes\\\/#\\\/schema\\\/logo\\\/image\\\/\"}}]}<\/script>\n<!-- \/ Yoast SEO plugin. -->","yoast_head_json":{"title":"Animations 2019 - Salon ZEN &amp; BIO Nantes","robots":{"index":"index","follow":"follow","max-snippet":"max-snippet:-1","max-image-preview":"max-image-preview:large","max-video-preview":"max-video-preview:-1"},"canonical":"http:\/\/www.salon-zenetbio.com\/nantes\/animations-2019\/","og_locale":"fr_FR","og_type":"article","og_title":"Animations 2019 - Salon ZEN &amp; BIO Nantes","og_description":"ESPACE PARENTALIT\u00c9 Espace anim\u00e9 par Mon Moment Magique. Diff\u00e9rentes animations et ateliers seront organis\u00e9s tout au long du salon. Mon Moment Magique est un concept d\u2019ateliers bien-\u00eatre, dont l\u2019ambition est d\u2019\u00e9veiller les enfants de mani\u00e8re ludique au d\u00e9veloppement personnel, de les emmener sur le chemin de leur bonheur, en leur proposant un ensemble de rituels&hellip;","og_url":"http:\/\/www.salon-zenetbio.com\/nantes\/animations-2019\/","og_site_name":"Salon ZEN &amp; BIO Nantes","og_image":[{"url":"https:\/\/www.salon-zenetbio.com\/nantes\/wp-content\/uploads\/sites\/7\/2019\/07\/mon-moment-magique.png","type":"","width":"","height":""}],"twitter_card":"summary_large_image","twitter_misc":{"Dur\u00e9e de lecture estim\u00e9e":"5 minutes"},"schema":{"@context":"https:\/\/schema.org","@graph":[{"@type":"WebPage","@id":"http:\/\/www.salon-zenetbio.com\/nantes\/animations-2019\/","url":"http:\/\/www.salon-zenetbio.com\/nantes\/animations-2019\/","name":"Animations 2019 - Salon ZEN &amp; BIO Nantes","isPartOf":{"@id":"https:\/\/www.salon-zenetbio.com\/nantes\/#website"},"primaryImageOfPage":{"@id":"http:\/\/www.salon-zenetbio.com\/nantes\/animations-2019\/#primaryimage"},"image":{"@id":"http:\/\/www.salon-zenetbio.com\/nantes\/animations-2019\/#primaryimage"},"thumbnailUrl":"https:\/\/www.salon-zenetbio.com\/nantes\/wp-content\/uploads\/sites\/7\/2019\/07\/mon-moment-magique.png","datePublished":"2020-03-19T09:57:50+00:00","breadcrumb":{"@id":"http:\/\/www.salon-zenetbio.com\/nantes\/animations-2019\/#breadcrumb"},"inLanguage":"fr-FR","potentialAction":[{"@type":"ReadAction","target":["http:\/\/www.salon-zenetbio.com\/nantes\/animations-2019\/"]}]},{"@type":"ImageObject","inLanguage":"fr-FR","@id":"http:\/\/www.salon-zenetbio.com\/nantes\/animations-2019\/#primaryimage","url":"https:\/\/www.salon-zenetbio.com\/nantes\/wp-content\/uploads\/sites\/7\/2019\/07\/mon-moment-magique.png","contentUrl":"https:\/\/www.salon-zenetbio.com\/nantes\/wp-content\/uploads\/sites\/7\/2019\/07\/mon-moment-magique.png","width":322,"height":162},{"@type":"BreadcrumbList","@id":"http:\/\/www.salon-zenetbio.com\/nantes\/animations-2019\/#breadcrumb","itemListElement":[{"@type":"ListItem","position":1,"name":"Accueil","item":"https:\/\/www.salon-zenetbio.com\/nantes\/"},{"@type":"ListItem","position":2,"name":"Animations 2019"}]},{"@type":"WebSite","@id":"https:\/\/www.salon-zenetbio.com\/nantes\/#website","url":"https:\/\/www.salon-zenetbio.com\/nantes\/","name":"Salon ZEN &amp; BIO Nantes","description":"salon ZEN &amp; BIO Nantes : votre salon bio, bien-\u00eatre et habitat sain","publisher":{"@id":"https:\/\/www.salon-zenetbio.com\/nantes\/#organization"},"potentialAction":[{"@type":"SearchAction","target":{"@type":"EntryPoint","urlTemplate":"https:\/\/www.salon-zenetbio.com\/nantes\/?s={search_term_string}"},"query-input":{"@type":"PropertyValueSpecification","valueRequired":true,"valueName":"search_term_string"}}],"inLanguage":"fr-FR"},{"@type":"Organization","@id":"https:\/\/www.salon-zenetbio.com\/nantes\/#organization","name":"Salon ZEN &amp; BIO Nantes","url":"https:\/\/www.salon-zenetbio.com\/nantes\/","logo":{"@type":"ImageObject","inLanguage":"fr-FR","@id":"https:\/\/www.salon-zenetbio.com\/nantes\/#\/schema\/logo\/image\/","url":"https:\/\/www.salon-zenetbio.com\/nantes\/wp-content\/uploads\/sites\/7\/2026\/03\/cropped-Logo-ZEN-et-BIO-nantes-2026.png","contentUrl":"https:\/\/www.salon-zenetbio.com\/nantes\/wp-content\/uploads\/sites\/7\/2026\/03\/cropped-Logo-ZEN-et-BIO-nantes-2026.png","width":921,"height":255,"caption":"Salon ZEN &amp; BIO Nantes"},"image":{"@id":"https:\/\/www.salon-zenetbio.com\/nantes\/#\/schema\/logo\/image\/"}}]}},"_links":{"self":[{"href":"https:\/\/www.salon-zenetbio.com\/nantes\/wp-json\/wp\/v2\/pages\/9248","targetHints":{"allow":["GET"]}}],"collection":[{"href":"https:\/\/www.salon-zenetbio.com\/nantes\/wp-json\/wp\/v2\/pages"}],"about":[{"href":"https:\/\/www.salon-zenetbio.com\/nantes\/wp-json\/wp\/v2\/types\/page"}],"author":[{"embeddable":true,"href":"https:\/\/www.salon-zenetbio.com\/nantes\/wp-json\/wp\/v2\/users\/1"}],"replies":[{"embeddable":true,"href":"https:\/\/www.salon-zenetbio.com\/nantes\/wp-json\/wp\/v2\/comments?post=9248"}],"version-history":[{"count":1,"href":"https:\/\/www.salon-zenetbio.com\/nantes\/wp-json\/wp\/v2\/pages\/9248\/revisions"}],"predecessor-version":[{"id":9250,"href":"https:\/\/www.salon-zenetbio.com\/nantes\/wp-json\/wp\/v2\/pages\/9248\/revisions\/9250"}],"wp:attachment":[{"href":"https:\/\/www.salon-zenetbio.com\/nantes\/wp-json\/wp\/v2\/media?parent=9248"}],"curies":[{"name":"wp","href":"https:\/\/api.w.org\/{rel}","templated":true}]}}